{"id":68427,"date":"2026-04-27T12:58:25","date_gmt":"2026-04-27T10:58:25","guid":{"rendered":"https:\/\/www.sosa.cat\/recetas\/gateau-au-matcha-et-a-la-cerise\/"},"modified":"2026-04-27T15:11:24","modified_gmt":"2026-04-27T13:11:24","slug":"gateau-au-matcha-et-a-la-cerise","status":"publish","type":"receta","link":"https:\/\/www.sosa.cat\/fr\/recettes\/gateau-au-matcha-et-a-la-cerise\/","title":{"rendered":"G\u00e2teau au Matcha et \u00e0 la Cerise"},"content":{"rendered":"\n<p>Ce <strong>g\u00e2teau au Matcha et aux cerises<\/strong> repr\u00e9sente l&rsquo;un des d\u00e9fis techniques les plus int\u00e9ressants de la p\u00e2tisserie : <em>faire en sorte qu&rsquo;un insert g\u00e9latineux<\/em> aux fruits conserve sa texture pendant la cuisson, sans se liqu\u00e9fier ni migrer dans la p\u00e2te. La solution r\u00e9side dans la <a href=\"https:\/\/www.sosa.cat\/fr\/produit\/gomme-gellane\/\" type=\"link\" id=\"https:\/\/www.sosa.cat\/producto\/goma-gellan\/\" target=\"_blank\" rel=\"noreferrer noopener\">Gome Gellane,<\/a> un <strong>g\u00e9lifiant thermor\u00e9versible<\/strong> qui permet \u00e0 la gel\u00e9e de cerises et de framboises de rester stable m\u00eame \u00e0 la temp\u00e9rature du four, tout en conservant sa structure vibrante au centre du g\u00e2teau. <\/p>\n\n<div class=\"wp-block-columns is-layout-flex wp-container-core-columns-is-layout-28f84493 wp-block-columns-is-layout-flex\">\n<div class=\"wp-block-column is-layout-flow wp-block-column-is-layout-flow\">\n<h2 class=\"wp-block-heading\">Matcha : plus de couleur et de caract\u00e8re<\/h2>\n\n\n\n<p>Le g\u00e2teau est pr\u00e9par\u00e9 avec du th\u00e9 <em>vert Taste Colour Matcha Bio<\/em>, un th\u00e9 vert japonais qui apporte ce vert caract\u00e9ristique et un profil v\u00e9g\u00e9tal \u00e9quilibr\u00e9, sans amertume excessive. Il ne s&rsquo;agit pas d&rsquo;un simple colorant, mais d&rsquo;une saveur, d&rsquo;un ar\u00f4me et d&rsquo;une texture int\u00e9gr\u00e9s \u00e0 la p\u00e2te. <\/p>\n\n\n\n<p>La couverture de chocolat <em>Ivoire de Valrhona<\/em>, teint\u00e9e de matcha, met en valeur le vert du g\u00e2teau. A la d\u00e9coupe, le contraste visuel est saisissant : <strong>vert matcha \u00e0 l&rsquo;ext\u00e9rieur, rouge cerise-framboise \u00e0 l&rsquo;int\u00e9rieur.<\/strong> Ce n&rsquo;est pas une d\u00e9coration : c&rsquo;est une architecture sensorielle o\u00f9 chaque couche a une fonction technique et esth\u00e9tique. <\/p>\n<\/div>\n\n\n\n<div class=\"wp-block-column is-layout-flow wp-block-column-is-layout-flow\">\n<figure class=\"wp-block-image size-large\"><img fetchpriority=\"high\" decoding=\"async\" width=\"1024\" height=\"1024\" src=\"https:\/\/www.sosa.cat\/wp-content\/uploads\/2026\/04\/cake-matcha-inserto-cereza-1024x1024.png\" alt=\"\" class=\"wp-image-68418\" srcset=\"https:\/\/www.sosa.cat\/wp-content\/uploads\/2026\/04\/cake-matcha-inserto-cereza-1024x1024.png 1024w, https:\/\/www.sosa.cat\/wp-content\/uploads\/2026\/04\/cake-matcha-inserto-cereza-300x300.png 300w, https:\/\/www.sosa.cat\/wp-content\/uploads\/2026\/04\/cake-matcha-inserto-cereza-150x150.png 150w, https:\/\/www.sosa.cat\/wp-content\/uploads\/2026\/04\/cake-matcha-inserto-cereza-768x768.png 768w, https:\/\/www.sosa.cat\/wp-content\/uploads\/2026\/04\/cake-matcha-inserto-cereza.png 1080w\" sizes=\"(max-width: 1024px) 100vw, 1024px\" \/><\/figure>\n<\/div>\n<\/div>\n","protected":false},"featured_media":68421,"template":"","meta":{"_acf_changed":false,"inline_featured_image":false},"autor-receta":[],"receta-categorias":[281],"especialidad":[284],"tecnica-y-aplicacion":[754,755,756],"class_list":["post-68427","receta","type-receta","status-publish","has-post-thumbnail","hentry","receta-categorias-texturants","especialidad-doux","tecnica-y-aplicacion-creme","tecnica-y-aplicacion-gelatine-fr","tecnica-y-aplicacion-gateau"],"acf":[],"yoast_head":"<!-- This site is optimized with the Yoast SEO plugin v27.4 - https:\/\/yoast.com\/product\/yoast-seo-wordpress\/ -->\n<title>G\u00e2teau au Matcha et \u00e0 la Cerise - Sosa<\/title>\n<meta name=\"description\" content=\"Un g\u00e2teau au matcha avec toute la couleur et la saveur de notre poudre de matcha &quot;c&quot; biologique, avec un insert de gellan \u00e0 la framboise et \u00e0 la cerise.\" \/>\n<meta name=\"robots\" content=\"index, follow, max-snippet:-1, max-image-preview:large, max-video-preview:-1\" \/>\n<link rel=\"canonical\" href=\"https:\/\/www.sosa.cat\/fr\/recettes\/gateau-au-matcha-et-a-la-cerise\/\" \/>\n<meta property=\"og:locale\" content=\"fr_FR\" \/>\n<meta property=\"og:type\" content=\"article\" \/>\n<meta property=\"og:title\" content=\"G\u00e2teau au Matcha et \u00e0 la Cerise - Sosa\" \/>\n<meta property=\"og:description\" content=\"Un g\u00e2teau au matcha avec toute la couleur et la saveur de notre poudre de matcha &quot;c&quot; biologique, avec un insert de gellan \u00e0 la framboise et \u00e0 la cerise.\" \/>\n<meta property=\"og:url\" content=\"https:\/\/www.sosa.cat\/fr\/recettes\/gateau-au-matcha-et-a-la-cerise\/\" \/>\n<meta property=\"og:site_name\" content=\"Sosa\" \/>\n<meta property=\"article:publisher\" content=\"https:\/\/www.facebook.com\/SosaIngredients\/\" \/>\n<meta property=\"article:modified_time\" content=\"2026-04-27T13:11:24+00:00\" \/>\n<meta property=\"og:image\" content=\"https:\/\/www.sosa.cat\/wp-content\/uploads\/2026\/04\/cake-matcha-inserto-cereza.png\" \/>\n\t<meta property=\"og:image:width\" content=\"1080\" \/>\n\t<meta property=\"og:image:height\" content=\"1080\" \/>\n\t<meta property=\"og:image:type\" content=\"image\/png\" \/>\n<meta name=\"twitter:card\" content=\"summary_large_image\" \/>\n<meta name=\"twitter:label1\" content=\"Dur\u00e9e de lecture estim\u00e9e\" \/>\n\t<meta name=\"twitter:data1\" content=\"1 minute\" \/>\n<script type=\"application\/ld+json\" class=\"yoast-schema-graph\">{\"@context\":\"https:\\\/\\\/schema.org\",\"@graph\":[{\"@type\":\"WebPage\",\"@id\":\"https:\\\/\\\/www.sosa.cat\\\/fr\\\/recettes\\\/gateau-au-matcha-et-a-la-cerise\\\/\",\"url\":\"https:\\\/\\\/www.sosa.cat\\\/fr\\\/recettes\\\/gateau-au-matcha-et-a-la-cerise\\\/\",\"name\":\"G\u00e2teau au Matcha et \u00e0 la Cerise - Sosa\",\"isPartOf\":{\"@id\":\"https:\\\/\\\/www.sosa.cat\\\/fr\\\/#website\"},\"primaryImageOfPage\":{\"@id\":\"https:\\\/\\\/www.sosa.cat\\\/fr\\\/recettes\\\/gateau-au-matcha-et-a-la-cerise\\\/#primaryimage\"},\"image\":{\"@id\":\"https:\\\/\\\/www.sosa.cat\\\/fr\\\/recettes\\\/gateau-au-matcha-et-a-la-cerise\\\/#primaryimage\"},\"thumbnailUrl\":\"https:\\\/\\\/www.sosa.cat\\\/wp-content\\\/uploads\\\/2026\\\/04\\\/cake-matcha-inserto-cereza.png\",\"datePublished\":\"2026-04-27T10:58:25+00:00\",\"dateModified\":\"2026-04-27T13:11:24+00:00\",\"description\":\"Un g\u00e2teau au matcha avec toute la couleur et la saveur de notre poudre de matcha \\\"c\\\" biologique, avec un insert de gellan \u00e0 la framboise et \u00e0 la cerise.\",\"breadcrumb\":{\"@id\":\"https:\\\/\\\/www.sosa.cat\\\/fr\\\/recettes\\\/gateau-au-matcha-et-a-la-cerise\\\/#breadcrumb\"},\"inLanguage\":\"fr-FR\",\"potentialAction\":[{\"@type\":\"ReadAction\",\"target\":[\"https:\\\/\\\/www.sosa.cat\\\/fr\\\/recettes\\\/gateau-au-matcha-et-a-la-cerise\\\/\"]}]},{\"@type\":\"ImageObject\",\"inLanguage\":\"fr-FR\",\"@id\":\"https:\\\/\\\/www.sosa.cat\\\/fr\\\/recettes\\\/gateau-au-matcha-et-a-la-cerise\\\/#primaryimage\",\"url\":\"https:\\\/\\\/www.sosa.cat\\\/wp-content\\\/uploads\\\/2026\\\/04\\\/cake-matcha-inserto-cereza.png\",\"contentUrl\":\"https:\\\/\\\/www.sosa.cat\\\/wp-content\\\/uploads\\\/2026\\\/04\\\/cake-matcha-inserto-cereza.png\",\"width\":1080,\"height\":1080},{\"@type\":\"BreadcrumbList\",\"@id\":\"https:\\\/\\\/www.sosa.cat\\\/fr\\\/recettes\\\/gateau-au-matcha-et-a-la-cerise\\\/#breadcrumb\",\"itemListElement\":[{\"@type\":\"ListItem\",\"position\":1,\"name\":\"Accueil\",\"item\":\"https:\\\/\\\/www.sosa.cat\\\/fr\\\/\"},{\"@type\":\"ListItem\",\"position\":2,\"name\":\"Recettes\",\"item\":\"https:\\\/\\\/www.sosa.cat\\\/fr\\\/recettes\\\/\"},{\"@type\":\"ListItem\",\"position\":3,\"name\":\"Texturants\",\"item\":\"https:\\\/\\\/www.sosa.cat\\\/fr\\\/categories-recettes\\\/texturants\\\/\"},{\"@type\":\"ListItem\",\"position\":4,\"name\":\"G\u00e2teau au Matcha et \u00e0 la Cerise\"}]},{\"@type\":\"WebSite\",\"@id\":\"https:\\\/\\\/www.sosa.cat\\\/fr\\\/#website\",\"url\":\"https:\\\/\\\/www.sosa.cat\\\/fr\\\/\",\"name\":\"Sosa Ingredients\",\"description\":\"\",\"publisher\":{\"@id\":\"https:\\\/\\\/www.sosa.cat\\\/fr\\\/#organization\"},\"potentialAction\":[{\"@type\":\"SearchAction\",\"target\":{\"@type\":\"EntryPoint\",\"urlTemplate\":\"https:\\\/\\\/www.sosa.cat\\\/fr\\\/?s={search_term_string}\"},\"query-input\":{\"@type\":\"PropertyValueSpecification\",\"valueRequired\":true,\"valueName\":\"search_term_string\"}}],\"inLanguage\":\"fr-FR\"},{\"@type\":\"Organization\",\"@id\":\"https:\\\/\\\/www.sosa.cat\\\/fr\\\/#organization\",\"name\":\"SOSA\",\"url\":\"https:\\\/\\\/www.sosa.cat\\\/fr\\\/\",\"logo\":{\"@type\":\"ImageObject\",\"inLanguage\":\"fr-FR\",\"@id\":\"https:\\\/\\\/www.sosa.cat\\\/fr\\\/#\\\/schema\\\/logo\\\/image\\\/\",\"url\":\"https:\\\/\\\/www.sosa.cat\\\/wp-content\\\/uploads\\\/2024\\\/11\\\/logo_sosa_big.png\",\"contentUrl\":\"https:\\\/\\\/www.sosa.cat\\\/wp-content\\\/uploads\\\/2024\\\/11\\\/logo_sosa_big.png\",\"width\":258,\"height\":260,\"caption\":\"SOSA\"},\"image\":{\"@id\":\"https:\\\/\\\/www.sosa.cat\\\/fr\\\/#\\\/schema\\\/logo\\\/image\\\/\"},\"sameAs\":[\"https:\\\/\\\/www.facebook.com\\\/SosaIngredients\\\/\",\"https:\\\/\\\/www.instagram.com\\\/sosaingredients\\\/\",\"https:\\\/\\\/www.youtube.com\\\/SosaIngredients\",\"https:\\\/\\\/www.linkedin.com\\\/company\\\/sosa-ingredients\\\/\"]}]}<\/script>\n<!-- \/ Yoast SEO plugin. -->","yoast_head_json":{"title":"G\u00e2teau au Matcha et \u00e0 la Cerise - Sosa","description":"Un g\u00e2teau au matcha avec toute la couleur et la saveur de notre poudre de matcha \"c\" biologique, avec un insert de gellan \u00e0 la framboise et \u00e0 la cerise.","robots":{"index":"index","follow":"follow","max-snippet":"max-snippet:-1","max-image-preview":"max-image-preview:large","max-video-preview":"max-video-preview:-1"},"canonical":"https:\/\/www.sosa.cat\/fr\/recettes\/gateau-au-matcha-et-a-la-cerise\/","og_locale":"fr_FR","og_type":"article","og_title":"G\u00e2teau au Matcha et \u00e0 la Cerise - Sosa","og_description":"Un g\u00e2teau au matcha avec toute la couleur et la saveur de notre poudre de matcha \"c\" biologique, avec un insert de gellan \u00e0 la framboise et \u00e0 la cerise.","og_url":"https:\/\/www.sosa.cat\/fr\/recettes\/gateau-au-matcha-et-a-la-cerise\/","og_site_name":"Sosa","article_publisher":"https:\/\/www.facebook.com\/SosaIngredients\/","article_modified_time":"2026-04-27T13:11:24+00:00","og_image":[{"width":1080,"height":1080,"url":"https:\/\/www.sosa.cat\/wp-content\/uploads\/2026\/04\/cake-matcha-inserto-cereza.png","type":"image\/png"}],"twitter_card":"summary_large_image","twitter_misc":{"Dur\u00e9e de lecture estim\u00e9e":"1 minute"},"schema":{"@context":"https:\/\/schema.org","@graph":[{"@type":"WebPage","@id":"https:\/\/www.sosa.cat\/fr\/recettes\/gateau-au-matcha-et-a-la-cerise\/","url":"https:\/\/www.sosa.cat\/fr\/recettes\/gateau-au-matcha-et-a-la-cerise\/","name":"G\u00e2teau au Matcha et \u00e0 la Cerise - Sosa","isPartOf":{"@id":"https:\/\/www.sosa.cat\/fr\/#website"},"primaryImageOfPage":{"@id":"https:\/\/www.sosa.cat\/fr\/recettes\/gateau-au-matcha-et-a-la-cerise\/#primaryimage"},"image":{"@id":"https:\/\/www.sosa.cat\/fr\/recettes\/gateau-au-matcha-et-a-la-cerise\/#primaryimage"},"thumbnailUrl":"https:\/\/www.sosa.cat\/wp-content\/uploads\/2026\/04\/cake-matcha-inserto-cereza.png","datePublished":"2026-04-27T10:58:25+00:00","dateModified":"2026-04-27T13:11:24+00:00","description":"Un g\u00e2teau au matcha avec toute la couleur et la saveur de notre poudre de matcha \"c\" biologique, avec un insert de gellan \u00e0 la framboise et \u00e0 la cerise.","breadcrumb":{"@id":"https:\/\/www.sosa.cat\/fr\/recettes\/gateau-au-matcha-et-a-la-cerise\/#breadcrumb"},"inLanguage":"fr-FR","potentialAction":[{"@type":"ReadAction","target":["https:\/\/www.sosa.cat\/fr\/recettes\/gateau-au-matcha-et-a-la-cerise\/"]}]},{"@type":"ImageObject","inLanguage":"fr-FR","@id":"https:\/\/www.sosa.cat\/fr\/recettes\/gateau-au-matcha-et-a-la-cerise\/#primaryimage","url":"https:\/\/www.sosa.cat\/wp-content\/uploads\/2026\/04\/cake-matcha-inserto-cereza.png","contentUrl":"https:\/\/www.sosa.cat\/wp-content\/uploads\/2026\/04\/cake-matcha-inserto-cereza.png","width":1080,"height":1080},{"@type":"BreadcrumbList","@id":"https:\/\/www.sosa.cat\/fr\/recettes\/gateau-au-matcha-et-a-la-cerise\/#breadcrumb","itemListElement":[{"@type":"ListItem","position":1,"name":"Accueil","item":"https:\/\/www.sosa.cat\/fr\/"},{"@type":"ListItem","position":2,"name":"Recettes","item":"https:\/\/www.sosa.cat\/fr\/recettes\/"},{"@type":"ListItem","position":3,"name":"Texturants","item":"https:\/\/www.sosa.cat\/fr\/categories-recettes\/texturants\/"},{"@type":"ListItem","position":4,"name":"G\u00e2teau au Matcha et \u00e0 la Cerise"}]},{"@type":"WebSite","@id":"https:\/\/www.sosa.cat\/fr\/#website","url":"https:\/\/www.sosa.cat\/fr\/","name":"Sosa Ingredients","description":"","publisher":{"@id":"https:\/\/www.sosa.cat\/fr\/#organization"},"potentialAction":[{"@type":"SearchAction","target":{"@type":"EntryPoint","urlTemplate":"https:\/\/www.sosa.cat\/fr\/?s={search_term_string}"},"query-input":{"@type":"PropertyValueSpecification","valueRequired":true,"valueName":"search_term_string"}}],"inLanguage":"fr-FR"},{"@type":"Organization","@id":"https:\/\/www.sosa.cat\/fr\/#organization","name":"SOSA","url":"https:\/\/www.sosa.cat\/fr\/","logo":{"@type":"ImageObject","inLanguage":"fr-FR","@id":"https:\/\/www.sosa.cat\/fr\/#\/schema\/logo\/image\/","url":"https:\/\/www.sosa.cat\/wp-content\/uploads\/2024\/11\/logo_sosa_big.png","contentUrl":"https:\/\/www.sosa.cat\/wp-content\/uploads\/2024\/11\/logo_sosa_big.png","width":258,"height":260,"caption":"SOSA"},"image":{"@id":"https:\/\/www.sosa.cat\/fr\/#\/schema\/logo\/image\/"},"sameAs":["https:\/\/www.facebook.com\/SosaIngredients\/","https:\/\/www.instagram.com\/sosaingredients\/","https:\/\/www.youtube.com\/SosaIngredients","https:\/\/www.linkedin.com\/company\/sosa-ingredients\/"]}]}},"_links":{"self":[{"href":"https:\/\/www.sosa.cat\/fr\/wp-json\/wp\/v2\/receta\/68427","targetHints":{"allow":["GET"]}}],"collection":[{"href":"https:\/\/www.sosa.cat\/fr\/wp-json\/wp\/v2\/receta"}],"about":[{"href":"https:\/\/www.sosa.cat\/fr\/wp-json\/wp\/v2\/types\/receta"}],"version-history":[{"count":5,"href":"https:\/\/www.sosa.cat\/fr\/wp-json\/wp\/v2\/receta\/68427\/revisions"}],"predecessor-version":[{"id":68455,"href":"https:\/\/www.sosa.cat\/fr\/wp-json\/wp\/v2\/receta\/68427\/revisions\/68455"}],"wp:featuredmedia":[{"embeddable":true,"href":"https:\/\/www.sosa.cat\/fr\/wp-json\/wp\/v2\/media\/68421"}],"wp:attachment":[{"href":"https:\/\/www.sosa.cat\/fr\/wp-json\/wp\/v2\/media?parent=68427"}],"wp:term":[{"taxonomy":"autor-receta","embeddable":true,"href":"https:\/\/www.sosa.cat\/fr\/wp-json\/wp\/v2\/autor-receta?post=68427"},{"taxonomy":"receta-categorias","embeddable":true,"href":"https:\/\/www.sosa.cat\/fr\/wp-json\/wp\/v2\/receta-categorias?post=68427"},{"taxonomy":"especialidad","embeddable":true,"href":"https:\/\/www.sosa.cat\/fr\/wp-json\/wp\/v2\/especialidad?post=68427"},{"taxonomy":"tecnica-y-aplicacion","embeddable":true,"href":"https:\/\/www.sosa.cat\/fr\/wp-json\/wp\/v2\/tecnica-y-aplicacion?post=68427"}],"curies":[{"name":"wp","href":"https:\/\/api.w.org\/{rel}","templated":true}]}}