{"id":55924,"date":"2023-11-07T09:52:00","date_gmt":"2023-11-07T08:52:00","guid":{"rendered":"https:\/\/www.sosa.cat\/recetas\/creme-brulee-vegetal\/"},"modified":"2026-04-22T14:50:42","modified_gmt":"2026-04-22T12:50:42","slug":"creme-brulee-vegetal","status":"publish","type":"receta","link":"https:\/\/www.sosa.cat\/fr\/recettes\/creme-brulee-vegetal\/","title":{"rendered":"Cr\u00e8me Br\u00fbl\u00e9e V\u00e9g\u00e9tale"},"content":{"rendered":"\n<p><strong>La cr\u00e8me br\u00fbl\u00e9e<\/strong> est un embl\u00e8me de la p\u00e2tisserie fran\u00e7aise\u00a0: une cr\u00e8me onctueuse et soyeuse, recouverte d\u2019une fine couche de sucre caram\u00e9lis\u00e9 qui craque sous la cuill\u00e8re, produisant ce son caract\u00e9ristique. Un dessert d\u2019apparence simple, mais d\u2019une grande technicit\u00e9, tant dans sa pr\u00e9paration que dans l\u2019\u00e9quilibre parfait des saveurs et des textures. <\/p>\n\n<p>Dans cette version, imagin\u00e9e par le chef p\u00e2tissier de Valrhona, Philippe Givre, nous faisons un pas vers <strong>la p\u00e2tisserie v\u00e9g\u00e9tale<\/strong> tout en pr\u00e9servant l&rsquo;\u00e9l\u00e9gance du dessert original. Pour ce faire, nous avons remplac\u00e9 le lait traditionnel par du lait d&rsquo;avoine, qui apporte une texture onctueuse et une l\u00e9g\u00e8re note c\u00e9r\u00e9ali\u00e8re, douce et agr\u00e9able. <\/p>\n\n<p>Le secret de cette texture \u2014 cette cr\u00e8me ferme mais onctueuse qui fond sans devenir liquide \u2014 r\u00e9side dans <a href=\"https:\/\/www.sosa.cat\/fr\/produit\/pro-pannacotta-iota\/\" target=\"_blank\" rel=\"noreferrer noopener\">le Pro Pannacotta (Iota),<\/a> un g\u00e9lifiant v\u00e9g\u00e9tal qui permet d&rsquo;obtenir une consistance parfaite sans avoir recours \u00e0 des ingr\u00e9dients d&rsquo;origine animale.<\/p>\n\n<p class=\"has-background\" style=\"background-color:#f0ddd3\">Le r\u00e9sultat est une <strong>cr\u00e8me br\u00fbl\u00e9e<\/strong> onctueuse, d\u00e9licate et \u00e9quilibr\u00e9e, avec une surface dor\u00e9e qui caram\u00e9lise juste avant d&rsquo;\u00eatre servie.<\/p>\n\n<p>Une r\u00e9interpr\u00e9tation respectueuse du classique fran\u00e7ais qui prouve que la p\u00e2tisserie v\u00e9g\u00e9tale peut \u00eatre sophistiqu\u00e9e, savoureuse et techniquement irr\u00e9prochable, sans sacrifier l&rsquo;exp\u00e9rience que nous aimons tant dans ce dessert intemporel.<\/p>\n","protected":false},"featured_media":55908,"template":"","meta":{"_acf_changed":false,"inline_featured_image":false},"autor-receta":[],"receta-categorias":[281],"especialidad":[284,287],"tecnica-y-aplicacion":[754],"class_list":["post-55924","receta","type-receta","status-publish","has-post-thumbnail","hentry","receta-categorias-texturants","especialidad-doux","especialidad-savoureux","tecnica-y-aplicacion-creme"],"acf":[],"yoast_head":"<!-- This site is optimized with the Yoast SEO plugin v27.4 - https:\/\/yoast.com\/product\/yoast-seo-wordpress\/ -->\n<title>Cr\u00e8me Br\u00fbl\u00e9e V\u00e9g\u00e9tale - Sosa<\/title>\n<meta name=\"description\" content=\"Le r\u00e9sultat est une cr\u00e8me br\u00fbl\u00e9e aux l\u00e9gumes onctueuse, d\u00e9licate et \u00e9quilibr\u00e9e, avec une surface dor\u00e9e qui caram\u00e9lise juste avant d&#039;\u00eatre servie.\" \/>\n<meta name=\"robots\" content=\"index, follow, max-snippet:-1, max-image-preview:large, max-video-preview:-1\" \/>\n<link rel=\"canonical\" href=\"https:\/\/www.sosa.cat\/fr\/recettes\/creme-brulee-vegetal\/\" \/>\n<meta property=\"og:locale\" content=\"fr_FR\" \/>\n<meta property=\"og:type\" content=\"article\" \/>\n<meta property=\"og:title\" content=\"Cr\u00e8me Br\u00fbl\u00e9e V\u00e9g\u00e9tale - Sosa\" \/>\n<meta property=\"og:description\" content=\"Le r\u00e9sultat est une cr\u00e8me br\u00fbl\u00e9e aux l\u00e9gumes onctueuse, d\u00e9licate et \u00e9quilibr\u00e9e, avec une surface dor\u00e9e qui caram\u00e9lise juste avant d&#039;\u00eatre servie.\" \/>\n<meta property=\"og:url\" content=\"https:\/\/www.sosa.cat\/fr\/recettes\/creme-brulee-vegetal\/\" \/>\n<meta property=\"og:site_name\" content=\"Sosa\" \/>\n<meta property=\"article:publisher\" content=\"https:\/\/www.facebook.com\/SosaIngredients\/\" \/>\n<meta property=\"article:modified_time\" content=\"2026-04-22T12:50:42+00:00\" \/>\n<meta property=\"og:image\" content=\"https:\/\/www.sosa.cat\/wp-content\/uploads\/2025\/11\/creme-brulee-vegetal.png\" \/>\n\t<meta property=\"og:image:width\" content=\"1080\" \/>\n\t<meta property=\"og:image:height\" content=\"1080\" \/>\n\t<meta property=\"og:image:type\" content=\"image\/png\" \/>\n<meta name=\"twitter:card\" content=\"summary_large_image\" \/>\n<meta name=\"twitter:label1\" content=\"Dur\u00e9e de lecture estim\u00e9e\" \/>\n\t<meta name=\"twitter:data1\" content=\"2 minute\" \/>\n<script type=\"application\/ld+json\" class=\"yoast-schema-graph\">{\"@context\":\"https:\\\/\\\/schema.org\",\"@graph\":[{\"@type\":\"WebPage\",\"@id\":\"https:\\\/\\\/www.sosa.cat\\\/fr\\\/recettes\\\/creme-brulee-vegetal\\\/\",\"url\":\"https:\\\/\\\/www.sosa.cat\\\/fr\\\/recettes\\\/creme-brulee-vegetal\\\/\",\"name\":\"Cr\u00e8me Br\u00fbl\u00e9e V\u00e9g\u00e9tale - Sosa\",\"isPartOf\":{\"@id\":\"https:\\\/\\\/www.sosa.cat\\\/fr\\\/#website\"},\"primaryImageOfPage\":{\"@id\":\"https:\\\/\\\/www.sosa.cat\\\/fr\\\/recettes\\\/creme-brulee-vegetal\\\/#primaryimage\"},\"image\":{\"@id\":\"https:\\\/\\\/www.sosa.cat\\\/fr\\\/recettes\\\/creme-brulee-vegetal\\\/#primaryimage\"},\"thumbnailUrl\":\"https:\\\/\\\/www.sosa.cat\\\/wp-content\\\/uploads\\\/2025\\\/11\\\/creme-brulee-vegetal.png\",\"datePublished\":\"2023-11-07T08:52:00+00:00\",\"dateModified\":\"2026-04-22T12:50:42+00:00\",\"description\":\"Le r\u00e9sultat est une cr\u00e8me br\u00fbl\u00e9e aux l\u00e9gumes onctueuse, d\u00e9licate et \u00e9quilibr\u00e9e, avec une surface dor\u00e9e qui caram\u00e9lise juste avant d'\u00eatre servie.\",\"breadcrumb\":{\"@id\":\"https:\\\/\\\/www.sosa.cat\\\/fr\\\/recettes\\\/creme-brulee-vegetal\\\/#breadcrumb\"},\"inLanguage\":\"fr-FR\",\"potentialAction\":[{\"@type\":\"ReadAction\",\"target\":[\"https:\\\/\\\/www.sosa.cat\\\/fr\\\/recettes\\\/creme-brulee-vegetal\\\/\"]}]},{\"@type\":\"ImageObject\",\"inLanguage\":\"fr-FR\",\"@id\":\"https:\\\/\\\/www.sosa.cat\\\/fr\\\/recettes\\\/creme-brulee-vegetal\\\/#primaryimage\",\"url\":\"https:\\\/\\\/www.sosa.cat\\\/wp-content\\\/uploads\\\/2025\\\/11\\\/creme-brulee-vegetal.png\",\"contentUrl\":\"https:\\\/\\\/www.sosa.cat\\\/wp-content\\\/uploads\\\/2025\\\/11\\\/creme-brulee-vegetal.png\",\"width\":1080,\"height\":1080},{\"@type\":\"BreadcrumbList\",\"@id\":\"https:\\\/\\\/www.sosa.cat\\\/fr\\\/recettes\\\/creme-brulee-vegetal\\\/#breadcrumb\",\"itemListElement\":[{\"@type\":\"ListItem\",\"position\":1,\"name\":\"Accueil\",\"item\":\"https:\\\/\\\/www.sosa.cat\\\/fr\\\/\"},{\"@type\":\"ListItem\",\"position\":2,\"name\":\"Recettes\",\"item\":\"https:\\\/\\\/www.sosa.cat\\\/fr\\\/recettes\\\/\"},{\"@type\":\"ListItem\",\"position\":3,\"name\":\"Texturants\",\"item\":\"https:\\\/\\\/www.sosa.cat\\\/fr\\\/categories-recettes\\\/texturants\\\/\"},{\"@type\":\"ListItem\",\"position\":4,\"name\":\"Cr\u00e8me Br\u00fbl\u00e9e V\u00e9g\u00e9tale\"}]},{\"@type\":\"WebSite\",\"@id\":\"https:\\\/\\\/www.sosa.cat\\\/fr\\\/#website\",\"url\":\"https:\\\/\\\/www.sosa.cat\\\/fr\\\/\",\"name\":\"Sosa Ingredients\",\"description\":\"\",\"publisher\":{\"@id\":\"https:\\\/\\\/www.sosa.cat\\\/fr\\\/#organization\"},\"potentialAction\":[{\"@type\":\"SearchAction\",\"target\":{\"@type\":\"EntryPoint\",\"urlTemplate\":\"https:\\\/\\\/www.sosa.cat\\\/fr\\\/?s={search_term_string}\"},\"query-input\":{\"@type\":\"PropertyValueSpecification\",\"valueRequired\":true,\"valueName\":\"search_term_string\"}}],\"inLanguage\":\"fr-FR\"},{\"@type\":\"Organization\",\"@id\":\"https:\\\/\\\/www.sosa.cat\\\/fr\\\/#organization\",\"name\":\"SOSA\",\"url\":\"https:\\\/\\\/www.sosa.cat\\\/fr\\\/\",\"logo\":{\"@type\":\"ImageObject\",\"inLanguage\":\"fr-FR\",\"@id\":\"https:\\\/\\\/www.sosa.cat\\\/fr\\\/#\\\/schema\\\/logo\\\/image\\\/\",\"url\":\"https:\\\/\\\/www.sosa.cat\\\/wp-content\\\/uploads\\\/2024\\\/11\\\/logo_sosa_big.png\",\"contentUrl\":\"https:\\\/\\\/www.sosa.cat\\\/wp-content\\\/uploads\\\/2024\\\/11\\\/logo_sosa_big.png\",\"width\":258,\"height\":260,\"caption\":\"SOSA\"},\"image\":{\"@id\":\"https:\\\/\\\/www.sosa.cat\\\/fr\\\/#\\\/schema\\\/logo\\\/image\\\/\"},\"sameAs\":[\"https:\\\/\\\/www.facebook.com\\\/SosaIngredients\\\/\",\"https:\\\/\\\/www.instagram.com\\\/sosaingredients\\\/\",\"https:\\\/\\\/www.youtube.com\\\/SosaIngredients\",\"https:\\\/\\\/www.linkedin.com\\\/company\\\/sosa-ingredients\\\/\"]}]}<\/script>\n<!-- \/ Yoast SEO plugin. -->","yoast_head_json":{"title":"Cr\u00e8me Br\u00fbl\u00e9e V\u00e9g\u00e9tale - Sosa","description":"Le r\u00e9sultat est une cr\u00e8me br\u00fbl\u00e9e aux l\u00e9gumes onctueuse, d\u00e9licate et \u00e9quilibr\u00e9e, avec une surface dor\u00e9e qui caram\u00e9lise juste avant d'\u00eatre servie.","robots":{"index":"index","follow":"follow","max-snippet":"max-snippet:-1","max-image-preview":"max-image-preview:large","max-video-preview":"max-video-preview:-1"},"canonical":"https:\/\/www.sosa.cat\/fr\/recettes\/creme-brulee-vegetal\/","og_locale":"fr_FR","og_type":"article","og_title":"Cr\u00e8me Br\u00fbl\u00e9e V\u00e9g\u00e9tale - Sosa","og_description":"Le r\u00e9sultat est une cr\u00e8me br\u00fbl\u00e9e aux l\u00e9gumes onctueuse, d\u00e9licate et \u00e9quilibr\u00e9e, avec une surface dor\u00e9e qui caram\u00e9lise juste avant d'\u00eatre servie.","og_url":"https:\/\/www.sosa.cat\/fr\/recettes\/creme-brulee-vegetal\/","og_site_name":"Sosa","article_publisher":"https:\/\/www.facebook.com\/SosaIngredients\/","article_modified_time":"2026-04-22T12:50:42+00:00","og_image":[{"width":1080,"height":1080,"url":"https:\/\/www.sosa.cat\/wp-content\/uploads\/2025\/11\/creme-brulee-vegetal.png","type":"image\/png"}],"twitter_card":"summary_large_image","twitter_misc":{"Dur\u00e9e de lecture estim\u00e9e":"2 minute"},"schema":{"@context":"https:\/\/schema.org","@graph":[{"@type":"WebPage","@id":"https:\/\/www.sosa.cat\/fr\/recettes\/creme-brulee-vegetal\/","url":"https:\/\/www.sosa.cat\/fr\/recettes\/creme-brulee-vegetal\/","name":"Cr\u00e8me Br\u00fbl\u00e9e V\u00e9g\u00e9tale - Sosa","isPartOf":{"@id":"https:\/\/www.sosa.cat\/fr\/#website"},"primaryImageOfPage":{"@id":"https:\/\/www.sosa.cat\/fr\/recettes\/creme-brulee-vegetal\/#primaryimage"},"image":{"@id":"https:\/\/www.sosa.cat\/fr\/recettes\/creme-brulee-vegetal\/#primaryimage"},"thumbnailUrl":"https:\/\/www.sosa.cat\/wp-content\/uploads\/2025\/11\/creme-brulee-vegetal.png","datePublished":"2023-11-07T08:52:00+00:00","dateModified":"2026-04-22T12:50:42+00:00","description":"Le r\u00e9sultat est une cr\u00e8me br\u00fbl\u00e9e aux l\u00e9gumes onctueuse, d\u00e9licate et \u00e9quilibr\u00e9e, avec une surface dor\u00e9e qui caram\u00e9lise juste avant d'\u00eatre servie.","breadcrumb":{"@id":"https:\/\/www.sosa.cat\/fr\/recettes\/creme-brulee-vegetal\/#breadcrumb"},"inLanguage":"fr-FR","potentialAction":[{"@type":"ReadAction","target":["https:\/\/www.sosa.cat\/fr\/recettes\/creme-brulee-vegetal\/"]}]},{"@type":"ImageObject","inLanguage":"fr-FR","@id":"https:\/\/www.sosa.cat\/fr\/recettes\/creme-brulee-vegetal\/#primaryimage","url":"https:\/\/www.sosa.cat\/wp-content\/uploads\/2025\/11\/creme-brulee-vegetal.png","contentUrl":"https:\/\/www.sosa.cat\/wp-content\/uploads\/2025\/11\/creme-brulee-vegetal.png","width":1080,"height":1080},{"@type":"BreadcrumbList","@id":"https:\/\/www.sosa.cat\/fr\/recettes\/creme-brulee-vegetal\/#breadcrumb","itemListElement":[{"@type":"ListItem","position":1,"name":"Accueil","item":"https:\/\/www.sosa.cat\/fr\/"},{"@type":"ListItem","position":2,"name":"Recettes","item":"https:\/\/www.sosa.cat\/fr\/recettes\/"},{"@type":"ListItem","position":3,"name":"Texturants","item":"https:\/\/www.sosa.cat\/fr\/categories-recettes\/texturants\/"},{"@type":"ListItem","position":4,"name":"Cr\u00e8me Br\u00fbl\u00e9e V\u00e9g\u00e9tale"}]},{"@type":"WebSite","@id":"https:\/\/www.sosa.cat\/fr\/#website","url":"https:\/\/www.sosa.cat\/fr\/","name":"Sosa Ingredients","description":"","publisher":{"@id":"https:\/\/www.sosa.cat\/fr\/#organization"},"potentialAction":[{"@type":"SearchAction","target":{"@type":"EntryPoint","urlTemplate":"https:\/\/www.sosa.cat\/fr\/?s={search_term_string}"},"query-input":{"@type":"PropertyValueSpecification","valueRequired":true,"valueName":"search_term_string"}}],"inLanguage":"fr-FR"},{"@type":"Organization","@id":"https:\/\/www.sosa.cat\/fr\/#organization","name":"SOSA","url":"https:\/\/www.sosa.cat\/fr\/","logo":{"@type":"ImageObject","inLanguage":"fr-FR","@id":"https:\/\/www.sosa.cat\/fr\/#\/schema\/logo\/image\/","url":"https:\/\/www.sosa.cat\/wp-content\/uploads\/2024\/11\/logo_sosa_big.png","contentUrl":"https:\/\/www.sosa.cat\/wp-content\/uploads\/2024\/11\/logo_sosa_big.png","width":258,"height":260,"caption":"SOSA"},"image":{"@id":"https:\/\/www.sosa.cat\/fr\/#\/schema\/logo\/image\/"},"sameAs":["https:\/\/www.facebook.com\/SosaIngredients\/","https:\/\/www.instagram.com\/sosaingredients\/","https:\/\/www.youtube.com\/SosaIngredients","https:\/\/www.linkedin.com\/company\/sosa-ingredients\/"]}]}},"_links":{"self":[{"href":"https:\/\/www.sosa.cat\/fr\/wp-json\/wp\/v2\/receta\/55924","targetHints":{"allow":["GET"]}}],"collection":[{"href":"https:\/\/www.sosa.cat\/fr\/wp-json\/wp\/v2\/receta"}],"about":[{"href":"https:\/\/www.sosa.cat\/fr\/wp-json\/wp\/v2\/types\/receta"}],"version-history":[{"count":1,"href":"https:\/\/www.sosa.cat\/fr\/wp-json\/wp\/v2\/receta\/55924\/revisions"}],"predecessor-version":[{"id":67935,"href":"https:\/\/www.sosa.cat\/fr\/wp-json\/wp\/v2\/receta\/55924\/revisions\/67935"}],"wp:featuredmedia":[{"embeddable":true,"href":"https:\/\/www.sosa.cat\/fr\/wp-json\/wp\/v2\/media\/55908"}],"wp:attachment":[{"href":"https:\/\/www.sosa.cat\/fr\/wp-json\/wp\/v2\/media?parent=55924"}],"wp:term":[{"taxonomy":"autor-receta","embeddable":true,"href":"https:\/\/www.sosa.cat\/fr\/wp-json\/wp\/v2\/autor-receta?post=55924"},{"taxonomy":"receta-categorias","embeddable":true,"href":"https:\/\/www.sosa.cat\/fr\/wp-json\/wp\/v2\/receta-categorias?post=55924"},{"taxonomy":"especialidad","embeddable":true,"href":"https:\/\/www.sosa.cat\/fr\/wp-json\/wp\/v2\/especialidad?post=55924"},{"taxonomy":"tecnica-y-aplicacion","embeddable":true,"href":"https:\/\/www.sosa.cat\/fr\/wp-json\/wp\/v2\/tecnica-y-aplicacion?post=55924"}],"curies":[{"name":"wp","href":"https:\/\/api.w.org\/{rel}","templated":true}]}}