{"id":55493,"date":"2025-11-24T07:00:00","date_gmt":"2025-11-24T06:00:00","guid":{"rendered":"https:\/\/www.sosa.cat\/?post_type=receta&#038;p=55493"},"modified":"2026-04-22T15:03:20","modified_gmt":"2026-04-22T13:03:20","slug":"mignardises-frambuesa-vainilla","status":"publish","type":"receta","link":"https:\/\/www.sosa.cat\/fr\/recettes\/mignardises-frambuesa-vainilla\/","title":{"rendered":"Mignardises&nbsp;: \u00c9toile Framboise et Vanille"},"content":{"rendered":"\n<p>Dans l\u2019art de la p\u00e2tisserie, <strong>les mignardises <\/strong>repr\u00e9sentent l\u2019\u00e9l\u00e9gance \u00e0 son apog\u00e9e. Ces petites cr\u00e9ations, traditionnellement servies en fin de repas ou avec le caf\u00e9, sont bien plus qu\u2019une simple bouch\u00e9e : elles symbolisent la pr\u00e9cision, la technique et la d\u00e9licatesse du go\u00fbt. Chaque mignardise condense l\u2019essence de la haute p\u00e2tisserie dans un format miniature.  <\/p>\n\n<p>Nous pr\u00e9sentons aujourd\u2019hui <strong>l\u2019\u00c9toile Framboise et Vanille, <\/strong>une mignardise de No\u00ebl sign\u00e9e par le chef p\u00e2tissier <em>Laurent Masse,<\/em> formateur chez Valrhona, qui allie tradition, innovation et excellence technique. Cette recette fait partie du nouveau livre de recettes de No\u00ebl, une collaboration unique entre <em>Valrhona, Adamance, Norohy<\/em> <x id=\"gid_3\"><\/x> o\u00f9 cr\u00e9ativit\u00e9 et qualit\u00e9 des ingr\u00e9dients se rencontrent harmonieusement. <\/p>\n\n<p>L\u2019\u00e9quilibre des saveurs est remarquable : l\u2019intensit\u00e9 du <a href=\"https:\/\/www.valrhona.com\/fr-FR\/nos-produits\/pour-les-professionnels\/gamme-laboratoire\/les-pionniers\/concentre-de-chocolat\/p125-coeur-de-guanaja\" target=\"_blank\" rel=\"noreferrer noopener\">P125 C\u0153ur de Guanaja de Valrhona<\/a> apporte profondeur et caract\u00e8re, tandis que la <a href=\"https:\/\/www.norohy.com\/produit\/professionnels\/produits-derives-de-la-vanille-pro\/vakana-perle-de-vanille\/\" target=\"_blank\" rel=\"noreferrer noopener\">vanille Vakana de Norohy<\/a> diffuse une chaleur douce et aromatique. Le <a href=\"https:\/\/www.adamance.fr\/produits\/puree-framboise-meeker\/\">pur\u00e9e de framboise Meeker 100% d\u2019Adamance<\/a> offre une acidit\u00e9 fra\u00eeche et naturelle qui sublime l\u2019ensemble. <\/p>\n\n<p>La texture, essentielle \u00e0 toute grande cr\u00e9ation p\u00e2tissi\u00e8re, est ma\u00eetris\u00e9e gr\u00e2ce \u00e0 <a href=\"https:\/\/www.sosa.cat\/fr\/produit\/gracila-gel\/\" target=\"_blank\" rel=\"noreferrer noopener\">Gracila Gel,<\/a> notre g\u00e9lifiant v\u00e9g\u00e9tal de la gamme Sosa. Il permet d\u2019obtenir un voile de framboise l\u00e9ger, stable et brillant, qui habille la mignardise d\u2019une d\u00e9licatesse visuelle et gustative incomparable. <\/p>\n\n<p>Le r\u00e9sultat est une \u00e9toile de saveurs et de technique, c\u00e9l\u00e9brant l\u2019excellence de la p\u00e2tisserie contemporaine \u00e0 travers des ingr\u00e9dients responsables et un savoir-faire artisanal.<\/p>\n","protected":false},"featured_media":55468,"template":"","meta":{"_acf_changed":false,"inline_featured_image":false},"autor-receta":[],"receta-categorias":[272,281],"especialidad":[284],"tecnica-y-aplicacion":[754,756,759],"class_list":["post-55493","receta","type-receta","status-publish","has-post-thumbnail","hentry","receta-categorias-fruits-secs","receta-categorias-texturants","especialidad-doux","tecnica-y-aplicacion-creme","tecnica-y-aplicacion-gateau","tecnica-y-aplicacion-mousse-fr"],"acf":[],"yoast_head":"<!-- This site is optimized with the Yoast SEO plugin v27.4 - https:\/\/yoast.com\/product\/yoast-seo-wordpress\/ -->\n<title>Mignardises&nbsp;: \u00c9toile Framboise et Vanille - Sosa<\/title>\n<meta name=\"description\" content=\"Nous vous pr\u00e9sentons l\u2019\u00c9toile Framboise et Vanille, une mignardise de No\u00ebl sign\u00e9e par le chef p\u00e2tissier Laurent Masse, formateur chez Valrhona.\" \/>\n<meta name=\"robots\" content=\"index, follow, max-snippet:-1, max-image-preview:large, max-video-preview:-1\" \/>\n<link rel=\"canonical\" href=\"https:\/\/www.sosa.cat\/fr\/recettes\/mignardises-frambuesa-vainilla\/\" \/>\n<meta property=\"og:locale\" content=\"fr_FR\" \/>\n<meta property=\"og:type\" content=\"article\" \/>\n<meta property=\"og:title\" content=\"Mignardises&nbsp;: \u00c9toile Framboise et Vanille - Sosa\" \/>\n<meta property=\"og:description\" content=\"Nous vous pr\u00e9sentons l\u2019\u00c9toile Framboise et Vanille, une mignardise de No\u00ebl sign\u00e9e par le chef p\u00e2tissier Laurent Masse, formateur chez Valrhona.\" \/>\n<meta property=\"og:url\" content=\"https:\/\/www.sosa.cat\/fr\/recettes\/mignardises-frambuesa-vainilla\/\" \/>\n<meta property=\"og:site_name\" content=\"Sosa\" \/>\n<meta property=\"article:publisher\" content=\"https:\/\/www.facebook.com\/SosaIngredients\/\" \/>\n<meta property=\"article:modified_time\" content=\"2026-04-22T13:03:20+00:00\" \/>\n<meta property=\"og:image\" content=\"https:\/\/www.sosa.cat\/wp-content\/uploads\/2025\/10\/estrella-velo-gracila-gel-1.png\" \/>\n\t<meta property=\"og:image:width\" content=\"1080\" \/>\n\t<meta property=\"og:image:height\" content=\"1080\" \/>\n\t<meta property=\"og:image:type\" content=\"image\/png\" \/>\n<meta name=\"twitter:card\" content=\"summary_large_image\" \/>\n<meta name=\"twitter:label1\" content=\"Dur\u00e9e de lecture estim\u00e9e\" \/>\n\t<meta name=\"twitter:data1\" content=\"2 minute\" \/>\n<script type=\"application\/ld+json\" class=\"yoast-schema-graph\">{\"@context\":\"https:\\\/\\\/schema.org\",\"@graph\":[{\"@type\":\"WebPage\",\"@id\":\"https:\\\/\\\/www.sosa.cat\\\/fr\\\/recettes\\\/mignardises-frambuesa-vainilla\\\/\",\"url\":\"https:\\\/\\\/www.sosa.cat\\\/fr\\\/recettes\\\/mignardises-frambuesa-vainilla\\\/\",\"name\":\"Mignardises&nbsp;: \u00c9toile Framboise et Vanille - Sosa\",\"isPartOf\":{\"@id\":\"https:\\\/\\\/www.sosa.cat\\\/fr\\\/#website\"},\"primaryImageOfPage\":{\"@id\":\"https:\\\/\\\/www.sosa.cat\\\/fr\\\/recettes\\\/mignardises-frambuesa-vainilla\\\/#primaryimage\"},\"image\":{\"@id\":\"https:\\\/\\\/www.sosa.cat\\\/fr\\\/recettes\\\/mignardises-frambuesa-vainilla\\\/#primaryimage\"},\"thumbnailUrl\":\"https:\\\/\\\/www.sosa.cat\\\/wp-content\\\/uploads\\\/2025\\\/10\\\/estrella-velo-gracila-gel-1.png\",\"datePublished\":\"2025-11-24T06:00:00+00:00\",\"dateModified\":\"2026-04-22T13:03:20+00:00\",\"description\":\"Nous vous pr\u00e9sentons l\u2019\u00c9toile Framboise et Vanille, une mignardise de No\u00ebl sign\u00e9e par le chef p\u00e2tissier Laurent Masse, formateur chez Valrhona.\",\"breadcrumb\":{\"@id\":\"https:\\\/\\\/www.sosa.cat\\\/fr\\\/recettes\\\/mignardises-frambuesa-vainilla\\\/#breadcrumb\"},\"inLanguage\":\"fr-FR\",\"potentialAction\":[{\"@type\":\"ReadAction\",\"target\":[\"https:\\\/\\\/www.sosa.cat\\\/fr\\\/recettes\\\/mignardises-frambuesa-vainilla\\\/\"]}]},{\"@type\":\"ImageObject\",\"inLanguage\":\"fr-FR\",\"@id\":\"https:\\\/\\\/www.sosa.cat\\\/fr\\\/recettes\\\/mignardises-frambuesa-vainilla\\\/#primaryimage\",\"url\":\"https:\\\/\\\/www.sosa.cat\\\/wp-content\\\/uploads\\\/2025\\\/10\\\/estrella-velo-gracila-gel-1.png\",\"contentUrl\":\"https:\\\/\\\/www.sosa.cat\\\/wp-content\\\/uploads\\\/2025\\\/10\\\/estrella-velo-gracila-gel-1.png\",\"width\":1080,\"height\":1080},{\"@type\":\"BreadcrumbList\",\"@id\":\"https:\\\/\\\/www.sosa.cat\\\/fr\\\/recettes\\\/mignardises-frambuesa-vainilla\\\/#breadcrumb\",\"itemListElement\":[{\"@type\":\"ListItem\",\"position\":1,\"name\":\"Accueil\",\"item\":\"https:\\\/\\\/www.sosa.cat\\\/fr\\\/\"},{\"@type\":\"ListItem\",\"position\":2,\"name\":\"Recettes\",\"item\":\"https:\\\/\\\/www.sosa.cat\\\/fr\\\/recettes\\\/\"},{\"@type\":\"ListItem\",\"position\":3,\"name\":\"Fruits Secs\",\"item\":\"https:\\\/\\\/www.sosa.cat\\\/fr\\\/categories-recettes\\\/fruits-secs\\\/\"},{\"@type\":\"ListItem\",\"position\":4,\"name\":\"Mignardises&nbsp;: \u00c9toile Framboise et Vanille\"}]},{\"@type\":\"WebSite\",\"@id\":\"https:\\\/\\\/www.sosa.cat\\\/fr\\\/#website\",\"url\":\"https:\\\/\\\/www.sosa.cat\\\/fr\\\/\",\"name\":\"Sosa Ingredients\",\"description\":\"\",\"publisher\":{\"@id\":\"https:\\\/\\\/www.sosa.cat\\\/fr\\\/#organization\"},\"potentialAction\":[{\"@type\":\"SearchAction\",\"target\":{\"@type\":\"EntryPoint\",\"urlTemplate\":\"https:\\\/\\\/www.sosa.cat\\\/fr\\\/?s={search_term_string}\"},\"query-input\":{\"@type\":\"PropertyValueSpecification\",\"valueRequired\":true,\"valueName\":\"search_term_string\"}}],\"inLanguage\":\"fr-FR\"},{\"@type\":\"Organization\",\"@id\":\"https:\\\/\\\/www.sosa.cat\\\/fr\\\/#organization\",\"name\":\"SOSA\",\"url\":\"https:\\\/\\\/www.sosa.cat\\\/fr\\\/\",\"logo\":{\"@type\":\"ImageObject\",\"inLanguage\":\"fr-FR\",\"@id\":\"https:\\\/\\\/www.sosa.cat\\\/fr\\\/#\\\/schema\\\/logo\\\/image\\\/\",\"url\":\"https:\\\/\\\/www.sosa.cat\\\/wp-content\\\/uploads\\\/2024\\\/11\\\/logo_sosa_big.png\",\"contentUrl\":\"https:\\\/\\\/www.sosa.cat\\\/wp-content\\\/uploads\\\/2024\\\/11\\\/logo_sosa_big.png\",\"width\":258,\"height\":260,\"caption\":\"SOSA\"},\"image\":{\"@id\":\"https:\\\/\\\/www.sosa.cat\\\/fr\\\/#\\\/schema\\\/logo\\\/image\\\/\"},\"sameAs\":[\"https:\\\/\\\/www.facebook.com\\\/SosaIngredients\\\/\",\"https:\\\/\\\/www.instagram.com\\\/sosaingredients\\\/\",\"https:\\\/\\\/www.youtube.com\\\/SosaIngredients\",\"https:\\\/\\\/www.linkedin.com\\\/company\\\/sosa-ingredients\\\/\"]}]}<\/script>\n<!-- \/ Yoast SEO plugin. -->","yoast_head_json":{"title":"Mignardises&nbsp;: \u00c9toile Framboise et Vanille - Sosa","description":"Nous vous pr\u00e9sentons l\u2019\u00c9toile Framboise et Vanille, une mignardise de No\u00ebl sign\u00e9e par le chef p\u00e2tissier Laurent Masse, formateur chez Valrhona.","robots":{"index":"index","follow":"follow","max-snippet":"max-snippet:-1","max-image-preview":"max-image-preview:large","max-video-preview":"max-video-preview:-1"},"canonical":"https:\/\/www.sosa.cat\/fr\/recettes\/mignardises-frambuesa-vainilla\/","og_locale":"fr_FR","og_type":"article","og_title":"Mignardises&nbsp;: \u00c9toile Framboise et Vanille - Sosa","og_description":"Nous vous pr\u00e9sentons l\u2019\u00c9toile Framboise et Vanille, une mignardise de No\u00ebl sign\u00e9e par le chef p\u00e2tissier Laurent Masse, formateur chez Valrhona.","og_url":"https:\/\/www.sosa.cat\/fr\/recettes\/mignardises-frambuesa-vainilla\/","og_site_name":"Sosa","article_publisher":"https:\/\/www.facebook.com\/SosaIngredients\/","article_modified_time":"2026-04-22T13:03:20+00:00","og_image":[{"width":1080,"height":1080,"url":"https:\/\/www.sosa.cat\/wp-content\/uploads\/2025\/10\/estrella-velo-gracila-gel-1.png","type":"image\/png"}],"twitter_card":"summary_large_image","twitter_misc":{"Dur\u00e9e de lecture estim\u00e9e":"2 minute"},"schema":{"@context":"https:\/\/schema.org","@graph":[{"@type":"WebPage","@id":"https:\/\/www.sosa.cat\/fr\/recettes\/mignardises-frambuesa-vainilla\/","url":"https:\/\/www.sosa.cat\/fr\/recettes\/mignardises-frambuesa-vainilla\/","name":"Mignardises&nbsp;: \u00c9toile Framboise et Vanille - Sosa","isPartOf":{"@id":"https:\/\/www.sosa.cat\/fr\/#website"},"primaryImageOfPage":{"@id":"https:\/\/www.sosa.cat\/fr\/recettes\/mignardises-frambuesa-vainilla\/#primaryimage"},"image":{"@id":"https:\/\/www.sosa.cat\/fr\/recettes\/mignardises-frambuesa-vainilla\/#primaryimage"},"thumbnailUrl":"https:\/\/www.sosa.cat\/wp-content\/uploads\/2025\/10\/estrella-velo-gracila-gel-1.png","datePublished":"2025-11-24T06:00:00+00:00","dateModified":"2026-04-22T13:03:20+00:00","description":"Nous vous pr\u00e9sentons l\u2019\u00c9toile Framboise et Vanille, une mignardise de No\u00ebl sign\u00e9e par le chef p\u00e2tissier Laurent Masse, formateur chez Valrhona.","breadcrumb":{"@id":"https:\/\/www.sosa.cat\/fr\/recettes\/mignardises-frambuesa-vainilla\/#breadcrumb"},"inLanguage":"fr-FR","potentialAction":[{"@type":"ReadAction","target":["https:\/\/www.sosa.cat\/fr\/recettes\/mignardises-frambuesa-vainilla\/"]}]},{"@type":"ImageObject","inLanguage":"fr-FR","@id":"https:\/\/www.sosa.cat\/fr\/recettes\/mignardises-frambuesa-vainilla\/#primaryimage","url":"https:\/\/www.sosa.cat\/wp-content\/uploads\/2025\/10\/estrella-velo-gracila-gel-1.png","contentUrl":"https:\/\/www.sosa.cat\/wp-content\/uploads\/2025\/10\/estrella-velo-gracila-gel-1.png","width":1080,"height":1080},{"@type":"BreadcrumbList","@id":"https:\/\/www.sosa.cat\/fr\/recettes\/mignardises-frambuesa-vainilla\/#breadcrumb","itemListElement":[{"@type":"ListItem","position":1,"name":"Accueil","item":"https:\/\/www.sosa.cat\/fr\/"},{"@type":"ListItem","position":2,"name":"Recettes","item":"https:\/\/www.sosa.cat\/fr\/recettes\/"},{"@type":"ListItem","position":3,"name":"Fruits Secs","item":"https:\/\/www.sosa.cat\/fr\/categories-recettes\/fruits-secs\/"},{"@type":"ListItem","position":4,"name":"Mignardises&nbsp;: \u00c9toile Framboise et Vanille"}]},{"@type":"WebSite","@id":"https:\/\/www.sosa.cat\/fr\/#website","url":"https:\/\/www.sosa.cat\/fr\/","name":"Sosa Ingredients","description":"","publisher":{"@id":"https:\/\/www.sosa.cat\/fr\/#organization"},"potentialAction":[{"@type":"SearchAction","target":{"@type":"EntryPoint","urlTemplate":"https:\/\/www.sosa.cat\/fr\/?s={search_term_string}"},"query-input":{"@type":"PropertyValueSpecification","valueRequired":true,"valueName":"search_term_string"}}],"inLanguage":"fr-FR"},{"@type":"Organization","@id":"https:\/\/www.sosa.cat\/fr\/#organization","name":"SOSA","url":"https:\/\/www.sosa.cat\/fr\/","logo":{"@type":"ImageObject","inLanguage":"fr-FR","@id":"https:\/\/www.sosa.cat\/fr\/#\/schema\/logo\/image\/","url":"https:\/\/www.sosa.cat\/wp-content\/uploads\/2024\/11\/logo_sosa_big.png","contentUrl":"https:\/\/www.sosa.cat\/wp-content\/uploads\/2024\/11\/logo_sosa_big.png","width":258,"height":260,"caption":"SOSA"},"image":{"@id":"https:\/\/www.sosa.cat\/fr\/#\/schema\/logo\/image\/"},"sameAs":["https:\/\/www.facebook.com\/SosaIngredients\/","https:\/\/www.instagram.com\/sosaingredients\/","https:\/\/www.youtube.com\/SosaIngredients","https:\/\/www.linkedin.com\/company\/sosa-ingredients\/"]}]}},"_links":{"self":[{"href":"https:\/\/www.sosa.cat\/fr\/wp-json\/wp\/v2\/receta\/55493","targetHints":{"allow":["GET"]}}],"collection":[{"href":"https:\/\/www.sosa.cat\/fr\/wp-json\/wp\/v2\/receta"}],"about":[{"href":"https:\/\/www.sosa.cat\/fr\/wp-json\/wp\/v2\/types\/receta"}],"version-history":[{"count":2,"href":"https:\/\/www.sosa.cat\/fr\/wp-json\/wp\/v2\/receta\/55493\/revisions"}],"predecessor-version":[{"id":68021,"href":"https:\/\/www.sosa.cat\/fr\/wp-json\/wp\/v2\/receta\/55493\/revisions\/68021"}],"wp:featuredmedia":[{"embeddable":true,"href":"https:\/\/www.sosa.cat\/fr\/wp-json\/wp\/v2\/media\/55468"}],"wp:attachment":[{"href":"https:\/\/www.sosa.cat\/fr\/wp-json\/wp\/v2\/media?parent=55493"}],"wp:term":[{"taxonomy":"autor-receta","embeddable":true,"href":"https:\/\/www.sosa.cat\/fr\/wp-json\/wp\/v2\/autor-receta?post=55493"},{"taxonomy":"receta-categorias","embeddable":true,"href":"https:\/\/www.sosa.cat\/fr\/wp-json\/wp\/v2\/receta-categorias?post=55493"},{"taxonomy":"especialidad","embeddable":true,"href":"https:\/\/www.sosa.cat\/fr\/wp-json\/wp\/v2\/especialidad?post=55493"},{"taxonomy":"tecnica-y-aplicacion","embeddable":true,"href":"https:\/\/www.sosa.cat\/fr\/wp-json\/wp\/v2\/tecnica-y-aplicacion?post=55493"}],"curies":[{"name":"wp","href":"https:\/\/api.w.org\/{rel}","templated":true}]}}