{"id":37020,"date":"2025-08-11T16:47:00","date_gmt":"2025-08-11T14:47:00","guid":{"rendered":"https:\/\/www.sosa.cat\/?post_type=receta&#038;p=37020"},"modified":"2026-04-22T15:01:16","modified_gmt":"2026-04-22T13:01:16","slug":"flan-nata-caramelo","status":"publish","type":"receta","link":"https:\/\/www.sosa.cat\/fr\/recettes\/flan-nata-caramelo\/","title":{"rendered":"Cr\u00e8me caramel"},"content":{"rendered":"\n<p>Peu de desserts suscitent autant de nostalgie que le <strong>cr\u00e8me (flan).<\/strong> Pr\u00e9sent dans de nombreuses cultures, ce classique s\u2019est impos\u00e9 gr\u00e2ce \u00e0 sa texture lisse et cr\u00e9meuse, et \u00e0 son parfait \u00e9quilibre entre douceur et l\u00e9g\u00e8ret\u00e9. Dans les cuisines du monde entier, le flan est le dessert id\u00e9al pour conclure un repas sp\u00e9cial : r\u00e9confortant, familier, tout en restant raffin\u00e9. <\/p>\n\n<p>Dans cette recette, nous pr\u00e9sentons une version \u00e9labor\u00e9e du <strong>Flan de Nata y Caramelo,<\/strong> une proposition qui respecte la tradition mais avec une approche technique plus pr\u00e9cise. Le secret de sa texture impeccable r\u00e9side dans l&rsquo;utilisation du <strong><a href=\"https:\/\/www.sosa.cat\/fr\/produit\/gracila-gel\/\" target=\"_blank\" rel=\"noreferrer noopener\">Gracila Gel,<\/a><\/strong> notre g\u00e9lifiant 100 % v\u00e9g\u00e9tal, qui permet une g\u00e9lification stable et propre sans alt\u00e9rer le go\u00fbt. Contrairement \u00e0 d&rsquo;autres g\u00e9lifiants, le Gracila Gel permet d&rsquo;incorporer des \u00e9l\u00e9ments gras comme la cr\u00e8me sans compromettre la structure du dessert. <\/p>\n\n<p>Pour sublimer ce classique, nous l\u2019accompagnons d\u2019un fudge fondant et d\u2019une g\u00e9n\u00e9reuse cuiller\u00e9e de <strong>cr\u00e8me chantilly,<\/strong> pour des touches sucr\u00e9es et onctueuses qui enrichissent l\u2019ensemble. Le r\u00e9sultat : un dessert \u00e9quilibr\u00e9, \u00e9l\u00e9gant et techniquement irr\u00e9prochable, parfait pour la p\u00e2tisserie contemporaine et la restauration gastronomique. <\/p>\n","protected":false},"featured_media":37009,"template":"","meta":{"_acf_changed":false,"inline_featured_image":false},"autor-receta":[],"receta-categorias":[281],"especialidad":[287],"tecnica-y-aplicacion":[753],"class_list":["post-37020","receta","type-receta","status-publish","has-post-thumbnail","hentry","receta-categorias-texturants","especialidad-savoureux","tecnica-y-aplicacion-caramel-fr"],"acf":[],"yoast_head":"<!-- This site is optimized with the Yoast SEO plugin v27.4 - https:\/\/yoast.com\/product\/yoast-seo-wordpress\/ -->\n<title>Cr\u00e8me caramel - Sosa<\/title>\n<meta name=\"description\" content=\"Dans cette recette, nous pr\u00e9sentons une version \u00e9labor\u00e9e du cr\u00e8me caramel, une proposition qui respecte la tradition mais avec une approche technique plus pr\u00e9cise.\" \/>\n<meta name=\"robots\" content=\"index, follow, max-snippet:-1, max-image-preview:large, max-video-preview:-1\" \/>\n<link rel=\"canonical\" href=\"https:\/\/www.sosa.cat\/fr\/recettes\/flan-nata-caramelo\/\" \/>\n<meta property=\"og:locale\" content=\"fr_FR\" \/>\n<meta property=\"og:type\" content=\"article\" \/>\n<meta property=\"og:title\" content=\"Cr\u00e8me caramel - Sosa\" \/>\n<meta property=\"og:description\" content=\"Dans cette recette, nous pr\u00e9sentons une version \u00e9labor\u00e9e du cr\u00e8me caramel, une proposition qui respecte la tradition mais avec une approche technique plus pr\u00e9cise.\" \/>\n<meta property=\"og:url\" content=\"https:\/\/www.sosa.cat\/fr\/recettes\/flan-nata-caramelo\/\" \/>\n<meta property=\"og:site_name\" content=\"Sosa\" \/>\n<meta property=\"article:publisher\" content=\"https:\/\/www.facebook.com\/SosaIngredients\/\" \/>\n<meta property=\"article:modified_time\" content=\"2026-04-22T13:01:16+00:00\" \/>\n<meta property=\"og:image\" content=\"https:\/\/www.sosa.cat\/wp-content\/uploads\/2025\/07\/flan-gracilagel-sosa.png\" \/>\n\t<meta property=\"og:image:width\" content=\"600\" \/>\n\t<meta property=\"og:image:height\" content=\"600\" \/>\n\t<meta property=\"og:image:type\" content=\"image\/png\" \/>\n<meta name=\"twitter:card\" content=\"summary_large_image\" \/>\n<meta name=\"twitter:label1\" content=\"Dur\u00e9e de lecture estim\u00e9e\" \/>\n\t<meta name=\"twitter:data1\" content=\"1 minute\" \/>\n<script type=\"application\/ld+json\" class=\"yoast-schema-graph\">{\"@context\":\"https:\\\/\\\/schema.org\",\"@graph\":[{\"@type\":\"WebPage\",\"@id\":\"https:\\\/\\\/www.sosa.cat\\\/fr\\\/recettes\\\/flan-nata-caramelo\\\/\",\"url\":\"https:\\\/\\\/www.sosa.cat\\\/fr\\\/recettes\\\/flan-nata-caramelo\\\/\",\"name\":\"Cr\u00e8me caramel - Sosa\",\"isPartOf\":{\"@id\":\"https:\\\/\\\/www.sosa.cat\\\/fr\\\/#website\"},\"primaryImageOfPage\":{\"@id\":\"https:\\\/\\\/www.sosa.cat\\\/fr\\\/recettes\\\/flan-nata-caramelo\\\/#primaryimage\"},\"image\":{\"@id\":\"https:\\\/\\\/www.sosa.cat\\\/fr\\\/recettes\\\/flan-nata-caramelo\\\/#primaryimage\"},\"thumbnailUrl\":\"https:\\\/\\\/www.sosa.cat\\\/wp-content\\\/uploads\\\/2025\\\/07\\\/flan-gracilagel-sosa.png\",\"datePublished\":\"2025-08-11T14:47:00+00:00\",\"dateModified\":\"2026-04-22T13:01:16+00:00\",\"description\":\"Dans cette recette, nous pr\u00e9sentons une version \u00e9labor\u00e9e du cr\u00e8me caramel, une proposition qui respecte la tradition mais avec une approche technique plus pr\u00e9cise.\",\"breadcrumb\":{\"@id\":\"https:\\\/\\\/www.sosa.cat\\\/fr\\\/recettes\\\/flan-nata-caramelo\\\/#breadcrumb\"},\"inLanguage\":\"fr-FR\",\"potentialAction\":[{\"@type\":\"ReadAction\",\"target\":[\"https:\\\/\\\/www.sosa.cat\\\/fr\\\/recettes\\\/flan-nata-caramelo\\\/\"]}]},{\"@type\":\"ImageObject\",\"inLanguage\":\"fr-FR\",\"@id\":\"https:\\\/\\\/www.sosa.cat\\\/fr\\\/recettes\\\/flan-nata-caramelo\\\/#primaryimage\",\"url\":\"https:\\\/\\\/www.sosa.cat\\\/wp-content\\\/uploads\\\/2025\\\/07\\\/flan-gracilagel-sosa.png\",\"contentUrl\":\"https:\\\/\\\/www.sosa.cat\\\/wp-content\\\/uploads\\\/2025\\\/07\\\/flan-gracilagel-sosa.png\",\"width\":600,\"height\":600},{\"@type\":\"BreadcrumbList\",\"@id\":\"https:\\\/\\\/www.sosa.cat\\\/fr\\\/recettes\\\/flan-nata-caramelo\\\/#breadcrumb\",\"itemListElement\":[{\"@type\":\"ListItem\",\"position\":1,\"name\":\"Accueil\",\"item\":\"https:\\\/\\\/www.sosa.cat\\\/fr\\\/\"},{\"@type\":\"ListItem\",\"position\":2,\"name\":\"Recettes\",\"item\":\"https:\\\/\\\/www.sosa.cat\\\/fr\\\/recettes\\\/\"},{\"@type\":\"ListItem\",\"position\":3,\"name\":\"Texturants\",\"item\":\"https:\\\/\\\/www.sosa.cat\\\/fr\\\/categories-recettes\\\/texturants\\\/\"},{\"@type\":\"ListItem\",\"position\":4,\"name\":\"Cr\u00e8me caramel\"}]},{\"@type\":\"WebSite\",\"@id\":\"https:\\\/\\\/www.sosa.cat\\\/fr\\\/#website\",\"url\":\"https:\\\/\\\/www.sosa.cat\\\/fr\\\/\",\"name\":\"Sosa Ingredients\",\"description\":\"\",\"publisher\":{\"@id\":\"https:\\\/\\\/www.sosa.cat\\\/fr\\\/#organization\"},\"potentialAction\":[{\"@type\":\"SearchAction\",\"target\":{\"@type\":\"EntryPoint\",\"urlTemplate\":\"https:\\\/\\\/www.sosa.cat\\\/fr\\\/?s={search_term_string}\"},\"query-input\":{\"@type\":\"PropertyValueSpecification\",\"valueRequired\":true,\"valueName\":\"search_term_string\"}}],\"inLanguage\":\"fr-FR\"},{\"@type\":\"Organization\",\"@id\":\"https:\\\/\\\/www.sosa.cat\\\/fr\\\/#organization\",\"name\":\"SOSA\",\"url\":\"https:\\\/\\\/www.sosa.cat\\\/fr\\\/\",\"logo\":{\"@type\":\"ImageObject\",\"inLanguage\":\"fr-FR\",\"@id\":\"https:\\\/\\\/www.sosa.cat\\\/fr\\\/#\\\/schema\\\/logo\\\/image\\\/\",\"url\":\"https:\\\/\\\/www.sosa.cat\\\/wp-content\\\/uploads\\\/2024\\\/11\\\/logo_sosa_big.png\",\"contentUrl\":\"https:\\\/\\\/www.sosa.cat\\\/wp-content\\\/uploads\\\/2024\\\/11\\\/logo_sosa_big.png\",\"width\":258,\"height\":260,\"caption\":\"SOSA\"},\"image\":{\"@id\":\"https:\\\/\\\/www.sosa.cat\\\/fr\\\/#\\\/schema\\\/logo\\\/image\\\/\"},\"sameAs\":[\"https:\\\/\\\/www.facebook.com\\\/SosaIngredients\\\/\",\"https:\\\/\\\/www.instagram.com\\\/sosaingredients\\\/\",\"https:\\\/\\\/www.youtube.com\\\/SosaIngredients\",\"https:\\\/\\\/www.linkedin.com\\\/company\\\/sosa-ingredients\\\/\"]}]}<\/script>\n<!-- \/ Yoast SEO plugin. -->","yoast_head_json":{"title":"Cr\u00e8me caramel - Sosa","description":"Dans cette recette, nous pr\u00e9sentons une version \u00e9labor\u00e9e du cr\u00e8me caramel, une proposition qui respecte la tradition mais avec une approche technique plus pr\u00e9cise.","robots":{"index":"index","follow":"follow","max-snippet":"max-snippet:-1","max-image-preview":"max-image-preview:large","max-video-preview":"max-video-preview:-1"},"canonical":"https:\/\/www.sosa.cat\/fr\/recettes\/flan-nata-caramelo\/","og_locale":"fr_FR","og_type":"article","og_title":"Cr\u00e8me caramel - Sosa","og_description":"Dans cette recette, nous pr\u00e9sentons une version \u00e9labor\u00e9e du cr\u00e8me caramel, une proposition qui respecte la tradition mais avec une approche technique plus pr\u00e9cise.","og_url":"https:\/\/www.sosa.cat\/fr\/recettes\/flan-nata-caramelo\/","og_site_name":"Sosa","article_publisher":"https:\/\/www.facebook.com\/SosaIngredients\/","article_modified_time":"2026-04-22T13:01:16+00:00","og_image":[{"width":600,"height":600,"url":"https:\/\/www.sosa.cat\/wp-content\/uploads\/2025\/07\/flan-gracilagel-sosa.png","type":"image\/png"}],"twitter_card":"summary_large_image","twitter_misc":{"Dur\u00e9e de lecture estim\u00e9e":"1 minute"},"schema":{"@context":"https:\/\/schema.org","@graph":[{"@type":"WebPage","@id":"https:\/\/www.sosa.cat\/fr\/recettes\/flan-nata-caramelo\/","url":"https:\/\/www.sosa.cat\/fr\/recettes\/flan-nata-caramelo\/","name":"Cr\u00e8me caramel - Sosa","isPartOf":{"@id":"https:\/\/www.sosa.cat\/fr\/#website"},"primaryImageOfPage":{"@id":"https:\/\/www.sosa.cat\/fr\/recettes\/flan-nata-caramelo\/#primaryimage"},"image":{"@id":"https:\/\/www.sosa.cat\/fr\/recettes\/flan-nata-caramelo\/#primaryimage"},"thumbnailUrl":"https:\/\/www.sosa.cat\/wp-content\/uploads\/2025\/07\/flan-gracilagel-sosa.png","datePublished":"2025-08-11T14:47:00+00:00","dateModified":"2026-04-22T13:01:16+00:00","description":"Dans cette recette, nous pr\u00e9sentons une version \u00e9labor\u00e9e du cr\u00e8me caramel, une proposition qui respecte la tradition mais avec une approche technique plus pr\u00e9cise.","breadcrumb":{"@id":"https:\/\/www.sosa.cat\/fr\/recettes\/flan-nata-caramelo\/#breadcrumb"},"inLanguage":"fr-FR","potentialAction":[{"@type":"ReadAction","target":["https:\/\/www.sosa.cat\/fr\/recettes\/flan-nata-caramelo\/"]}]},{"@type":"ImageObject","inLanguage":"fr-FR","@id":"https:\/\/www.sosa.cat\/fr\/recettes\/flan-nata-caramelo\/#primaryimage","url":"https:\/\/www.sosa.cat\/wp-content\/uploads\/2025\/07\/flan-gracilagel-sosa.png","contentUrl":"https:\/\/www.sosa.cat\/wp-content\/uploads\/2025\/07\/flan-gracilagel-sosa.png","width":600,"height":600},{"@type":"BreadcrumbList","@id":"https:\/\/www.sosa.cat\/fr\/recettes\/flan-nata-caramelo\/#breadcrumb","itemListElement":[{"@type":"ListItem","position":1,"name":"Accueil","item":"https:\/\/www.sosa.cat\/fr\/"},{"@type":"ListItem","position":2,"name":"Recettes","item":"https:\/\/www.sosa.cat\/fr\/recettes\/"},{"@type":"ListItem","position":3,"name":"Texturants","item":"https:\/\/www.sosa.cat\/fr\/categories-recettes\/texturants\/"},{"@type":"ListItem","position":4,"name":"Cr\u00e8me caramel"}]},{"@type":"WebSite","@id":"https:\/\/www.sosa.cat\/fr\/#website","url":"https:\/\/www.sosa.cat\/fr\/","name":"Sosa Ingredients","description":"","publisher":{"@id":"https:\/\/www.sosa.cat\/fr\/#organization"},"potentialAction":[{"@type":"SearchAction","target":{"@type":"EntryPoint","urlTemplate":"https:\/\/www.sosa.cat\/fr\/?s={search_term_string}"},"query-input":{"@type":"PropertyValueSpecification","valueRequired":true,"valueName":"search_term_string"}}],"inLanguage":"fr-FR"},{"@type":"Organization","@id":"https:\/\/www.sosa.cat\/fr\/#organization","name":"SOSA","url":"https:\/\/www.sosa.cat\/fr\/","logo":{"@type":"ImageObject","inLanguage":"fr-FR","@id":"https:\/\/www.sosa.cat\/fr\/#\/schema\/logo\/image\/","url":"https:\/\/www.sosa.cat\/wp-content\/uploads\/2024\/11\/logo_sosa_big.png","contentUrl":"https:\/\/www.sosa.cat\/wp-content\/uploads\/2024\/11\/logo_sosa_big.png","width":258,"height":260,"caption":"SOSA"},"image":{"@id":"https:\/\/www.sosa.cat\/fr\/#\/schema\/logo\/image\/"},"sameAs":["https:\/\/www.facebook.com\/SosaIngredients\/","https:\/\/www.instagram.com\/sosaingredients\/","https:\/\/www.youtube.com\/SosaIngredients","https:\/\/www.linkedin.com\/company\/sosa-ingredients\/"]}]}},"_links":{"self":[{"href":"https:\/\/www.sosa.cat\/fr\/wp-json\/wp\/v2\/receta\/37020","targetHints":{"allow":["GET"]}}],"collection":[{"href":"https:\/\/www.sosa.cat\/fr\/wp-json\/wp\/v2\/receta"}],"about":[{"href":"https:\/\/www.sosa.cat\/fr\/wp-json\/wp\/v2\/types\/receta"}],"version-history":[{"count":2,"href":"https:\/\/www.sosa.cat\/fr\/wp-json\/wp\/v2\/receta\/37020\/revisions"}],"predecessor-version":[{"id":67630,"href":"https:\/\/www.sosa.cat\/fr\/wp-json\/wp\/v2\/receta\/37020\/revisions\/67630"}],"wp:featuredmedia":[{"embeddable":true,"href":"https:\/\/www.sosa.cat\/fr\/wp-json\/wp\/v2\/media\/37009"}],"wp:attachment":[{"href":"https:\/\/www.sosa.cat\/fr\/wp-json\/wp\/v2\/media?parent=37020"}],"wp:term":[{"taxonomy":"autor-receta","embeddable":true,"href":"https:\/\/www.sosa.cat\/fr\/wp-json\/wp\/v2\/autor-receta?post=37020"},{"taxonomy":"receta-categorias","embeddable":true,"href":"https:\/\/www.sosa.cat\/fr\/wp-json\/wp\/v2\/receta-categorias?post=37020"},{"taxonomy":"especialidad","embeddable":true,"href":"https:\/\/www.sosa.cat\/fr\/wp-json\/wp\/v2\/especialidad?post=37020"},{"taxonomy":"tecnica-y-aplicacion","embeddable":true,"href":"https:\/\/www.sosa.cat\/fr\/wp-json\/wp\/v2\/tecnica-y-aplicacion?post=37020"}],"curies":[{"name":"wp","href":"https:\/\/api.w.org\/{rel}","templated":true}]}}