{"id":36880,"date":"2023-09-12T17:24:41","date_gmt":"2023-09-12T15:24:41","guid":{"rendered":"https:\/\/www.sosa.cat\/recetas\/le-tigre-fraise-charlotte-clery\/"},"modified":"2026-04-17T15:27:12","modified_gmt":"2026-04-17T13:27:12","slug":"cakes-rellenos-fresa","status":"publish","type":"receta","link":"https:\/\/www.sosa.cat\/fr\/recettes\/cakes-rellenos-fresa\/","title":{"rendered":"Le Tigr\u00e9 Fraise Charlotte &amp; Cl\u00e9ry"},"content":{"rendered":"\n<p>\u00c0 cette occasion, nous partageons avec vous une recette tir\u00e9e directement de leur livret de recettes sp\u00e9cial : <a href=\"https:\/\/www.adamance.fr\/les-gateaux-de-voyage-aux-fruits\/\" target=\"_blank\" rel=\"noreferrer noopener\">Les g\u00e2teaux devoyage aux fruits ;<\/a> de la marque <strong>Adamance<\/strong>. Il s&rsquo;agit des <strong>Le Tigr\u00e9 Fraise Charlotte &amp; Cl\u00e9ry<\/strong> une proposition fra\u00eeche et d\u00e9licieuse qui rompt avec les sch\u00e9mas traditionnels de ce type d&rsquo;\u00e9laborations.<\/p>\n\n<p><strong>Pourquoi les g\u00e2teaux de voyage aux fruits ?<\/strong>  Traditionnellement, ces produits se concentrent sur les trois m\u00eames saveurs : citron, orange et framboise. En outre, les techniques les plus couramment utilis\u00e9es &#8211; telles que les confits ou les compotes &#8211; ont tendance \u00e0 trop cuire les fruits, ce qui donne des pr\u00e9parations tr\u00e8s sucr\u00e9es o\u00f9 la saveur naturelle ne s&rsquo;exprime que tr\u00e8s peu.<\/p>\n\n<p>Le d\u00e9fi du livre de recettes \u00e9tait clair : <em>intensifier le vrai go\u00fbt du fruit, diversifier les vari\u00e9t\u00e9s utilis\u00e9es et offrir de nouvelles exp\u00e9riences aux clients.<\/em> Pour ce faire, <strong>Adamance <\/strong>s&rsquo;appuie sur des fruits tels que les fraises Charlotte et Cl\u00e9ry, s\u00e9lectionn\u00e9es pour leur intensit\u00e9 aromatique et leur fra\u00eecheur.<\/p>\n\n<p>Techniquement, ce livre de recettes s&rsquo;appuie sur des solutions telles que la <strong>gomme Gellan,<\/strong> un g\u00e9lifiant id\u00e9al pour obtenir des textures pr\u00e9cises qui respectent la saveur du fruit sans exc\u00e8s de sucre ou de cuisson.<\/p>\n","protected":false},"featured_media":36874,"template":"","meta":{"_acf_changed":false,"inline_featured_image":false},"autor-receta":[],"receta-categorias":[272,281],"especialidad":[284],"tecnica-y-aplicacion":[755,756],"class_list":["post-36880","receta","type-receta","status-publish","has-post-thumbnail","hentry","receta-categorias-fruits-secs","receta-categorias-texturants","especialidad-doux","tecnica-y-aplicacion-gelatine-fr","tecnica-y-aplicacion-gateau"],"acf":[],"yoast_head":"<!-- This site is optimized with the Yoast SEO plugin v27.4 - https:\/\/yoast.com\/product\/yoast-seo-wordpress\/ -->\n<title>Le Tigr\u00e9 Fraise Charlotte &amp; Cl\u00e9ry - Sosa<\/title>\n<meta name=\"description\" content=\"l s&#039;agit des Le Tigr\u00e9 Fraise Charlotte &amp; Cl\u00e9ry une proposition fra\u00eeche et d\u00e9licieuse qui rompt avec les sch\u00e9mas traditionnels de ce type d&#039;\u00e9laborations.\" \/>\n<meta name=\"robots\" content=\"index, follow, max-snippet:-1, max-image-preview:large, max-video-preview:-1\" \/>\n<link rel=\"canonical\" href=\"https:\/\/www.sosa.cat\/fr\/recettes\/cakes-rellenos-fresa\/\" \/>\n<meta property=\"og:locale\" content=\"fr_FR\" \/>\n<meta property=\"og:type\" content=\"article\" \/>\n<meta property=\"og:title\" content=\"Le Tigr\u00e9 Fraise Charlotte &amp; Cl\u00e9ry - Sosa\" \/>\n<meta property=\"og:description\" content=\"l s&#039;agit des Le Tigr\u00e9 Fraise Charlotte &amp; Cl\u00e9ry une proposition fra\u00eeche et d\u00e9licieuse qui rompt avec les sch\u00e9mas traditionnels de ce type d&#039;\u00e9laborations.\" \/>\n<meta property=\"og:url\" content=\"https:\/\/www.sosa.cat\/fr\/recettes\/cakes-rellenos-fresa\/\" \/>\n<meta property=\"og:site_name\" content=\"Sosa\" \/>\n<meta property=\"article:publisher\" content=\"https:\/\/www.facebook.com\/SosaIngredients\/\" \/>\n<meta property=\"article:modified_time\" content=\"2026-04-17T13:27:12+00:00\" \/>\n<meta property=\"og:image\" content=\"https:\/\/www.sosa.cat\/wp-content\/uploads\/2023\/09\/cake-gelificado-charlotte.png\" \/>\n\t<meta property=\"og:image:width\" content=\"600\" \/>\n\t<meta property=\"og:image:height\" content=\"600\" \/>\n\t<meta property=\"og:image:type\" content=\"image\/png\" \/>\n<meta name=\"twitter:card\" content=\"summary_large_image\" \/>\n<meta name=\"twitter:label1\" content=\"Dur\u00e9e de lecture estim\u00e9e\" \/>\n\t<meta name=\"twitter:data1\" content=\"2 minute\" \/>\n<script type=\"application\/ld+json\" class=\"yoast-schema-graph\">{\"@context\":\"https:\\\/\\\/schema.org\",\"@graph\":[{\"@type\":\"WebPage\",\"@id\":\"https:\\\/\\\/www.sosa.cat\\\/fr\\\/recettes\\\/cakes-rellenos-fresa\\\/\",\"url\":\"https:\\\/\\\/www.sosa.cat\\\/fr\\\/recettes\\\/cakes-rellenos-fresa\\\/\",\"name\":\"Le Tigr\u00e9 Fraise Charlotte &amp; Cl\u00e9ry - Sosa\",\"isPartOf\":{\"@id\":\"https:\\\/\\\/www.sosa.cat\\\/fr\\\/#website\"},\"primaryImageOfPage\":{\"@id\":\"https:\\\/\\\/www.sosa.cat\\\/fr\\\/recettes\\\/cakes-rellenos-fresa\\\/#primaryimage\"},\"image\":{\"@id\":\"https:\\\/\\\/www.sosa.cat\\\/fr\\\/recettes\\\/cakes-rellenos-fresa\\\/#primaryimage\"},\"thumbnailUrl\":\"https:\\\/\\\/www.sosa.cat\\\/wp-content\\\/uploads\\\/2023\\\/09\\\/cake-gelificado-charlotte.png\",\"datePublished\":\"2023-09-12T15:24:41+00:00\",\"dateModified\":\"2026-04-17T13:27:12+00:00\",\"description\":\"l s'agit des Le Tigr\u00e9 Fraise Charlotte & Cl\u00e9ry une proposition fra\u00eeche et d\u00e9licieuse qui rompt avec les sch\u00e9mas traditionnels de ce type d'\u00e9laborations.\",\"breadcrumb\":{\"@id\":\"https:\\\/\\\/www.sosa.cat\\\/fr\\\/recettes\\\/cakes-rellenos-fresa\\\/#breadcrumb\"},\"inLanguage\":\"fr-FR\",\"potentialAction\":[{\"@type\":\"ReadAction\",\"target\":[\"https:\\\/\\\/www.sosa.cat\\\/fr\\\/recettes\\\/cakes-rellenos-fresa\\\/\"]}]},{\"@type\":\"ImageObject\",\"inLanguage\":\"fr-FR\",\"@id\":\"https:\\\/\\\/www.sosa.cat\\\/fr\\\/recettes\\\/cakes-rellenos-fresa\\\/#primaryimage\",\"url\":\"https:\\\/\\\/www.sosa.cat\\\/wp-content\\\/uploads\\\/2023\\\/09\\\/cake-gelificado-charlotte.png\",\"contentUrl\":\"https:\\\/\\\/www.sosa.cat\\\/wp-content\\\/uploads\\\/2023\\\/09\\\/cake-gelificado-charlotte.png\",\"width\":600,\"height\":600},{\"@type\":\"BreadcrumbList\",\"@id\":\"https:\\\/\\\/www.sosa.cat\\\/fr\\\/recettes\\\/cakes-rellenos-fresa\\\/#breadcrumb\",\"itemListElement\":[{\"@type\":\"ListItem\",\"position\":1,\"name\":\"Accueil\",\"item\":\"https:\\\/\\\/www.sosa.cat\\\/fr\\\/\"},{\"@type\":\"ListItem\",\"position\":2,\"name\":\"Recettes\",\"item\":\"https:\\\/\\\/www.sosa.cat\\\/fr\\\/recettes\\\/\"},{\"@type\":\"ListItem\",\"position\":3,\"name\":\"Fruits Secs\",\"item\":\"https:\\\/\\\/www.sosa.cat\\\/fr\\\/categories-recettes\\\/fruits-secs\\\/\"},{\"@type\":\"ListItem\",\"position\":4,\"name\":\"Le Tigr\u00e9 Fraise Charlotte &amp; Cl\u00e9ry\"}]},{\"@type\":\"WebSite\",\"@id\":\"https:\\\/\\\/www.sosa.cat\\\/fr\\\/#website\",\"url\":\"https:\\\/\\\/www.sosa.cat\\\/fr\\\/\",\"name\":\"Sosa Ingredients\",\"description\":\"\",\"publisher\":{\"@id\":\"https:\\\/\\\/www.sosa.cat\\\/fr\\\/#organization\"},\"potentialAction\":[{\"@type\":\"SearchAction\",\"target\":{\"@type\":\"EntryPoint\",\"urlTemplate\":\"https:\\\/\\\/www.sosa.cat\\\/fr\\\/?s={search_term_string}\"},\"query-input\":{\"@type\":\"PropertyValueSpecification\",\"valueRequired\":true,\"valueName\":\"search_term_string\"}}],\"inLanguage\":\"fr-FR\"},{\"@type\":\"Organization\",\"@id\":\"https:\\\/\\\/www.sosa.cat\\\/fr\\\/#organization\",\"name\":\"SOSA\",\"url\":\"https:\\\/\\\/www.sosa.cat\\\/fr\\\/\",\"logo\":{\"@type\":\"ImageObject\",\"inLanguage\":\"fr-FR\",\"@id\":\"https:\\\/\\\/www.sosa.cat\\\/fr\\\/#\\\/schema\\\/logo\\\/image\\\/\",\"url\":\"https:\\\/\\\/www.sosa.cat\\\/wp-content\\\/uploads\\\/2024\\\/11\\\/logo_sosa_big.png\",\"contentUrl\":\"https:\\\/\\\/www.sosa.cat\\\/wp-content\\\/uploads\\\/2024\\\/11\\\/logo_sosa_big.png\",\"width\":258,\"height\":260,\"caption\":\"SOSA\"},\"image\":{\"@id\":\"https:\\\/\\\/www.sosa.cat\\\/fr\\\/#\\\/schema\\\/logo\\\/image\\\/\"},\"sameAs\":[\"https:\\\/\\\/www.facebook.com\\\/SosaIngredients\\\/\",\"https:\\\/\\\/www.instagram.com\\\/sosaingredients\\\/\",\"https:\\\/\\\/www.youtube.com\\\/SosaIngredients\",\"https:\\\/\\\/www.linkedin.com\\\/company\\\/sosa-ingredients\\\/\"]}]}<\/script>\n<!-- \/ Yoast SEO plugin. -->","yoast_head_json":{"title":"Le Tigr\u00e9 Fraise Charlotte &amp; Cl\u00e9ry - Sosa","description":"l s'agit des Le Tigr\u00e9 Fraise Charlotte & Cl\u00e9ry une proposition fra\u00eeche et d\u00e9licieuse qui rompt avec les sch\u00e9mas traditionnels de ce type d'\u00e9laborations.","robots":{"index":"index","follow":"follow","max-snippet":"max-snippet:-1","max-image-preview":"max-image-preview:large","max-video-preview":"max-video-preview:-1"},"canonical":"https:\/\/www.sosa.cat\/fr\/recettes\/cakes-rellenos-fresa\/","og_locale":"fr_FR","og_type":"article","og_title":"Le Tigr\u00e9 Fraise Charlotte &amp; Cl\u00e9ry - Sosa","og_description":"l s'agit des Le Tigr\u00e9 Fraise Charlotte & Cl\u00e9ry une proposition fra\u00eeche et d\u00e9licieuse qui rompt avec les sch\u00e9mas traditionnels de ce type d'\u00e9laborations.","og_url":"https:\/\/www.sosa.cat\/fr\/recettes\/cakes-rellenos-fresa\/","og_site_name":"Sosa","article_publisher":"https:\/\/www.facebook.com\/SosaIngredients\/","article_modified_time":"2026-04-17T13:27:12+00:00","og_image":[{"width":600,"height":600,"url":"https:\/\/www.sosa.cat\/wp-content\/uploads\/2023\/09\/cake-gelificado-charlotte.png","type":"image\/png"}],"twitter_card":"summary_large_image","twitter_misc":{"Dur\u00e9e de lecture estim\u00e9e":"2 minute"},"schema":{"@context":"https:\/\/schema.org","@graph":[{"@type":"WebPage","@id":"https:\/\/www.sosa.cat\/fr\/recettes\/cakes-rellenos-fresa\/","url":"https:\/\/www.sosa.cat\/fr\/recettes\/cakes-rellenos-fresa\/","name":"Le Tigr\u00e9 Fraise Charlotte &amp; Cl\u00e9ry - Sosa","isPartOf":{"@id":"https:\/\/www.sosa.cat\/fr\/#website"},"primaryImageOfPage":{"@id":"https:\/\/www.sosa.cat\/fr\/recettes\/cakes-rellenos-fresa\/#primaryimage"},"image":{"@id":"https:\/\/www.sosa.cat\/fr\/recettes\/cakes-rellenos-fresa\/#primaryimage"},"thumbnailUrl":"https:\/\/www.sosa.cat\/wp-content\/uploads\/2023\/09\/cake-gelificado-charlotte.png","datePublished":"2023-09-12T15:24:41+00:00","dateModified":"2026-04-17T13:27:12+00:00","description":"l s'agit des Le Tigr\u00e9 Fraise Charlotte & Cl\u00e9ry une proposition fra\u00eeche et d\u00e9licieuse qui rompt avec les sch\u00e9mas traditionnels de ce type d'\u00e9laborations.","breadcrumb":{"@id":"https:\/\/www.sosa.cat\/fr\/recettes\/cakes-rellenos-fresa\/#breadcrumb"},"inLanguage":"fr-FR","potentialAction":[{"@type":"ReadAction","target":["https:\/\/www.sosa.cat\/fr\/recettes\/cakes-rellenos-fresa\/"]}]},{"@type":"ImageObject","inLanguage":"fr-FR","@id":"https:\/\/www.sosa.cat\/fr\/recettes\/cakes-rellenos-fresa\/#primaryimage","url":"https:\/\/www.sosa.cat\/wp-content\/uploads\/2023\/09\/cake-gelificado-charlotte.png","contentUrl":"https:\/\/www.sosa.cat\/wp-content\/uploads\/2023\/09\/cake-gelificado-charlotte.png","width":600,"height":600},{"@type":"BreadcrumbList","@id":"https:\/\/www.sosa.cat\/fr\/recettes\/cakes-rellenos-fresa\/#breadcrumb","itemListElement":[{"@type":"ListItem","position":1,"name":"Accueil","item":"https:\/\/www.sosa.cat\/fr\/"},{"@type":"ListItem","position":2,"name":"Recettes","item":"https:\/\/www.sosa.cat\/fr\/recettes\/"},{"@type":"ListItem","position":3,"name":"Fruits Secs","item":"https:\/\/www.sosa.cat\/fr\/categories-recettes\/fruits-secs\/"},{"@type":"ListItem","position":4,"name":"Le Tigr\u00e9 Fraise Charlotte &amp; Cl\u00e9ry"}]},{"@type":"WebSite","@id":"https:\/\/www.sosa.cat\/fr\/#website","url":"https:\/\/www.sosa.cat\/fr\/","name":"Sosa Ingredients","description":"","publisher":{"@id":"https:\/\/www.sosa.cat\/fr\/#organization"},"potentialAction":[{"@type":"SearchAction","target":{"@type":"EntryPoint","urlTemplate":"https:\/\/www.sosa.cat\/fr\/?s={search_term_string}"},"query-input":{"@type":"PropertyValueSpecification","valueRequired":true,"valueName":"search_term_string"}}],"inLanguage":"fr-FR"},{"@type":"Organization","@id":"https:\/\/www.sosa.cat\/fr\/#organization","name":"SOSA","url":"https:\/\/www.sosa.cat\/fr\/","logo":{"@type":"ImageObject","inLanguage":"fr-FR","@id":"https:\/\/www.sosa.cat\/fr\/#\/schema\/logo\/image\/","url":"https:\/\/www.sosa.cat\/wp-content\/uploads\/2024\/11\/logo_sosa_big.png","contentUrl":"https:\/\/www.sosa.cat\/wp-content\/uploads\/2024\/11\/logo_sosa_big.png","width":258,"height":260,"caption":"SOSA"},"image":{"@id":"https:\/\/www.sosa.cat\/fr\/#\/schema\/logo\/image\/"},"sameAs":["https:\/\/www.facebook.com\/SosaIngredients\/","https:\/\/www.instagram.com\/sosaingredients\/","https:\/\/www.youtube.com\/SosaIngredients","https:\/\/www.linkedin.com\/company\/sosa-ingredients\/"]}]}},"_links":{"self":[{"href":"https:\/\/www.sosa.cat\/fr\/wp-json\/wp\/v2\/receta\/36880","targetHints":{"allow":["GET"]}}],"collection":[{"href":"https:\/\/www.sosa.cat\/fr\/wp-json\/wp\/v2\/receta"}],"about":[{"href":"https:\/\/www.sosa.cat\/fr\/wp-json\/wp\/v2\/types\/receta"}],"version-history":[{"count":2,"href":"https:\/\/www.sosa.cat\/fr\/wp-json\/wp\/v2\/receta\/36880\/revisions"}],"predecessor-version":[{"id":67666,"href":"https:\/\/www.sosa.cat\/fr\/wp-json\/wp\/v2\/receta\/36880\/revisions\/67666"}],"wp:featuredmedia":[{"embeddable":true,"href":"https:\/\/www.sosa.cat\/fr\/wp-json\/wp\/v2\/media\/36874"}],"wp:attachment":[{"href":"https:\/\/www.sosa.cat\/fr\/wp-json\/wp\/v2\/media?parent=36880"}],"wp:term":[{"taxonomy":"autor-receta","embeddable":true,"href":"https:\/\/www.sosa.cat\/fr\/wp-json\/wp\/v2\/autor-receta?post=36880"},{"taxonomy":"receta-categorias","embeddable":true,"href":"https:\/\/www.sosa.cat\/fr\/wp-json\/wp\/v2\/receta-categorias?post=36880"},{"taxonomy":"especialidad","embeddable":true,"href":"https:\/\/www.sosa.cat\/fr\/wp-json\/wp\/v2\/especialidad?post=36880"},{"taxonomy":"tecnica-y-aplicacion","embeddable":true,"href":"https:\/\/www.sosa.cat\/fr\/wp-json\/wp\/v2\/tecnica-y-aplicacion?post=36880"}],"curies":[{"name":"wp","href":"https:\/\/api.w.org\/{rel}","templated":true}]}}