{"id":34606,"date":"2024-08-22T05:00:00","date_gmt":"2024-08-22T03:00:00","guid":{"rendered":"https:\/\/www.sosa.cat\/recetas\/sphere-de-mojito\/"},"modified":"2026-04-22T14:29:59","modified_gmt":"2026-04-22T12:29:59","slug":"esfera-de-mojito","status":"publish","type":"receta","link":"https:\/\/www.sosa.cat\/fr\/recettes\/esfera-de-mojito\/","title":{"rendered":"Sph\u00e8re de Mojito"},"content":{"rendered":"\n<p>Aujourd&rsquo;hui, nous avons le plaisir de vous pr\u00e9senter un dossier d&rsquo;<strong>inspiration estivale <\/strong>r\u00e9alis\u00e9 par le c\u00e9l\u00e8bre chef <strong>Carles Mampel, <\/strong>un collaborateur de confiance avec lequel nous travaillons depuis de nombreuses ann\u00e9es. Carles Mampel est une r\u00e9f\u00e9rence en mati\u00e8re de p\u00e2tisserie en Espagne et dans le monde, connu pour sa<em> cr\u00e9ativit\u00e9 et sa capacit\u00e9 \u00e0 transformer les ingr\u00e9dients en authentiques \u0153uvres d&rsquo;art. <\/em>  <\/p>\n\n<h2 class=\"wp-block-heading\">Sph\u00e8re de mojito : l&rsquo;essence de l&rsquo;\u00e9t\u00e9<\/h2>\n\n<p>L&rsquo;une des cr\u00e9ations les plus remarquables de cette collaboration est la <strong><mark class=\"has-inline-color\" style=\"background-color: rgba(0, 0, 0, 0); color: #00cfab;\">\u00ab\u00a0Sph\u00e8re de Mojito\u00a0\u00bb.<\/mark><\/strong> Ce dessert encapsule parfaitement la fra\u00eecheur et la vivacit\u00e9 de l&rsquo;\u00e9t\u00e9, en combinant des saveurs rafra\u00eechissantes. Dans cette recette, <strong>Carles Mampel<\/strong> a utilis\u00e9 une vari\u00e9t\u00e9 de g\u00e9lifiants qui se distinguent par leurs propri\u00e9t\u00e9s uniques et leur capacit\u00e9 \u00e0 transformer les textures. Parmi eux, on trouve\u00a0:<\/p>\n\n<ul class=\"wp-block-list\">\n<li><a href=\"https:\/\/www.sosa.cat\/fr\/produit\/agar-agar\/\" target=\"_blank\" rel=\"noreferrer noopener\"><strong>Agar-agar<\/strong>: <\/a>g\u00e9lifiant v\u00e9g\u00e9tal connu pour son pouvoir g\u00e9lifiant et sa transparence.<\/li>\n\n\n\n<li><a href=\"https:\/\/www.sosa.cat\/fr\/produit\/freeze-veggie-gel\/\" target=\"_blank\" rel=\"noreferrer noopener\"><strong>Freeze Veggie Gel<\/strong>:<\/a> Id\u00e9al pour cr\u00e9er des g\u00e9latines stables qui r\u00e9sistent \u00e0 la cong\u00e9lation et \u00e0 la d\u00e9cong\u00e9lation, parfaites pour les pr\u00e9parations froides.<\/li>\n\n\n\n<li><a href=\"https:\/\/www.sosa.cat\/fr\/produit\/gelatine-bovine\/\" target=\"_blank\" rel=\"noreferrer noopener\"><strong>G\u00e9latine bovine<\/strong>:<\/a> classique et polyvalente, elle conf\u00e8re une texture douce et mall\u00e9able aux pr\u00e9parations.<\/li>\n<\/ul>\n\n<p>Ces techniques et g\u00e9lifiants cr\u00e9ent une exp\u00e9rience sensorielle unique, o\u00f9 chaque sph\u00e8re de mojito devient une explosion de saveur et de fra\u00eecheur, id\u00e9ale pour les journ\u00e9es ensoleill\u00e9es et les chaudes nuits d&rsquo;\u00e9t\u00e9.<\/p>\n\n<h2 class=\"wp-block-heading\">Download \u00ab\u00a0P\u00e2tisserie d&rsquo;\u00e9t\u00e9\u00a0\u00bb by Carles Mampel<\/h2>\n\n<p>Pour ceux qui souhaitent ajouter une touche estivale \u00e0 leurs desserts, nous vous invitons \u00e0 t\u00e9l\u00e9charger le dossier intitul\u00e9 <strong>\u00ab P\u00e2tisserie d \u201c\u00e9t\u00e9\u201d<\/strong>, con\u00e7u par Carles Mampel. Ce dossier contient 4 recettes qui capturent l&rsquo;essence du beau temps et la joie de l \u00bb \u00e9t\u00e9. Chaque recette a \u00e9t\u00e9 minutieusement \u00e9labor\u00e9e pour inspirer et stimuler votre cr\u00e9ativit\u00e9 en cuisine.  <\/p>\n\n<p>Ne manquez pas l&rsquo;occasion d&rsquo;enrichir votre r\u00e9pertoire culinaire avec ces cr\u00e9ations estivales inspirantes. T\u00e9l\u00e9chargez le dossier et d\u00e9couvrez comment les ingr\u00e9dients de <strong>Sosa Ingredients<\/strong> et le talent de Carles Mampel peuvent transformer votre p\u00e2tisserie. <\/p>\n\n<div class=\"wp-block-buttons is-content-justification-center is-layout-flex wp-container-core-buttons-is-layout-a89b3969 wp-block-buttons-is-layout-flex\">\n<div class=\"wp-block-button\"><a class=\"wp-block-button__link wp-element-button\" href=\"https:\/\/www.sosa.cat\/?sdm_process_download=1&amp;download_id=23868\" target=\"_blank\" rel=\"noreferrer noopener\">T\u00c9L\u00c9CHARGER LA P\u00c2TISSERIE D&rsquo;\u00c9T\u00c9<\/a><\/div>\n<\/div>\n\n<h3 class=\"wp-block-heading\">D\u00e9monstration sur YouTube : Carles Mampel et \u00ab Pasteler\u00eda de Verano \u00bb.<\/h3>\n\n<p>En outre, pour ceux qui pr\u00e9f\u00e8rent un guide visuel, nous vous invitons \u00e0 regarder une vid\u00e9o exclusive sur notre cha\u00eene YouTube, o\u00f9 <strong>Carles Mampel<\/strong> fait une d\u00e9monstration pas \u00e0 pas des recettes du livret de recettes <strong>\u00ab\u00a0P\u00e2tisserie d&rsquo;\u00e9t\u00e9\u00a0\u00bb<\/strong>. Ne manquez pas cette occasion d&rsquo;apprendre directement du ma\u00eetre et de voir en action les techniques et les ingr\u00e9dients qui feront de vos cr\u00e9ations estivales un succ\u00e8s. <\/p>\n\n<figure class=\"wp-block-embed is-type-video is-provider-youtube wp-block-embed-youtube wp-embed-aspect-16-9 wp-has-aspect-ratio\"><div class=\"wp-block-embed__wrapper\">\n<iframe title=\"\u2600\ufe0fPASTELER\u00cdA DE VERANO por Carles Mampel\" width=\"800\" height=\"450\" src=\"https:\/\/www.youtube.com\/embed\/5NmP6Es8iuE?feature=oembed\" frameborder=\"0\" allow=\"accelerometer; autoplay; clipboard-write; encrypted-media; gyroscope; picture-in-picture; web-share\" referrerpolicy=\"strict-origin-when-cross-origin\" allowfullscreen><\/iframe>\n<\/div><\/figure>\n","protected":false},"featured_media":10342,"template":"","meta":{"_acf_changed":false,"inline_featured_image":false},"autor-receta":[1146],"receta-categorias":[281],"especialidad":[284],"tecnica-y-aplicacion":[755],"class_list":["post-34606","receta","type-receta","status-publish","has-post-thumbnail","hentry","autor-receta-carles-mampel","receta-categorias-texturants","especialidad-doux","tecnica-y-aplicacion-gelatine-fr"],"acf":[],"yoast_head":"<!-- This site is optimized with the Yoast SEO plugin v27.4 - https:\/\/yoast.com\/product\/yoast-seo-wordpress\/ -->\n<title>Sph\u00e8re de Mojito - Sosa<\/title>\n<meta name=\"description\" content=\"La &quot;sph\u00e8re \u00e0 mojito&quot; de Carles Mampel incarne parfaitement la fra\u00eecheur et la vivacit\u00e9 de l&#039;\u00e9t\u00e9, en combinant des saveurs rafra\u00eechissantes.\" \/>\n<meta name=\"robots\" content=\"index, follow, max-snippet:-1, max-image-preview:large, max-video-preview:-1\" \/>\n<link rel=\"canonical\" href=\"https:\/\/www.sosa.cat\/fr\/recettes\/esfera-de-mojito\/\" \/>\n<meta property=\"og:locale\" content=\"fr_FR\" \/>\n<meta property=\"og:type\" content=\"article\" \/>\n<meta property=\"og:title\" content=\"Sph\u00e8re de Mojito - Sosa\" \/>\n<meta property=\"og:description\" content=\"La &quot;sph\u00e8re \u00e0 mojito&quot; de Carles Mampel incarne parfaitement la fra\u00eecheur et la vivacit\u00e9 de l&#039;\u00e9t\u00e9, en combinant des saveurs rafra\u00eechissantes.\" \/>\n<meta property=\"og:url\" content=\"https:\/\/www.sosa.cat\/fr\/recettes\/esfera-de-mojito\/\" \/>\n<meta property=\"og:site_name\" content=\"Sosa\" \/>\n<meta property=\"article:publisher\" content=\"https:\/\/www.facebook.com\/SosaIngredients\/\" \/>\n<meta property=\"article:modified_time\" content=\"2026-04-22T12:29:59+00:00\" \/>\n<meta property=\"og:image\" content=\"https:\/\/www.sosa.cat\/wp-content\/uploads\/2025\/01\/esfera-mojito-carles-mampel.jpg\" \/>\n\t<meta property=\"og:image:width\" content=\"600\" \/>\n\t<meta property=\"og:image:height\" content=\"600\" \/>\n\t<meta property=\"og:image:type\" content=\"image\/jpeg\" \/>\n<meta name=\"twitter:card\" content=\"summary_large_image\" \/>\n<meta name=\"twitter:label1\" content=\"Dur\u00e9e de lecture estim\u00e9e\" \/>\n\t<meta name=\"twitter:data1\" content=\"2 minute\" \/>\n<script type=\"application\/ld+json\" class=\"yoast-schema-graph\">{\"@context\":\"https:\\\/\\\/schema.org\",\"@graph\":[{\"@type\":\"WebPage\",\"@id\":\"https:\\\/\\\/www.sosa.cat\\\/fr\\\/recettes\\\/esfera-de-mojito\\\/\",\"url\":\"https:\\\/\\\/www.sosa.cat\\\/fr\\\/recettes\\\/esfera-de-mojito\\\/\",\"name\":\"Sph\u00e8re de Mojito - Sosa\",\"isPartOf\":{\"@id\":\"https:\\\/\\\/www.sosa.cat\\\/fr\\\/#website\"},\"primaryImageOfPage\":{\"@id\":\"https:\\\/\\\/www.sosa.cat\\\/fr\\\/recettes\\\/esfera-de-mojito\\\/#primaryimage\"},\"image\":{\"@id\":\"https:\\\/\\\/www.sosa.cat\\\/fr\\\/recettes\\\/esfera-de-mojito\\\/#primaryimage\"},\"thumbnailUrl\":\"https:\\\/\\\/www.sosa.cat\\\/wp-content\\\/uploads\\\/2025\\\/01\\\/esfera-mojito-carles-mampel.jpg\",\"datePublished\":\"2024-08-22T03:00:00+00:00\",\"dateModified\":\"2026-04-22T12:29:59+00:00\",\"description\":\"La \\\"sph\u00e8re \u00e0 mojito\\\" de Carles Mampel incarne parfaitement la fra\u00eecheur et la vivacit\u00e9 de l'\u00e9t\u00e9, en combinant des saveurs rafra\u00eechissantes.\",\"breadcrumb\":{\"@id\":\"https:\\\/\\\/www.sosa.cat\\\/fr\\\/recettes\\\/esfera-de-mojito\\\/#breadcrumb\"},\"inLanguage\":\"fr-FR\",\"potentialAction\":[{\"@type\":\"ReadAction\",\"target\":[\"https:\\\/\\\/www.sosa.cat\\\/fr\\\/recettes\\\/esfera-de-mojito\\\/\"]}]},{\"@type\":\"ImageObject\",\"inLanguage\":\"fr-FR\",\"@id\":\"https:\\\/\\\/www.sosa.cat\\\/fr\\\/recettes\\\/esfera-de-mojito\\\/#primaryimage\",\"url\":\"https:\\\/\\\/www.sosa.cat\\\/wp-content\\\/uploads\\\/2025\\\/01\\\/esfera-mojito-carles-mampel.jpg\",\"contentUrl\":\"https:\\\/\\\/www.sosa.cat\\\/wp-content\\\/uploads\\\/2025\\\/01\\\/esfera-mojito-carles-mampel.jpg\",\"width\":600,\"height\":600},{\"@type\":\"BreadcrumbList\",\"@id\":\"https:\\\/\\\/www.sosa.cat\\\/fr\\\/recettes\\\/esfera-de-mojito\\\/#breadcrumb\",\"itemListElement\":[{\"@type\":\"ListItem\",\"position\":1,\"name\":\"Accueil\",\"item\":\"https:\\\/\\\/www.sosa.cat\\\/fr\\\/\"},{\"@type\":\"ListItem\",\"position\":2,\"name\":\"Recettes\",\"item\":\"https:\\\/\\\/www.sosa.cat\\\/fr\\\/recettes\\\/\"},{\"@type\":\"ListItem\",\"position\":3,\"name\":\"Texturants\",\"item\":\"https:\\\/\\\/www.sosa.cat\\\/fr\\\/categories-recettes\\\/texturants\\\/\"},{\"@type\":\"ListItem\",\"position\":4,\"name\":\"Sph\u00e8re de Mojito\"}]},{\"@type\":\"WebSite\",\"@id\":\"https:\\\/\\\/www.sosa.cat\\\/fr\\\/#website\",\"url\":\"https:\\\/\\\/www.sosa.cat\\\/fr\\\/\",\"name\":\"Sosa Ingredients\",\"description\":\"\",\"publisher\":{\"@id\":\"https:\\\/\\\/www.sosa.cat\\\/fr\\\/#organization\"},\"potentialAction\":[{\"@type\":\"SearchAction\",\"target\":{\"@type\":\"EntryPoint\",\"urlTemplate\":\"https:\\\/\\\/www.sosa.cat\\\/fr\\\/?s={search_term_string}\"},\"query-input\":{\"@type\":\"PropertyValueSpecification\",\"valueRequired\":true,\"valueName\":\"search_term_string\"}}],\"inLanguage\":\"fr-FR\"},{\"@type\":\"Organization\",\"@id\":\"https:\\\/\\\/www.sosa.cat\\\/fr\\\/#organization\",\"name\":\"SOSA\",\"url\":\"https:\\\/\\\/www.sosa.cat\\\/fr\\\/\",\"logo\":{\"@type\":\"ImageObject\",\"inLanguage\":\"fr-FR\",\"@id\":\"https:\\\/\\\/www.sosa.cat\\\/fr\\\/#\\\/schema\\\/logo\\\/image\\\/\",\"url\":\"https:\\\/\\\/www.sosa.cat\\\/wp-content\\\/uploads\\\/2024\\\/11\\\/logo_sosa_big.png\",\"contentUrl\":\"https:\\\/\\\/www.sosa.cat\\\/wp-content\\\/uploads\\\/2024\\\/11\\\/logo_sosa_big.png\",\"width\":258,\"height\":260,\"caption\":\"SOSA\"},\"image\":{\"@id\":\"https:\\\/\\\/www.sosa.cat\\\/fr\\\/#\\\/schema\\\/logo\\\/image\\\/\"},\"sameAs\":[\"https:\\\/\\\/www.facebook.com\\\/SosaIngredients\\\/\",\"https:\\\/\\\/www.instagram.com\\\/sosaingredients\\\/\",\"https:\\\/\\\/www.youtube.com\\\/SosaIngredients\",\"https:\\\/\\\/www.linkedin.com\\\/company\\\/sosa-ingredients\\\/\"]}]}<\/script>\n<!-- \/ Yoast SEO plugin. -->","yoast_head_json":{"title":"Sph\u00e8re de Mojito - Sosa","description":"La \"sph\u00e8re \u00e0 mojito\" de Carles Mampel incarne parfaitement la fra\u00eecheur et la vivacit\u00e9 de l'\u00e9t\u00e9, en combinant des saveurs rafra\u00eechissantes.","robots":{"index":"index","follow":"follow","max-snippet":"max-snippet:-1","max-image-preview":"max-image-preview:large","max-video-preview":"max-video-preview:-1"},"canonical":"https:\/\/www.sosa.cat\/fr\/recettes\/esfera-de-mojito\/","og_locale":"fr_FR","og_type":"article","og_title":"Sph\u00e8re de Mojito - Sosa","og_description":"La \"sph\u00e8re \u00e0 mojito\" de Carles Mampel incarne parfaitement la fra\u00eecheur et la vivacit\u00e9 de l'\u00e9t\u00e9, en combinant des saveurs rafra\u00eechissantes.","og_url":"https:\/\/www.sosa.cat\/fr\/recettes\/esfera-de-mojito\/","og_site_name":"Sosa","article_publisher":"https:\/\/www.facebook.com\/SosaIngredients\/","article_modified_time":"2026-04-22T12:29:59+00:00","og_image":[{"width":600,"height":600,"url":"https:\/\/www.sosa.cat\/wp-content\/uploads\/2025\/01\/esfera-mojito-carles-mampel.jpg","type":"image\/jpeg"}],"twitter_card":"summary_large_image","twitter_misc":{"Dur\u00e9e de lecture estim\u00e9e":"2 minute"},"schema":{"@context":"https:\/\/schema.org","@graph":[{"@type":"WebPage","@id":"https:\/\/www.sosa.cat\/fr\/recettes\/esfera-de-mojito\/","url":"https:\/\/www.sosa.cat\/fr\/recettes\/esfera-de-mojito\/","name":"Sph\u00e8re de Mojito - Sosa","isPartOf":{"@id":"https:\/\/www.sosa.cat\/fr\/#website"},"primaryImageOfPage":{"@id":"https:\/\/www.sosa.cat\/fr\/recettes\/esfera-de-mojito\/#primaryimage"},"image":{"@id":"https:\/\/www.sosa.cat\/fr\/recettes\/esfera-de-mojito\/#primaryimage"},"thumbnailUrl":"https:\/\/www.sosa.cat\/wp-content\/uploads\/2025\/01\/esfera-mojito-carles-mampel.jpg","datePublished":"2024-08-22T03:00:00+00:00","dateModified":"2026-04-22T12:29:59+00:00","description":"La \"sph\u00e8re \u00e0 mojito\" de Carles Mampel incarne parfaitement la fra\u00eecheur et la vivacit\u00e9 de l'\u00e9t\u00e9, en combinant des saveurs rafra\u00eechissantes.","breadcrumb":{"@id":"https:\/\/www.sosa.cat\/fr\/recettes\/esfera-de-mojito\/#breadcrumb"},"inLanguage":"fr-FR","potentialAction":[{"@type":"ReadAction","target":["https:\/\/www.sosa.cat\/fr\/recettes\/esfera-de-mojito\/"]}]},{"@type":"ImageObject","inLanguage":"fr-FR","@id":"https:\/\/www.sosa.cat\/fr\/recettes\/esfera-de-mojito\/#primaryimage","url":"https:\/\/www.sosa.cat\/wp-content\/uploads\/2025\/01\/esfera-mojito-carles-mampel.jpg","contentUrl":"https:\/\/www.sosa.cat\/wp-content\/uploads\/2025\/01\/esfera-mojito-carles-mampel.jpg","width":600,"height":600},{"@type":"BreadcrumbList","@id":"https:\/\/www.sosa.cat\/fr\/recettes\/esfera-de-mojito\/#breadcrumb","itemListElement":[{"@type":"ListItem","position":1,"name":"Accueil","item":"https:\/\/www.sosa.cat\/fr\/"},{"@type":"ListItem","position":2,"name":"Recettes","item":"https:\/\/www.sosa.cat\/fr\/recettes\/"},{"@type":"ListItem","position":3,"name":"Texturants","item":"https:\/\/www.sosa.cat\/fr\/categories-recettes\/texturants\/"},{"@type":"ListItem","position":4,"name":"Sph\u00e8re de Mojito"}]},{"@type":"WebSite","@id":"https:\/\/www.sosa.cat\/fr\/#website","url":"https:\/\/www.sosa.cat\/fr\/","name":"Sosa Ingredients","description":"","publisher":{"@id":"https:\/\/www.sosa.cat\/fr\/#organization"},"potentialAction":[{"@type":"SearchAction","target":{"@type":"EntryPoint","urlTemplate":"https:\/\/www.sosa.cat\/fr\/?s={search_term_string}"},"query-input":{"@type":"PropertyValueSpecification","valueRequired":true,"valueName":"search_term_string"}}],"inLanguage":"fr-FR"},{"@type":"Organization","@id":"https:\/\/www.sosa.cat\/fr\/#organization","name":"SOSA","url":"https:\/\/www.sosa.cat\/fr\/","logo":{"@type":"ImageObject","inLanguage":"fr-FR","@id":"https:\/\/www.sosa.cat\/fr\/#\/schema\/logo\/image\/","url":"https:\/\/www.sosa.cat\/wp-content\/uploads\/2024\/11\/logo_sosa_big.png","contentUrl":"https:\/\/www.sosa.cat\/wp-content\/uploads\/2024\/11\/logo_sosa_big.png","width":258,"height":260,"caption":"SOSA"},"image":{"@id":"https:\/\/www.sosa.cat\/fr\/#\/schema\/logo\/image\/"},"sameAs":["https:\/\/www.facebook.com\/SosaIngredients\/","https:\/\/www.instagram.com\/sosaingredients\/","https:\/\/www.youtube.com\/SosaIngredients","https:\/\/www.linkedin.com\/company\/sosa-ingredients\/"]}]}},"_links":{"self":[{"href":"https:\/\/www.sosa.cat\/fr\/wp-json\/wp\/v2\/receta\/34606","targetHints":{"allow":["GET"]}}],"collection":[{"href":"https:\/\/www.sosa.cat\/fr\/wp-json\/wp\/v2\/receta"}],"about":[{"href":"https:\/\/www.sosa.cat\/fr\/wp-json\/wp\/v2\/types\/receta"}],"version-history":[{"count":2,"href":"https:\/\/www.sosa.cat\/fr\/wp-json\/wp\/v2\/receta\/34606\/revisions"}],"predecessor-version":[{"id":67338,"href":"https:\/\/www.sosa.cat\/fr\/wp-json\/wp\/v2\/receta\/34606\/revisions\/67338"}],"wp:featuredmedia":[{"embeddable":true,"href":"https:\/\/www.sosa.cat\/fr\/wp-json\/wp\/v2\/media\/10342"}],"wp:attachment":[{"href":"https:\/\/www.sosa.cat\/fr\/wp-json\/wp\/v2\/media?parent=34606"}],"wp:term":[{"taxonomy":"autor-receta","embeddable":true,"href":"https:\/\/www.sosa.cat\/fr\/wp-json\/wp\/v2\/autor-receta?post=34606"},{"taxonomy":"receta-categorias","embeddable":true,"href":"https:\/\/www.sosa.cat\/fr\/wp-json\/wp\/v2\/receta-categorias?post=34606"},{"taxonomy":"especialidad","embeddable":true,"href":"https:\/\/www.sosa.cat\/fr\/wp-json\/wp\/v2\/especialidad?post=34606"},{"taxonomy":"tecnica-y-aplicacion","embeddable":true,"href":"https:\/\/www.sosa.cat\/fr\/wp-json\/wp\/v2\/tecnica-y-aplicacion?post=34606"}],"curies":[{"name":"wp","href":"https:\/\/api.w.org\/{rel}","templated":true}]}}