{"id":30353,"date":"2025-03-06T08:00:00","date_gmt":"2025-03-06T07:00:00","guid":{"rendered":"https:\/\/www.sosa.cat\/?post_type=receta&#038;p=30353"},"modified":"2026-04-22T14:52:53","modified_gmt":"2026-04-22T12:52:53","slug":"tartaleta-selva-negra","status":"publish","type":"receta","link":"https:\/\/www.sosa.cat\/fr\/recettes\/tartaleta-selva-negra\/","title":{"rendered":"Tartelette For\u00eat Noire"},"content":{"rendered":"\n<p><strong>Tartelette For\u00eat Noire<\/strong> est un chef-d&rsquo;\u0153uvre de p\u00e2tisserie qui met les chefs au d\u00e9fi par son haut niveau technique, en incorporant de multiples sous- recettes qui se combinent pour cr\u00e9er une exp\u00e9rience gustative inoubliable.<\/p>\n\n<p>Dans cette cr\u00e9ation, vous trouverez un <strong>Mascarpone Pannacota<\/strong> enrichi de <strong>Iota<\/strong>, qui donne une texture lisse et cr\u00e9meuse, parfaite pour ravir le palais. La <strong>cr\u00e8me de cerises<\/strong> a \u00e9t\u00e9 pr\u00e9par\u00e9e avec de la <a href=\"https:\/\/www.sosa.cat\/fr\/produit\/pectine-fruit-nh\/\" target=\"_blank\" rel=\"noreferrer noopener\"><strong>pectine Fruit NH<\/strong>, ce qui<\/a> garantit une consistance id\u00e9ale et une saveur fruit\u00e9e intense qui compl\u00e8te parfaitement l&rsquo;ensemble. <\/p>\n\n<p>La touche finale est apport\u00e9e par un <strong>Voile de Chocolat<\/strong> g\u00e9lifi\u00e9 avec <a href=\"https:\/\/www.sosa.cat\/fr\/produit\/gracila-gel\/\" target=\"_blank\" rel=\"noreferrer noopener\"><strong>Gracila Gel<\/strong>.<\/a> Gr\u00e2ce au <strong>Gracila Gel<\/strong>, il est possible d&rsquo;\u00e9laborer des voiles tr\u00e8s fins et flexibles, id\u00e9aux pour couvrir des pr\u00e9parations ou garnir, ajoutant un \u00e9l\u00e9ment visuel et textural impressionnant \u00e0 la tartelette.<\/p>\n\n<p>D\u00e9couvrez comment perfectionner vos comp\u00e9tences en p\u00e2tisserie gr\u00e2ce \u00e0 notre <a href=\"https:\/\/www.sosa.cat\/?sdm_process_download=1&amp;download_id=23763\" target=\"_blank\" rel=\"noreferrer noopener\"><strong>Recetario de Gracila Gel<\/strong>,<\/a> disponible en t\u00e9l\u00e9chargement. Osez exp\u00e9rimenter avec ces techniques avanc\u00e9es et surprenez vos convives avec l&rsquo;exquise <strong>Tartaleta Selva Negra<\/strong>. T\u00e9l\u00e9chargez-le maintenant et transformez vos cr\u00e9ations !  <\/p>\n","protected":false},"featured_media":35960,"template":"","meta":{"_acf_changed":false,"inline_featured_image":false},"autor-receta":[],"receta-categorias":[260,281,956],"especialidad":[284],"tecnica-y-aplicacion":[754,756],"class_list":["post-30353","receta","type-receta","status-publish","has-post-thumbnail","hentry","receta-categorias-sucres-techniques","receta-categorias-texturants","receta-categorias-lyophilises-et-crispies","especialidad-doux","tecnica-y-aplicacion-creme","tecnica-y-aplicacion-gateau"],"acf":[],"yoast_head":"<!-- This site is optimized with the Yoast SEO plugin v27.4 - https:\/\/yoast.com\/product\/yoast-seo-wordpress\/ -->\n<title>Tartelette For\u00eat Noire - Sosa<\/title>\n<meta name=\"description\" content=\"Tartelette For\u00eat Noire est un chef-d&#039;\u0153uvre de p\u00e2tisserie qui d\u00e9fie les chefs par son haut niveau technique.\" \/>\n<meta name=\"robots\" content=\"index, follow, max-snippet:-1, max-image-preview:large, max-video-preview:-1\" \/>\n<link rel=\"canonical\" href=\"https:\/\/www.sosa.cat\/fr\/recettes\/tartaleta-selva-negra\/\" \/>\n<meta property=\"og:locale\" content=\"fr_FR\" \/>\n<meta property=\"og:type\" content=\"article\" \/>\n<meta property=\"og:title\" content=\"Tartelette For\u00eat Noire - Sosa\" \/>\n<meta property=\"og:description\" content=\"Tartelette For\u00eat Noire est un chef-d&#039;\u0153uvre de p\u00e2tisserie qui d\u00e9fie les chefs par son haut niveau technique.\" \/>\n<meta property=\"og:url\" content=\"https:\/\/www.sosa.cat\/fr\/recettes\/tartaleta-selva-negra\/\" \/>\n<meta property=\"og:site_name\" content=\"Sosa\" \/>\n<meta property=\"article:publisher\" content=\"https:\/\/www.facebook.com\/SosaIngredients\/\" \/>\n<meta property=\"article:modified_time\" content=\"2026-04-22T12:52:53+00:00\" \/>\n<meta property=\"og:image\" content=\"https:\/\/www.sosa.cat\/wp-content\/uploads\/2025\/03\/tartaleta-selva-negra-sosa-1.png\" \/>\n\t<meta property=\"og:image:width\" content=\"1080\" \/>\n\t<meta property=\"og:image:height\" content=\"1080\" \/>\n\t<meta property=\"og:image:type\" content=\"image\/png\" \/>\n<meta name=\"twitter:card\" content=\"summary_large_image\" \/>\n<meta name=\"twitter:label1\" content=\"Dur\u00e9e de lecture estim\u00e9e\" \/>\n\t<meta name=\"twitter:data1\" content=\"1 minute\" \/>\n<script type=\"application\/ld+json\" class=\"yoast-schema-graph\">{\"@context\":\"https:\\\/\\\/schema.org\",\"@graph\":[{\"@type\":\"WebPage\",\"@id\":\"https:\\\/\\\/www.sosa.cat\\\/fr\\\/recettes\\\/tartaleta-selva-negra\\\/\",\"url\":\"https:\\\/\\\/www.sosa.cat\\\/fr\\\/recettes\\\/tartaleta-selva-negra\\\/\",\"name\":\"Tartelette For\u00eat Noire - Sosa\",\"isPartOf\":{\"@id\":\"https:\\\/\\\/www.sosa.cat\\\/fr\\\/#website\"},\"primaryImageOfPage\":{\"@id\":\"https:\\\/\\\/www.sosa.cat\\\/fr\\\/recettes\\\/tartaleta-selva-negra\\\/#primaryimage\"},\"image\":{\"@id\":\"https:\\\/\\\/www.sosa.cat\\\/fr\\\/recettes\\\/tartaleta-selva-negra\\\/#primaryimage\"},\"thumbnailUrl\":\"https:\\\/\\\/www.sosa.cat\\\/wp-content\\\/uploads\\\/2025\\\/03\\\/tartaleta-selva-negra-sosa-1.png\",\"datePublished\":\"2025-03-06T07:00:00+00:00\",\"dateModified\":\"2026-04-22T12:52:53+00:00\",\"description\":\"Tartelette For\u00eat Noire est un chef-d'\u0153uvre de p\u00e2tisserie qui d\u00e9fie les chefs par son haut niveau technique.\",\"breadcrumb\":{\"@id\":\"https:\\\/\\\/www.sosa.cat\\\/fr\\\/recettes\\\/tartaleta-selva-negra\\\/#breadcrumb\"},\"inLanguage\":\"fr-FR\",\"potentialAction\":[{\"@type\":\"ReadAction\",\"target\":[\"https:\\\/\\\/www.sosa.cat\\\/fr\\\/recettes\\\/tartaleta-selva-negra\\\/\"]}]},{\"@type\":\"ImageObject\",\"inLanguage\":\"fr-FR\",\"@id\":\"https:\\\/\\\/www.sosa.cat\\\/fr\\\/recettes\\\/tartaleta-selva-negra\\\/#primaryimage\",\"url\":\"https:\\\/\\\/www.sosa.cat\\\/wp-content\\\/uploads\\\/2025\\\/03\\\/tartaleta-selva-negra-sosa-1.png\",\"contentUrl\":\"https:\\\/\\\/www.sosa.cat\\\/wp-content\\\/uploads\\\/2025\\\/03\\\/tartaleta-selva-negra-sosa-1.png\",\"width\":1080,\"height\":1080},{\"@type\":\"BreadcrumbList\",\"@id\":\"https:\\\/\\\/www.sosa.cat\\\/fr\\\/recettes\\\/tartaleta-selva-negra\\\/#breadcrumb\",\"itemListElement\":[{\"@type\":\"ListItem\",\"position\":1,\"name\":\"Accueil\",\"item\":\"https:\\\/\\\/www.sosa.cat\\\/fr\\\/\"},{\"@type\":\"ListItem\",\"position\":2,\"name\":\"Recettes\",\"item\":\"https:\\\/\\\/www.sosa.cat\\\/fr\\\/recettes\\\/\"},{\"@type\":\"ListItem\",\"position\":3,\"name\":\"Texturants\",\"item\":\"https:\\\/\\\/www.sosa.cat\\\/fr\\\/categories-recettes\\\/texturants\\\/\"},{\"@type\":\"ListItem\",\"position\":4,\"name\":\"Tartelette For\u00eat Noire\"}]},{\"@type\":\"WebSite\",\"@id\":\"https:\\\/\\\/www.sosa.cat\\\/fr\\\/#website\",\"url\":\"https:\\\/\\\/www.sosa.cat\\\/fr\\\/\",\"name\":\"Sosa Ingredients\",\"description\":\"\",\"publisher\":{\"@id\":\"https:\\\/\\\/www.sosa.cat\\\/fr\\\/#organization\"},\"potentialAction\":[{\"@type\":\"SearchAction\",\"target\":{\"@type\":\"EntryPoint\",\"urlTemplate\":\"https:\\\/\\\/www.sosa.cat\\\/fr\\\/?s={search_term_string}\"},\"query-input\":{\"@type\":\"PropertyValueSpecification\",\"valueRequired\":true,\"valueName\":\"search_term_string\"}}],\"inLanguage\":\"fr-FR\"},{\"@type\":\"Organization\",\"@id\":\"https:\\\/\\\/www.sosa.cat\\\/fr\\\/#organization\",\"name\":\"SOSA\",\"url\":\"https:\\\/\\\/www.sosa.cat\\\/fr\\\/\",\"logo\":{\"@type\":\"ImageObject\",\"inLanguage\":\"fr-FR\",\"@id\":\"https:\\\/\\\/www.sosa.cat\\\/fr\\\/#\\\/schema\\\/logo\\\/image\\\/\",\"url\":\"https:\\\/\\\/www.sosa.cat\\\/wp-content\\\/uploads\\\/2024\\\/11\\\/logo_sosa_big.png\",\"contentUrl\":\"https:\\\/\\\/www.sosa.cat\\\/wp-content\\\/uploads\\\/2024\\\/11\\\/logo_sosa_big.png\",\"width\":258,\"height\":260,\"caption\":\"SOSA\"},\"image\":{\"@id\":\"https:\\\/\\\/www.sosa.cat\\\/fr\\\/#\\\/schema\\\/logo\\\/image\\\/\"},\"sameAs\":[\"https:\\\/\\\/www.facebook.com\\\/SosaIngredients\\\/\",\"https:\\\/\\\/www.instagram.com\\\/sosaingredients\\\/\",\"https:\\\/\\\/www.youtube.com\\\/SosaIngredients\",\"https:\\\/\\\/www.linkedin.com\\\/company\\\/sosa-ingredients\\\/\"]}]}<\/script>\n<!-- \/ Yoast SEO plugin. -->","yoast_head_json":{"title":"Tartelette For\u00eat Noire - Sosa","description":"Tartelette For\u00eat Noire est un chef-d'\u0153uvre de p\u00e2tisserie qui d\u00e9fie les chefs par son haut niveau technique.","robots":{"index":"index","follow":"follow","max-snippet":"max-snippet:-1","max-image-preview":"max-image-preview:large","max-video-preview":"max-video-preview:-1"},"canonical":"https:\/\/www.sosa.cat\/fr\/recettes\/tartaleta-selva-negra\/","og_locale":"fr_FR","og_type":"article","og_title":"Tartelette For\u00eat Noire - Sosa","og_description":"Tartelette For\u00eat Noire est un chef-d'\u0153uvre de p\u00e2tisserie qui d\u00e9fie les chefs par son haut niveau technique.","og_url":"https:\/\/www.sosa.cat\/fr\/recettes\/tartaleta-selva-negra\/","og_site_name":"Sosa","article_publisher":"https:\/\/www.facebook.com\/SosaIngredients\/","article_modified_time":"2026-04-22T12:52:53+00:00","og_image":[{"width":1080,"height":1080,"url":"https:\/\/www.sosa.cat\/wp-content\/uploads\/2025\/03\/tartaleta-selva-negra-sosa-1.png","type":"image\/png"}],"twitter_card":"summary_large_image","twitter_misc":{"Dur\u00e9e de lecture estim\u00e9e":"1 minute"},"schema":{"@context":"https:\/\/schema.org","@graph":[{"@type":"WebPage","@id":"https:\/\/www.sosa.cat\/fr\/recettes\/tartaleta-selva-negra\/","url":"https:\/\/www.sosa.cat\/fr\/recettes\/tartaleta-selva-negra\/","name":"Tartelette For\u00eat Noire - Sosa","isPartOf":{"@id":"https:\/\/www.sosa.cat\/fr\/#website"},"primaryImageOfPage":{"@id":"https:\/\/www.sosa.cat\/fr\/recettes\/tartaleta-selva-negra\/#primaryimage"},"image":{"@id":"https:\/\/www.sosa.cat\/fr\/recettes\/tartaleta-selva-negra\/#primaryimage"},"thumbnailUrl":"https:\/\/www.sosa.cat\/wp-content\/uploads\/2025\/03\/tartaleta-selva-negra-sosa-1.png","datePublished":"2025-03-06T07:00:00+00:00","dateModified":"2026-04-22T12:52:53+00:00","description":"Tartelette For\u00eat Noire est un chef-d'\u0153uvre de p\u00e2tisserie qui d\u00e9fie les chefs par son haut niveau technique.","breadcrumb":{"@id":"https:\/\/www.sosa.cat\/fr\/recettes\/tartaleta-selva-negra\/#breadcrumb"},"inLanguage":"fr-FR","potentialAction":[{"@type":"ReadAction","target":["https:\/\/www.sosa.cat\/fr\/recettes\/tartaleta-selva-negra\/"]}]},{"@type":"ImageObject","inLanguage":"fr-FR","@id":"https:\/\/www.sosa.cat\/fr\/recettes\/tartaleta-selva-negra\/#primaryimage","url":"https:\/\/www.sosa.cat\/wp-content\/uploads\/2025\/03\/tartaleta-selva-negra-sosa-1.png","contentUrl":"https:\/\/www.sosa.cat\/wp-content\/uploads\/2025\/03\/tartaleta-selva-negra-sosa-1.png","width":1080,"height":1080},{"@type":"BreadcrumbList","@id":"https:\/\/www.sosa.cat\/fr\/recettes\/tartaleta-selva-negra\/#breadcrumb","itemListElement":[{"@type":"ListItem","position":1,"name":"Accueil","item":"https:\/\/www.sosa.cat\/fr\/"},{"@type":"ListItem","position":2,"name":"Recettes","item":"https:\/\/www.sosa.cat\/fr\/recettes\/"},{"@type":"ListItem","position":3,"name":"Texturants","item":"https:\/\/www.sosa.cat\/fr\/categories-recettes\/texturants\/"},{"@type":"ListItem","position":4,"name":"Tartelette For\u00eat Noire"}]},{"@type":"WebSite","@id":"https:\/\/www.sosa.cat\/fr\/#website","url":"https:\/\/www.sosa.cat\/fr\/","name":"Sosa Ingredients","description":"","publisher":{"@id":"https:\/\/www.sosa.cat\/fr\/#organization"},"potentialAction":[{"@type":"SearchAction","target":{"@type":"EntryPoint","urlTemplate":"https:\/\/www.sosa.cat\/fr\/?s={search_term_string}"},"query-input":{"@type":"PropertyValueSpecification","valueRequired":true,"valueName":"search_term_string"}}],"inLanguage":"fr-FR"},{"@type":"Organization","@id":"https:\/\/www.sosa.cat\/fr\/#organization","name":"SOSA","url":"https:\/\/www.sosa.cat\/fr\/","logo":{"@type":"ImageObject","inLanguage":"fr-FR","@id":"https:\/\/www.sosa.cat\/fr\/#\/schema\/logo\/image\/","url":"https:\/\/www.sosa.cat\/wp-content\/uploads\/2024\/11\/logo_sosa_big.png","contentUrl":"https:\/\/www.sosa.cat\/wp-content\/uploads\/2024\/11\/logo_sosa_big.png","width":258,"height":260,"caption":"SOSA"},"image":{"@id":"https:\/\/www.sosa.cat\/fr\/#\/schema\/logo\/image\/"},"sameAs":["https:\/\/www.facebook.com\/SosaIngredients\/","https:\/\/www.instagram.com\/sosaingredients\/","https:\/\/www.youtube.com\/SosaIngredients","https:\/\/www.linkedin.com\/company\/sosa-ingredients\/"]}]}},"_links":{"self":[{"href":"https:\/\/www.sosa.cat\/fr\/wp-json\/wp\/v2\/receta\/30353","targetHints":{"allow":["GET"]}}],"collection":[{"href":"https:\/\/www.sosa.cat\/fr\/wp-json\/wp\/v2\/receta"}],"about":[{"href":"https:\/\/www.sosa.cat\/fr\/wp-json\/wp\/v2\/types\/receta"}],"version-history":[{"count":2,"href":"https:\/\/www.sosa.cat\/fr\/wp-json\/wp\/v2\/receta\/30353\/revisions"}],"predecessor-version":[{"id":67081,"href":"https:\/\/www.sosa.cat\/fr\/wp-json\/wp\/v2\/receta\/30353\/revisions\/67081"}],"wp:featuredmedia":[{"embeddable":true,"href":"https:\/\/www.sosa.cat\/fr\/wp-json\/wp\/v2\/media\/35960"}],"wp:attachment":[{"href":"https:\/\/www.sosa.cat\/fr\/wp-json\/wp\/v2\/media?parent=30353"}],"wp:term":[{"taxonomy":"autor-receta","embeddable":true,"href":"https:\/\/www.sosa.cat\/fr\/wp-json\/wp\/v2\/autor-receta?post=30353"},{"taxonomy":"receta-categorias","embeddable":true,"href":"https:\/\/www.sosa.cat\/fr\/wp-json\/wp\/v2\/receta-categorias?post=30353"},{"taxonomy":"especialidad","embeddable":true,"href":"https:\/\/www.sosa.cat\/fr\/wp-json\/wp\/v2\/especialidad?post=30353"},{"taxonomy":"tecnica-y-aplicacion","embeddable":true,"href":"https:\/\/www.sosa.cat\/fr\/wp-json\/wp\/v2\/tecnica-y-aplicacion?post=30353"}],"curies":[{"name":"wp","href":"https:\/\/api.w.org\/{rel}","templated":true}]}}