{"id":12580,"date":"2023-12-18T05:05:00","date_gmt":"2023-12-18T04:05:00","guid":{"rendered":"https:\/\/sosa.several.studio\/receta\/wprm-buche-de-neules\/"},"modified":"2026-04-22T14:25:05","modified_gmt":"2026-04-22T12:25:05","slug":"buche-de-neulas","status":"publish","type":"receta","link":"https:\/\/www.sosa.cat\/fr\/recettes\/buche-de-neulas\/","title":{"rendered":"B\u00fbche de Neulas"},"content":{"rendered":"\n<p>Dans le monde de la p\u00e2tisserie, la cr\u00e9ativit\u00e9 et l&rsquo;innovation sont des ingr\u00e9dients essentiels pour \u00e9laborer des desserts exceptionnels. \u00c0 cette occasion, l&rsquo;un de nos \u00e9minents techniciens de <strong>Sosa Ingredients\u00a0:<\/strong> Jean Sivideu\u00a0; nous surprend avec une cr\u00e9ation de No\u00ebl o\u00f9 il rend hommage \u00e0 l&rsquo;un des ingr\u00e9dients qui a marqu\u00e9 notre entreprise pendant de nombreuses ann\u00e9es\u00a0: les neulas. Ce dessert fusionne la tradition catalane avec l&rsquo;\u00e9l\u00e9gance de la p\u00e2tisserie fran\u00e7aise dans une b\u00fbche de No\u00ebl qui deviendra le centre d&rsquo;attention sur la table.  <\/p>\n\n<p>Cette recette fait partie d&rsquo;un livret de recettes que nous avons intitul\u00e9 <strong><span class=\"loftocean-highlight highlight\">\u00ab\u00a0Nos recettes de No\u00ebl<\/span><\/strong> et qui peut \u00eatre t\u00e9l\u00e9charg\u00e9 \u00e0 partir du lien suivant<\/p>\n\n<div class=\"wp-block-buttons is-content-justification-center is-layout-flex wp-container-core-buttons-is-layout-a89b3969 wp-block-buttons-is-layout-flex\">\n<div class=\"wp-block-button\"><a class=\"wp-block-button__link wp-element-button\" href=\"https:\/\/www.sosa.cat\/?sdm_process_download=1&amp;download_id=23793\" target=\"_blank\" rel=\"noreferrer noopener\">T\u00c9L\u00c9CHARGER NOS RECETTES DE NO\u00cbL<\/a><\/div>\n<\/div>\n\n<h2 class=\"wp-block-heading\">Hommage \u00e0 la Catalogne<\/h2>\n\n<p>L&rsquo;histoire de Sosa Ingredients a commenc\u00e9 avec les neulas, le premier ingr\u00e9dient que nous avons fabriqu\u00e9 et distribu\u00e9. Jean Sivideu, avec un profond respect pour ces valeurs, a imagin\u00e9 une b\u00fbche de No\u00ebl en forme de fagot de neulas. Cette forme traditionnelle est plac\u00e9e sur la table apr\u00e8s le repas de No\u00ebl, pendant le caf\u00e9, pour \u00eatre partag\u00e9e. Ainsi, l&rsquo;esprit de l&rsquo;entreprise et l&rsquo;environnement catalan se fusionnent dans une d\u00e9licieuse cr\u00e9ation.   <\/p>\n\n<h3 class=\"wp-block-heading\">Les ingr\u00e9dients cl\u00e9s<\/h3>\n\n<p>Le go\u00fbt des neules est l&rsquo;essence m\u00eame de cette B\u00fbche, \u00e9voquant les souvenirs des p\u00e2tisseries catalanes. De plus, des agrumes de saison sont incorpor\u00e9s pour lui donner une touche de fra\u00eecheur et de dynamisme. <\/p>\n\n<p>Le c\u0153ur de cette b\u00fbche est une <strong>Cr\u00e8me Catalane<\/strong> perfectionn\u00e9e avec la <a href=\"https:\/\/www.sosa.cat\/fr\/produit\/pectine-nappage-x58\/\" target=\"_blank\" rel=\"noreferrer noopener\">Pectine X48<\/a> pour garantir une texture optimale apr\u00e8s la cong\u00e9lation. L&rsquo;ajout de <a href=\"https:\/\/www.sosa.cat\/fr\/produit\/gelcrem-chaud\/\" target=\"_blank\" rel=\"noreferrer noopener\">Gelcrem Caliente<\/a> assure que la cr\u00e8me conserve sa consistance parfaite apr\u00e8s la d\u00e9cong\u00e9lation. Un biscuit traditionnel catalan apporte une texture spongieuse et une saveur incomparable.<\/p>\n\n<p>Pour intensifier les saveurs, un <strong>Gel de mandarine<\/strong> avec <a href=\"https:\/\/www.sosa.cat\/fr\/produit\/gelcrem-froid\/\" target=\"_blank\" rel=\"noreferrer noopener\">Gelcrem fr\u00edo<\/a> est incorpor\u00e9. Cela apporte un \u00e9quilibre parfait entre le sucr\u00e9 et l&rsquo;acide, cr\u00e9ant un gel avec une saveur prononc\u00e9e et rafra\u00eechissante.<\/p>\n\n<p>La <strong>mousse de neulas<\/strong>, \u00e0 base de lait infus\u00e9 et de neulas, est aussi l\u00e9g\u00e8re que possible. La base de lait et de neulas est infus\u00e9e pour un go\u00fbt authentique. Une meringue l\u00e9g\u00e8re, sucr\u00e9e \u00e0 l&rsquo;Inuline et \u00e0 l <a href=\"https:\/\/www.sosa.cat\/fr\/produit\/oligofruct\/\" target=\"_blank\" rel=\"noreferrer noopener\">&lsquo;Oligofructose<\/a>, compl\u00e8te cette mousse. Ces fibres permettent de r\u00e9duire le sucre sans sacrifier la saveur.   <\/p>\n\n<h3 class=\"wp-block-heading\">La touche finale<\/h3>\n\n<p>La B\u00fbche est recouverte d&rsquo;une fine couche de chocolat Dulcey de Valrhona. Cette couche de chocolat ajoute une touche de gourmandise et une pr\u00e9sentation \u00e9l\u00e9gante au dessert. <\/p>\n\n<p>Cette B\u00fbche est un r\u00e9gal pour les sens qui c\u00e9l\u00e8bre l&rsquo;union de deux r\u00e9gions et la passion de la p\u00e2tisserie.  <strong>Joyeuses f\u00eates !<\/strong><\/p>\n\n<figure class=\"wp-block-gallery has-nested-images columns-default is-cropped wp-block-gallery-1 is-layout-flex wp-block-gallery-is-layout-flex\">\n<figure class=\"wp-block-image size-large\"><img fetchpriority=\"high\" decoding=\"async\" width=\"683\" height=\"1024\" data-id=\"30078\" src=\"https:\/\/www.sosa.cat\/wp-content\/uploads\/2023\/12\/buche-neulas-navidad.jpg\" alt=\"\" class=\"wp-image-30078\" srcset=\"https:\/\/www.sosa.cat\/wp-content\/uploads\/2023\/12\/buche-neulas-navidad.jpg 683w, https:\/\/www.sosa.cat\/wp-content\/uploads\/2023\/12\/buche-neulas-navidad-200x300.jpg 200w\" sizes=\"(max-width: 683px) 100vw, 683px\" \/><\/figure>\n\n\n\n<figure class=\"wp-block-image size-large\"><img decoding=\"async\" width=\"1024\" height=\"683\" data-id=\"30090\" src=\"https:\/\/www.sosa.cat\/wp-content\/uploads\/2023\/12\/buche-neulas-navidad-sosa-ingredients-5-1.jpg\" alt=\"\" class=\"wp-image-30090\" srcset=\"https:\/\/www.sosa.cat\/wp-content\/uploads\/2023\/12\/buche-neulas-navidad-sosa-ingredients-5-1.jpg 1024w, https:\/\/www.sosa.cat\/wp-content\/uploads\/2023\/12\/buche-neulas-navidad-sosa-ingredients-5-1-300x200.jpg 300w, https:\/\/www.sosa.cat\/wp-content\/uploads\/2023\/12\/buche-neulas-navidad-sosa-ingredients-5-1-768x512.jpg 768w\" sizes=\"(max-width: 1024px) 100vw, 1024px\" \/><\/figure>\n\n\n\n<figure class=\"wp-block-image size-large\"><img decoding=\"async\" width=\"683\" height=\"1024\" data-id=\"30093\" src=\"https:\/\/www.sosa.cat\/wp-content\/uploads\/2023\/12\/buche-neulas-navidad-sosa-ingredients-6-1.jpg\" alt=\"\" class=\"wp-image-30093\" srcset=\"https:\/\/www.sosa.cat\/wp-content\/uploads\/2023\/12\/buche-neulas-navidad-sosa-ingredients-6-1.jpg 683w, https:\/\/www.sosa.cat\/wp-content\/uploads\/2023\/12\/buche-neulas-navidad-sosa-ingredients-6-1-200x300.jpg 200w\" sizes=\"(max-width: 683px) 100vw, 683px\" \/><\/figure>\n\n\n\n<figure class=\"wp-block-image size-large\"><img loading=\"lazy\" decoding=\"async\" width=\"683\" height=\"1024\" data-id=\"30096\" src=\"https:\/\/www.sosa.cat\/wp-content\/uploads\/2023\/12\/buche-neulas-navidad-sosa-ingredients-7.png\" alt=\"\" class=\"wp-image-30096\" srcset=\"https:\/\/www.sosa.cat\/wp-content\/uploads\/2023\/12\/buche-neulas-navidad-sosa-ingredients-7.png 683w, https:\/\/www.sosa.cat\/wp-content\/uploads\/2023\/12\/buche-neulas-navidad-sosa-ingredients-7-200x300.png 200w\" sizes=\"(max-width: 683px) 100vw, 683px\" \/><\/figure>\n\n\n\n<figure class=\"wp-block-image size-large\"><img loading=\"lazy\" decoding=\"async\" width=\"683\" height=\"1024\" data-id=\"30083\" src=\"https:\/\/www.sosa.cat\/wp-content\/uploads\/2023\/12\/buche-neulas-navidad-sosa-ingredients-3-1.jpg\" alt=\"\" class=\"wp-image-30083\" srcset=\"https:\/\/www.sosa.cat\/wp-content\/uploads\/2023\/12\/buche-neulas-navidad-sosa-ingredients-3-1.jpg 683w, https:\/\/www.sosa.cat\/wp-content\/uploads\/2023\/12\/buche-neulas-navidad-sosa-ingredients-3-1-200x300.jpg 200w\" sizes=\"(max-width: 683px) 100vw, 683px\" \/><\/figure>\n\n\n\n<figure class=\"wp-block-image size-large\"><img loading=\"lazy\" decoding=\"async\" width=\"683\" height=\"1024\" data-id=\"30099\" src=\"https:\/\/www.sosa.cat\/wp-content\/uploads\/2023\/12\/buche-neulas-navidad-sosa-ingredients-8.jpg\" alt=\"\" class=\"wp-image-30099\" srcset=\"https:\/\/www.sosa.cat\/wp-content\/uploads\/2023\/12\/buche-neulas-navidad-sosa-ingredients-8.jpg 683w, https:\/\/www.sosa.cat\/wp-content\/uploads\/2023\/12\/buche-neulas-navidad-sosa-ingredients-8-200x300.jpg 200w\" sizes=\"(max-width: 683px) 100vw, 683px\" \/><\/figure>\n\n\n\n<figure class=\"wp-block-image size-large\"><img loading=\"lazy\" decoding=\"async\" width=\"683\" height=\"1024\" data-id=\"30081\" src=\"https:\/\/www.sosa.cat\/wp-content\/uploads\/2023\/12\/buche-neulas-navidad-sosa-ingredients-1-1.jpg\" alt=\"\" class=\"wp-image-30081\" srcset=\"https:\/\/www.sosa.cat\/wp-content\/uploads\/2023\/12\/buche-neulas-navidad-sosa-ingredients-1-1.jpg 683w, https:\/\/www.sosa.cat\/wp-content\/uploads\/2023\/12\/buche-neulas-navidad-sosa-ingredients-1-1-200x300.jpg 200w\" sizes=\"(max-width: 683px) 100vw, 683px\" \/><\/figure>\n\n\n\n<figure class=\"wp-block-image size-large\"><img loading=\"lazy\" decoding=\"async\" width=\"683\" height=\"1024\" data-id=\"30087\" src=\"https:\/\/www.sosa.cat\/wp-content\/uploads\/2023\/12\/buche-neulas-navidad-sosa-ingredients-2-1.jpg\" alt=\"\" class=\"wp-image-30087\" srcset=\"https:\/\/www.sosa.cat\/wp-content\/uploads\/2023\/12\/buche-neulas-navidad-sosa-ingredients-2-1.jpg 683w, https:\/\/www.sosa.cat\/wp-content\/uploads\/2023\/12\/buche-neulas-navidad-sosa-ingredients-2-1-200x300.jpg 200w\" sizes=\"(max-width: 683px) 100vw, 683px\" \/><\/figure>\n<\/figure>\n","protected":false},"featured_media":8102,"template":"","meta":{"_acf_changed":false,"inline_featured_image":false},"autor-receta":[],"receta-categorias":[272,281],"especialidad":[284],"tecnica-y-aplicacion":[754,755,756,759],"class_list":["post-12580","receta","type-receta","status-publish","has-post-thumbnail","hentry","receta-categorias-fruits-secs","receta-categorias-texturants","especialidad-doux","tecnica-y-aplicacion-creme","tecnica-y-aplicacion-gelatine-fr","tecnica-y-aplicacion-gateau","tecnica-y-aplicacion-mousse-fr"],"acf":[],"yoast_head":"<!-- This site is optimized with the Yoast SEO plugin v27.4 - https:\/\/yoast.com\/product\/yoast-seo-wordpress\/ -->\n<title>B\u00fbche de Neulas - Sosa<\/title>\n<meta name=\"description\" content=\"La B\u00fbche de Neulas : Ce dessert incarne l&#039;essence de la Catalogne et l&#039;\u00e9l\u00e9gance des p\u00e2tisseries fran\u00e7aises.\" \/>\n<meta name=\"robots\" content=\"index, follow, max-snippet:-1, max-image-preview:large, max-video-preview:-1\" \/>\n<link rel=\"canonical\" href=\"https:\/\/www.sosa.cat\/fr\/recettes\/buche-de-neulas\/\" \/>\n<meta property=\"og:locale\" content=\"fr_FR\" \/>\n<meta property=\"og:type\" content=\"article\" \/>\n<meta property=\"og:title\" content=\"B\u00fbche de Neulas - Sosa\" \/>\n<meta property=\"og:description\" content=\"La B\u00fbche de Neulas : Ce dessert incarne l&#039;essence de la Catalogne et l&#039;\u00e9l\u00e9gance des p\u00e2tisseries fran\u00e7aises.\" \/>\n<meta property=\"og:url\" content=\"https:\/\/www.sosa.cat\/fr\/recettes\/buche-de-neulas\/\" \/>\n<meta property=\"og:site_name\" content=\"Sosa\" \/>\n<meta property=\"article:publisher\" content=\"https:\/\/www.facebook.com\/SosaIngredients\/\" \/>\n<meta property=\"article:modified_time\" content=\"2026-04-22T12:25:05+00:00\" \/>\n<meta property=\"og:image\" content=\"https:\/\/www.sosa.cat\/wp-content\/uploads\/2025\/01\/Buche-de-Neules_sosa_ingredients.png\" \/>\n\t<meta property=\"og:image:width\" content=\"600\" \/>\n\t<meta property=\"og:image:height\" content=\"600\" \/>\n\t<meta property=\"og:image:type\" content=\"image\/png\" \/>\n<meta name=\"twitter:card\" content=\"summary_large_image\" \/>\n<meta name=\"twitter:label1\" content=\"Dur\u00e9e de lecture estim\u00e9e\" \/>\n\t<meta name=\"twitter:data1\" content=\"4 minute\" \/>\n<script type=\"application\/ld+json\" class=\"yoast-schema-graph\">{\"@context\":\"https:\\\/\\\/schema.org\",\"@graph\":[{\"@type\":\"WebPage\",\"@id\":\"https:\\\/\\\/www.sosa.cat\\\/fr\\\/recettes\\\/buche-de-neulas\\\/\",\"url\":\"https:\\\/\\\/www.sosa.cat\\\/fr\\\/recettes\\\/buche-de-neulas\\\/\",\"name\":\"B\u00fbche de Neulas - Sosa\",\"isPartOf\":{\"@id\":\"https:\\\/\\\/www.sosa.cat\\\/fr\\\/#website\"},\"primaryImageOfPage\":{\"@id\":\"https:\\\/\\\/www.sosa.cat\\\/fr\\\/recettes\\\/buche-de-neulas\\\/#primaryimage\"},\"image\":{\"@id\":\"https:\\\/\\\/www.sosa.cat\\\/fr\\\/recettes\\\/buche-de-neulas\\\/#primaryimage\"},\"thumbnailUrl\":\"https:\\\/\\\/www.sosa.cat\\\/wp-content\\\/uploads\\\/2025\\\/01\\\/Buche-de-Neules_sosa_ingredients.png\",\"datePublished\":\"2023-12-18T04:05:00+00:00\",\"dateModified\":\"2026-04-22T12:25:05+00:00\",\"description\":\"La B\u00fbche de Neulas : Ce dessert incarne l'essence de la Catalogne et l'\u00e9l\u00e9gance des p\u00e2tisseries fran\u00e7aises.\",\"breadcrumb\":{\"@id\":\"https:\\\/\\\/www.sosa.cat\\\/fr\\\/recettes\\\/buche-de-neulas\\\/#breadcrumb\"},\"inLanguage\":\"fr-FR\",\"potentialAction\":[{\"@type\":\"ReadAction\",\"target\":[\"https:\\\/\\\/www.sosa.cat\\\/fr\\\/recettes\\\/buche-de-neulas\\\/\"]}]},{\"@type\":\"ImageObject\",\"inLanguage\":\"fr-FR\",\"@id\":\"https:\\\/\\\/www.sosa.cat\\\/fr\\\/recettes\\\/buche-de-neulas\\\/#primaryimage\",\"url\":\"https:\\\/\\\/www.sosa.cat\\\/wp-content\\\/uploads\\\/2025\\\/01\\\/Buche-de-Neules_sosa_ingredients.png\",\"contentUrl\":\"https:\\\/\\\/www.sosa.cat\\\/wp-content\\\/uploads\\\/2025\\\/01\\\/Buche-de-Neules_sosa_ingredients.png\",\"width\":600,\"height\":600},{\"@type\":\"BreadcrumbList\",\"@id\":\"https:\\\/\\\/www.sosa.cat\\\/fr\\\/recettes\\\/buche-de-neulas\\\/#breadcrumb\",\"itemListElement\":[{\"@type\":\"ListItem\",\"position\":1,\"name\":\"Accueil\",\"item\":\"https:\\\/\\\/www.sosa.cat\\\/fr\\\/\"},{\"@type\":\"ListItem\",\"position\":2,\"name\":\"Recettes\",\"item\":\"https:\\\/\\\/www.sosa.cat\\\/fr\\\/recettes\\\/\"},{\"@type\":\"ListItem\",\"position\":3,\"name\":\"Fruits Secs\",\"item\":\"https:\\\/\\\/www.sosa.cat\\\/fr\\\/categories-recettes\\\/fruits-secs\\\/\"},{\"@type\":\"ListItem\",\"position\":4,\"name\":\"B\u00fbche de Neulas\"}]},{\"@type\":\"WebSite\",\"@id\":\"https:\\\/\\\/www.sosa.cat\\\/fr\\\/#website\",\"url\":\"https:\\\/\\\/www.sosa.cat\\\/fr\\\/\",\"name\":\"Sosa Ingredients\",\"description\":\"\",\"publisher\":{\"@id\":\"https:\\\/\\\/www.sosa.cat\\\/fr\\\/#organization\"},\"potentialAction\":[{\"@type\":\"SearchAction\",\"target\":{\"@type\":\"EntryPoint\",\"urlTemplate\":\"https:\\\/\\\/www.sosa.cat\\\/fr\\\/?s={search_term_string}\"},\"query-input\":{\"@type\":\"PropertyValueSpecification\",\"valueRequired\":true,\"valueName\":\"search_term_string\"}}],\"inLanguage\":\"fr-FR\"},{\"@type\":\"Organization\",\"@id\":\"https:\\\/\\\/www.sosa.cat\\\/fr\\\/#organization\",\"name\":\"SOSA\",\"url\":\"https:\\\/\\\/www.sosa.cat\\\/fr\\\/\",\"logo\":{\"@type\":\"ImageObject\",\"inLanguage\":\"fr-FR\",\"@id\":\"https:\\\/\\\/www.sosa.cat\\\/fr\\\/#\\\/schema\\\/logo\\\/image\\\/\",\"url\":\"https:\\\/\\\/www.sosa.cat\\\/wp-content\\\/uploads\\\/2024\\\/11\\\/logo_sosa_big.png\",\"contentUrl\":\"https:\\\/\\\/www.sosa.cat\\\/wp-content\\\/uploads\\\/2024\\\/11\\\/logo_sosa_big.png\",\"width\":258,\"height\":260,\"caption\":\"SOSA\"},\"image\":{\"@id\":\"https:\\\/\\\/www.sosa.cat\\\/fr\\\/#\\\/schema\\\/logo\\\/image\\\/\"},\"sameAs\":[\"https:\\\/\\\/www.facebook.com\\\/SosaIngredients\\\/\",\"https:\\\/\\\/www.instagram.com\\\/sosaingredients\\\/\",\"https:\\\/\\\/www.youtube.com\\\/SosaIngredients\",\"https:\\\/\\\/www.linkedin.com\\\/company\\\/sosa-ingredients\\\/\"]}]}<\/script>\n<!-- \/ Yoast SEO plugin. -->","yoast_head_json":{"title":"B\u00fbche de Neulas - Sosa","description":"La B\u00fbche de Neulas : Ce dessert incarne l'essence de la Catalogne et l'\u00e9l\u00e9gance des p\u00e2tisseries fran\u00e7aises.","robots":{"index":"index","follow":"follow","max-snippet":"max-snippet:-1","max-image-preview":"max-image-preview:large","max-video-preview":"max-video-preview:-1"},"canonical":"https:\/\/www.sosa.cat\/fr\/recettes\/buche-de-neulas\/","og_locale":"fr_FR","og_type":"article","og_title":"B\u00fbche de Neulas - Sosa","og_description":"La B\u00fbche de Neulas : Ce dessert incarne l'essence de la Catalogne et l'\u00e9l\u00e9gance des p\u00e2tisseries fran\u00e7aises.","og_url":"https:\/\/www.sosa.cat\/fr\/recettes\/buche-de-neulas\/","og_site_name":"Sosa","article_publisher":"https:\/\/www.facebook.com\/SosaIngredients\/","article_modified_time":"2026-04-22T12:25:05+00:00","og_image":[{"width":600,"height":600,"url":"https:\/\/www.sosa.cat\/wp-content\/uploads\/2025\/01\/Buche-de-Neules_sosa_ingredients.png","type":"image\/png"}],"twitter_card":"summary_large_image","twitter_misc":{"Dur\u00e9e de lecture estim\u00e9e":"4 minute"},"schema":{"@context":"https:\/\/schema.org","@graph":[{"@type":"WebPage","@id":"https:\/\/www.sosa.cat\/fr\/recettes\/buche-de-neulas\/","url":"https:\/\/www.sosa.cat\/fr\/recettes\/buche-de-neulas\/","name":"B\u00fbche de Neulas - Sosa","isPartOf":{"@id":"https:\/\/www.sosa.cat\/fr\/#website"},"primaryImageOfPage":{"@id":"https:\/\/www.sosa.cat\/fr\/recettes\/buche-de-neulas\/#primaryimage"},"image":{"@id":"https:\/\/www.sosa.cat\/fr\/recettes\/buche-de-neulas\/#primaryimage"},"thumbnailUrl":"https:\/\/www.sosa.cat\/wp-content\/uploads\/2025\/01\/Buche-de-Neules_sosa_ingredients.png","datePublished":"2023-12-18T04:05:00+00:00","dateModified":"2026-04-22T12:25:05+00:00","description":"La B\u00fbche de Neulas : Ce dessert incarne l'essence de la Catalogne et l'\u00e9l\u00e9gance des p\u00e2tisseries fran\u00e7aises.","breadcrumb":{"@id":"https:\/\/www.sosa.cat\/fr\/recettes\/buche-de-neulas\/#breadcrumb"},"inLanguage":"fr-FR","potentialAction":[{"@type":"ReadAction","target":["https:\/\/www.sosa.cat\/fr\/recettes\/buche-de-neulas\/"]}]},{"@type":"ImageObject","inLanguage":"fr-FR","@id":"https:\/\/www.sosa.cat\/fr\/recettes\/buche-de-neulas\/#primaryimage","url":"https:\/\/www.sosa.cat\/wp-content\/uploads\/2025\/01\/Buche-de-Neules_sosa_ingredients.png","contentUrl":"https:\/\/www.sosa.cat\/wp-content\/uploads\/2025\/01\/Buche-de-Neules_sosa_ingredients.png","width":600,"height":600},{"@type":"BreadcrumbList","@id":"https:\/\/www.sosa.cat\/fr\/recettes\/buche-de-neulas\/#breadcrumb","itemListElement":[{"@type":"ListItem","position":1,"name":"Accueil","item":"https:\/\/www.sosa.cat\/fr\/"},{"@type":"ListItem","position":2,"name":"Recettes","item":"https:\/\/www.sosa.cat\/fr\/recettes\/"},{"@type":"ListItem","position":3,"name":"Fruits Secs","item":"https:\/\/www.sosa.cat\/fr\/categories-recettes\/fruits-secs\/"},{"@type":"ListItem","position":4,"name":"B\u00fbche de Neulas"}]},{"@type":"WebSite","@id":"https:\/\/www.sosa.cat\/fr\/#website","url":"https:\/\/www.sosa.cat\/fr\/","name":"Sosa Ingredients","description":"","publisher":{"@id":"https:\/\/www.sosa.cat\/fr\/#organization"},"potentialAction":[{"@type":"SearchAction","target":{"@type":"EntryPoint","urlTemplate":"https:\/\/www.sosa.cat\/fr\/?s={search_term_string}"},"query-input":{"@type":"PropertyValueSpecification","valueRequired":true,"valueName":"search_term_string"}}],"inLanguage":"fr-FR"},{"@type":"Organization","@id":"https:\/\/www.sosa.cat\/fr\/#organization","name":"SOSA","url":"https:\/\/www.sosa.cat\/fr\/","logo":{"@type":"ImageObject","inLanguage":"fr-FR","@id":"https:\/\/www.sosa.cat\/fr\/#\/schema\/logo\/image\/","url":"https:\/\/www.sosa.cat\/wp-content\/uploads\/2024\/11\/logo_sosa_big.png","contentUrl":"https:\/\/www.sosa.cat\/wp-content\/uploads\/2024\/11\/logo_sosa_big.png","width":258,"height":260,"caption":"SOSA"},"image":{"@id":"https:\/\/www.sosa.cat\/fr\/#\/schema\/logo\/image\/"},"sameAs":["https:\/\/www.facebook.com\/SosaIngredients\/","https:\/\/www.instagram.com\/sosaingredients\/","https:\/\/www.youtube.com\/SosaIngredients","https:\/\/www.linkedin.com\/company\/sosa-ingredients\/"]}]}},"_links":{"self":[{"href":"https:\/\/www.sosa.cat\/fr\/wp-json\/wp\/v2\/receta\/12580","targetHints":{"allow":["GET"]}}],"collection":[{"href":"https:\/\/www.sosa.cat\/fr\/wp-json\/wp\/v2\/receta"}],"about":[{"href":"https:\/\/www.sosa.cat\/fr\/wp-json\/wp\/v2\/types\/receta"}],"version-history":[{"count":2,"href":"https:\/\/www.sosa.cat\/fr\/wp-json\/wp\/v2\/receta\/12580\/revisions"}],"predecessor-version":[{"id":67465,"href":"https:\/\/www.sosa.cat\/fr\/wp-json\/wp\/v2\/receta\/12580\/revisions\/67465"}],"wp:featuredmedia":[{"embeddable":true,"href":"https:\/\/www.sosa.cat\/fr\/wp-json\/wp\/v2\/media\/8102"}],"wp:attachment":[{"href":"https:\/\/www.sosa.cat\/fr\/wp-json\/wp\/v2\/media?parent=12580"}],"wp:term":[{"taxonomy":"autor-receta","embeddable":true,"href":"https:\/\/www.sosa.cat\/fr\/wp-json\/wp\/v2\/autor-receta?post=12580"},{"taxonomy":"receta-categorias","embeddable":true,"href":"https:\/\/www.sosa.cat\/fr\/wp-json\/wp\/v2\/receta-categorias?post=12580"},{"taxonomy":"especialidad","embeddable":true,"href":"https:\/\/www.sosa.cat\/fr\/wp-json\/wp\/v2\/especialidad?post=12580"},{"taxonomy":"tecnica-y-aplicacion","embeddable":true,"href":"https:\/\/www.sosa.cat\/fr\/wp-json\/wp\/v2\/tecnica-y-aplicacion?post=12580"}],"curies":[{"name":"wp","href":"https:\/\/api.w.org\/{rel}","templated":true}]}}