{"id":68431,"date":"2026-04-27T12:58:25","date_gmt":"2026-04-27T10:58:25","guid":{"rendered":"https:\/\/www.sosa.cat\/recetas\/cake-de-matxa-i-cirera\/"},"modified":"2026-04-27T15:11:21","modified_gmt":"2026-04-27T13:11:21","slug":"cake-de-matxa-i-cirera","status":"publish","type":"receta","link":"https:\/\/www.sosa.cat\/ca\/receptes\/cake-de-matxa-i-cirera\/","title":{"rendered":"Cake de Matxa i Cirera"},"content":{"rendered":"\n<p>Aquest <strong>Cake de Matcha i Cirera<\/strong> representa un dels reptes t\u00e8cnics m\u00e9s interessants en pastisseria: <em>aconseguir que un inserit gelatin\u00f3s<\/em> de fruita mantingui la seva textura durant el fornejat, sense liquar-se ni migrar dins la massa. La soluci\u00f3 resideix a la <a href=\"https:\/\/www.sosa.cat\/ca\/producte\/goma-gellan\/\" type=\"link\" id=\"https:\/\/www.sosa.cat\/producto\/goma-gellan\/\" target=\"_blank\" rel=\"noreferrer noopener\">Goma Gellan,<\/a> un <strong>gelificant termoreversible<\/strong> que permet que la gelatina de cirera i gerd romangui estable fins i tot a temperatures de forn, conservant la seva estructura vibrant al centre del pa de pessic. <\/p>\n\n<div class=\"wp-block-columns is-layout-flex wp-container-core-columns-is-layout-28f84493 wp-block-columns-is-layout-flex\">\n<div class=\"wp-block-column is-layout-flow wp-block-column-is-layout-flow\">\n<h2 class=\"wp-block-heading\">Matxa: m\u00e9s color i car\u00e0cter<\/h2>\n\n\n\n<p>El pa de pessic s&#8217;elabora amb <em>Taste Colour Matcha Green Tea Bio<\/em> , te verd japon\u00e8s que aporta aquest verd caracter\u00edstic i un perfil vegetal equilibrat, sense amargor excessiu. No \u00e9s \u00fanicament un colorant: \u00e9s sabor, aroma i textura integrats a la massa. <\/p>\n\n\n\n<p>La xarxa de xocolata <em>Ivory de Valrhona<\/em> , tenyida amb matxa, refor\u00e7a el verd del pa de pessic. En tallar el cake, el contrast visual \u00e9s contundent: <strong>verd matxa exterior, vermell cirera-gerd interior.<\/strong> No \u00e9s decoraci\u00f3: \u00e9s una arquitectura sensorial on cada capa t\u00e9 prop\u00f2sit t\u00e8cnic i est\u00e8tic. <\/p>\n<\/div>\n\n\n\n<div class=\"wp-block-column is-layout-flow wp-block-column-is-layout-flow\">\n<figure class=\"wp-block-image size-large\"><img fetchpriority=\"high\" decoding=\"async\" width=\"1024\" height=\"1024\" src=\"https:\/\/www.sosa.cat\/wp-content\/uploads\/2026\/04\/cake-matcha-inserto-cereza-1024x1024.png\" alt=\"\" class=\"wp-image-68418\" srcset=\"https:\/\/www.sosa.cat\/wp-content\/uploads\/2026\/04\/cake-matcha-inserto-cereza-1024x1024.png 1024w, https:\/\/www.sosa.cat\/wp-content\/uploads\/2026\/04\/cake-matcha-inserto-cereza-300x300.png 300w, https:\/\/www.sosa.cat\/wp-content\/uploads\/2026\/04\/cake-matcha-inserto-cereza-150x150.png 150w, https:\/\/www.sosa.cat\/wp-content\/uploads\/2026\/04\/cake-matcha-inserto-cereza-768x768.png 768w, https:\/\/www.sosa.cat\/wp-content\/uploads\/2026\/04\/cake-matcha-inserto-cereza.png 1080w\" sizes=\"(max-width: 1024px) 100vw, 1024px\" \/><\/figure>\n<\/div>\n<\/div>\n","protected":false},"featured_media":68419,"template":"","meta":{"_acf_changed":false,"inline_featured_image":false},"autor-receta":[],"receta-categorias":[983],"especialidad":[990],"tecnica-y-aplicacion":[998,989,991],"class_list":["post-68431","receta","type-receta","status-publish","has-post-thumbnail","hentry","receta-categorias-texturitzants","especialidad-pastisseria","tecnica-y-aplicacion-gelatines","tecnica-y-aplicacion-cremes","tecnica-y-aplicacion-pa-de-pessic"],"acf":[],"yoast_head":"<!-- This site is optimized with the Yoast SEO plugin v27.4 - https:\/\/yoast.com\/product\/yoast-seo-wordpress\/ -->\n<title>Cake de Matxa i Cirera - Sosa<\/title>\n<meta name=\"description\" content=\"Un cake de matxa amb tot el color i sabor del nostre matxa &quot;c&quot; bio en pols, amb un inserit de gellan gerds i cirera.\" \/>\n<meta name=\"robots\" content=\"index, follow, max-snippet:-1, max-image-preview:large, max-video-preview:-1\" \/>\n<link rel=\"canonical\" href=\"https:\/\/www.sosa.cat\/ca\/receptes\/cake-de-matxa-i-cirera\/\" \/>\n<meta property=\"og:locale\" content=\"ca_ES\" \/>\n<meta property=\"og:type\" content=\"article\" \/>\n<meta property=\"og:title\" content=\"Cake de Matxa i Cirera - Sosa\" \/>\n<meta property=\"og:description\" content=\"Un cake de matxa amb tot el color i sabor del nostre matxa &quot;c&quot; bio en pols, amb un inserit de gellan gerds i cirera.\" \/>\n<meta property=\"og:url\" content=\"https:\/\/www.sosa.cat\/ca\/receptes\/cake-de-matxa-i-cirera\/\" \/>\n<meta property=\"og:site_name\" content=\"Sosa\" \/>\n<meta property=\"article:publisher\" content=\"https:\/\/www.facebook.com\/SosaIngredients\/\" \/>\n<meta property=\"article:modified_time\" content=\"2026-04-27T13:11:21+00:00\" \/>\n<meta property=\"og:image\" content=\"https:\/\/www.sosa.cat\/wp-content\/uploads\/2026\/04\/cake-matcha-inserto-cereza.png\" \/>\n\t<meta property=\"og:image:width\" content=\"1080\" \/>\n\t<meta property=\"og:image:height\" content=\"1080\" \/>\n\t<meta property=\"og:image:type\" content=\"image\/png\" \/>\n<meta name=\"twitter:card\" content=\"summary_large_image\" \/>\n<meta name=\"twitter:label1\" content=\"Temps estimat de lectura\" \/>\n\t<meta name=\"twitter:data1\" content=\"1 minut\" \/>\n<script type=\"application\/ld+json\" class=\"yoast-schema-graph\">{\"@context\":\"https:\\\/\\\/schema.org\",\"@graph\":[{\"@type\":\"WebPage\",\"@id\":\"https:\\\/\\\/www.sosa.cat\\\/ca\\\/receptes\\\/cake-de-matxa-i-cirera\\\/\",\"url\":\"https:\\\/\\\/www.sosa.cat\\\/ca\\\/receptes\\\/cake-de-matxa-i-cirera\\\/\",\"name\":\"Cake de Matxa i Cirera - Sosa\",\"isPartOf\":{\"@id\":\"https:\\\/\\\/www.sosa.cat\\\/ca\\\/#website\"},\"primaryImageOfPage\":{\"@id\":\"https:\\\/\\\/www.sosa.cat\\\/ca\\\/receptes\\\/cake-de-matxa-i-cirera\\\/#primaryimage\"},\"image\":{\"@id\":\"https:\\\/\\\/www.sosa.cat\\\/ca\\\/receptes\\\/cake-de-matxa-i-cirera\\\/#primaryimage\"},\"thumbnailUrl\":\"https:\\\/\\\/www.sosa.cat\\\/wp-content\\\/uploads\\\/2026\\\/04\\\/cake-matcha-inserto-cereza.png\",\"datePublished\":\"2026-04-27T10:58:25+00:00\",\"dateModified\":\"2026-04-27T13:11:21+00:00\",\"description\":\"Un cake de matxa amb tot el color i sabor del nostre matxa \\\"c\\\" bio en pols, amb un inserit de gellan gerds i cirera.\",\"breadcrumb\":{\"@id\":\"https:\\\/\\\/www.sosa.cat\\\/ca\\\/receptes\\\/cake-de-matxa-i-cirera\\\/#breadcrumb\"},\"inLanguage\":\"ca\",\"potentialAction\":[{\"@type\":\"ReadAction\",\"target\":[\"https:\\\/\\\/www.sosa.cat\\\/ca\\\/receptes\\\/cake-de-matxa-i-cirera\\\/\"]}]},{\"@type\":\"ImageObject\",\"inLanguage\":\"ca\",\"@id\":\"https:\\\/\\\/www.sosa.cat\\\/ca\\\/receptes\\\/cake-de-matxa-i-cirera\\\/#primaryimage\",\"url\":\"https:\\\/\\\/www.sosa.cat\\\/wp-content\\\/uploads\\\/2026\\\/04\\\/cake-matcha-inserto-cereza.png\",\"contentUrl\":\"https:\\\/\\\/www.sosa.cat\\\/wp-content\\\/uploads\\\/2026\\\/04\\\/cake-matcha-inserto-cereza.png\",\"width\":1080,\"height\":1080},{\"@type\":\"BreadcrumbList\",\"@id\":\"https:\\\/\\\/www.sosa.cat\\\/ca\\\/receptes\\\/cake-de-matxa-i-cirera\\\/#breadcrumb\",\"itemListElement\":[{\"@type\":\"ListItem\",\"position\":1,\"name\":\"Inici\",\"item\":\"https:\\\/\\\/www.sosa.cat\\\/ca\\\/inici\\\/\"},{\"@type\":\"ListItem\",\"position\":2,\"name\":\"Receptes\",\"item\":\"https:\\\/\\\/www.sosa.cat\\\/ca\\\/receptes\\\/\"},{\"@type\":\"ListItem\",\"position\":3,\"name\":\"Texturitzants\",\"item\":\"https:\\\/\\\/www.sosa.cat\\\/ca\\\/receta-categorias\\\/texturitzants\\\/\"},{\"@type\":\"ListItem\",\"position\":4,\"name\":\"Cake de Matxa i Cirera\"}]},{\"@type\":\"WebSite\",\"@id\":\"https:\\\/\\\/www.sosa.cat\\\/ca\\\/#website\",\"url\":\"https:\\\/\\\/www.sosa.cat\\\/ca\\\/\",\"name\":\"Sosa Ingredients\",\"description\":\"\",\"publisher\":{\"@id\":\"https:\\\/\\\/www.sosa.cat\\\/ca\\\/#organization\"},\"potentialAction\":[{\"@type\":\"SearchAction\",\"target\":{\"@type\":\"EntryPoint\",\"urlTemplate\":\"https:\\\/\\\/www.sosa.cat\\\/ca\\\/?s={search_term_string}\"},\"query-input\":{\"@type\":\"PropertyValueSpecification\",\"valueRequired\":true,\"valueName\":\"search_term_string\"}}],\"inLanguage\":\"ca\"},{\"@type\":\"Organization\",\"@id\":\"https:\\\/\\\/www.sosa.cat\\\/ca\\\/#organization\",\"name\":\"SOSA\",\"url\":\"https:\\\/\\\/www.sosa.cat\\\/ca\\\/\",\"logo\":{\"@type\":\"ImageObject\",\"inLanguage\":\"ca\",\"@id\":\"https:\\\/\\\/www.sosa.cat\\\/ca\\\/#\\\/schema\\\/logo\\\/image\\\/\",\"url\":\"https:\\\/\\\/www.sosa.cat\\\/wp-content\\\/uploads\\\/2024\\\/11\\\/logo_sosa_big.png\",\"contentUrl\":\"https:\\\/\\\/www.sosa.cat\\\/wp-content\\\/uploads\\\/2024\\\/11\\\/logo_sosa_big.png\",\"width\":258,\"height\":260,\"caption\":\"SOSA\"},\"image\":{\"@id\":\"https:\\\/\\\/www.sosa.cat\\\/ca\\\/#\\\/schema\\\/logo\\\/image\\\/\"},\"sameAs\":[\"https:\\\/\\\/www.facebook.com\\\/SosaIngredients\\\/\",\"https:\\\/\\\/www.instagram.com\\\/sosaingredients\\\/\",\"https:\\\/\\\/www.youtube.com\\\/SosaIngredients\",\"https:\\\/\\\/www.linkedin.com\\\/company\\\/sosa-ingredients\\\/\"]}]}<\/script>\n<!-- \/ Yoast SEO plugin. -->","yoast_head_json":{"title":"Cake de Matxa i Cirera - Sosa","description":"Un cake de matxa amb tot el color i sabor del nostre matxa \"c\" bio en pols, amb un inserit de gellan gerds i cirera.","robots":{"index":"index","follow":"follow","max-snippet":"max-snippet:-1","max-image-preview":"max-image-preview:large","max-video-preview":"max-video-preview:-1"},"canonical":"https:\/\/www.sosa.cat\/ca\/receptes\/cake-de-matxa-i-cirera\/","og_locale":"ca_ES","og_type":"article","og_title":"Cake de Matxa i Cirera - Sosa","og_description":"Un cake de matxa amb tot el color i sabor del nostre matxa \"c\" bio en pols, amb un inserit de gellan gerds i cirera.","og_url":"https:\/\/www.sosa.cat\/ca\/receptes\/cake-de-matxa-i-cirera\/","og_site_name":"Sosa","article_publisher":"https:\/\/www.facebook.com\/SosaIngredients\/","article_modified_time":"2026-04-27T13:11:21+00:00","og_image":[{"width":1080,"height":1080,"url":"https:\/\/www.sosa.cat\/wp-content\/uploads\/2026\/04\/cake-matcha-inserto-cereza.png","type":"image\/png"}],"twitter_card":"summary_large_image","twitter_misc":{"Temps estimat de lectura":"1 minut"},"schema":{"@context":"https:\/\/schema.org","@graph":[{"@type":"WebPage","@id":"https:\/\/www.sosa.cat\/ca\/receptes\/cake-de-matxa-i-cirera\/","url":"https:\/\/www.sosa.cat\/ca\/receptes\/cake-de-matxa-i-cirera\/","name":"Cake de Matxa i Cirera - Sosa","isPartOf":{"@id":"https:\/\/www.sosa.cat\/ca\/#website"},"primaryImageOfPage":{"@id":"https:\/\/www.sosa.cat\/ca\/receptes\/cake-de-matxa-i-cirera\/#primaryimage"},"image":{"@id":"https:\/\/www.sosa.cat\/ca\/receptes\/cake-de-matxa-i-cirera\/#primaryimage"},"thumbnailUrl":"https:\/\/www.sosa.cat\/wp-content\/uploads\/2026\/04\/cake-matcha-inserto-cereza.png","datePublished":"2026-04-27T10:58:25+00:00","dateModified":"2026-04-27T13:11:21+00:00","description":"Un cake de matxa amb tot el color i sabor del nostre matxa \"c\" bio en pols, amb un inserit de gellan gerds i cirera.","breadcrumb":{"@id":"https:\/\/www.sosa.cat\/ca\/receptes\/cake-de-matxa-i-cirera\/#breadcrumb"},"inLanguage":"ca","potentialAction":[{"@type":"ReadAction","target":["https:\/\/www.sosa.cat\/ca\/receptes\/cake-de-matxa-i-cirera\/"]}]},{"@type":"ImageObject","inLanguage":"ca","@id":"https:\/\/www.sosa.cat\/ca\/receptes\/cake-de-matxa-i-cirera\/#primaryimage","url":"https:\/\/www.sosa.cat\/wp-content\/uploads\/2026\/04\/cake-matcha-inserto-cereza.png","contentUrl":"https:\/\/www.sosa.cat\/wp-content\/uploads\/2026\/04\/cake-matcha-inserto-cereza.png","width":1080,"height":1080},{"@type":"BreadcrumbList","@id":"https:\/\/www.sosa.cat\/ca\/receptes\/cake-de-matxa-i-cirera\/#breadcrumb","itemListElement":[{"@type":"ListItem","position":1,"name":"Inici","item":"https:\/\/www.sosa.cat\/ca\/inici\/"},{"@type":"ListItem","position":2,"name":"Receptes","item":"https:\/\/www.sosa.cat\/ca\/receptes\/"},{"@type":"ListItem","position":3,"name":"Texturitzants","item":"https:\/\/www.sosa.cat\/ca\/receta-categorias\/texturitzants\/"},{"@type":"ListItem","position":4,"name":"Cake de Matxa i Cirera"}]},{"@type":"WebSite","@id":"https:\/\/www.sosa.cat\/ca\/#website","url":"https:\/\/www.sosa.cat\/ca\/","name":"Sosa Ingredients","description":"","publisher":{"@id":"https:\/\/www.sosa.cat\/ca\/#organization"},"potentialAction":[{"@type":"SearchAction","target":{"@type":"EntryPoint","urlTemplate":"https:\/\/www.sosa.cat\/ca\/?s={search_term_string}"},"query-input":{"@type":"PropertyValueSpecification","valueRequired":true,"valueName":"search_term_string"}}],"inLanguage":"ca"},{"@type":"Organization","@id":"https:\/\/www.sosa.cat\/ca\/#organization","name":"SOSA","url":"https:\/\/www.sosa.cat\/ca\/","logo":{"@type":"ImageObject","inLanguage":"ca","@id":"https:\/\/www.sosa.cat\/ca\/#\/schema\/logo\/image\/","url":"https:\/\/www.sosa.cat\/wp-content\/uploads\/2024\/11\/logo_sosa_big.png","contentUrl":"https:\/\/www.sosa.cat\/wp-content\/uploads\/2024\/11\/logo_sosa_big.png","width":258,"height":260,"caption":"SOSA"},"image":{"@id":"https:\/\/www.sosa.cat\/ca\/#\/schema\/logo\/image\/"},"sameAs":["https:\/\/www.facebook.com\/SosaIngredients\/","https:\/\/www.instagram.com\/sosaingredients\/","https:\/\/www.youtube.com\/SosaIngredients","https:\/\/www.linkedin.com\/company\/sosa-ingredients\/"]}]}},"_links":{"self":[{"href":"https:\/\/www.sosa.cat\/ca\/wp-json\/wp\/v2\/receta\/68431","targetHints":{"allow":["GET"]}}],"collection":[{"href":"https:\/\/www.sosa.cat\/ca\/wp-json\/wp\/v2\/receta"}],"about":[{"href":"https:\/\/www.sosa.cat\/ca\/wp-json\/wp\/v2\/types\/receta"}],"version-history":[{"count":3,"href":"https:\/\/www.sosa.cat\/ca\/wp-json\/wp\/v2\/receta\/68431\/revisions"}],"predecessor-version":[{"id":68454,"href":"https:\/\/www.sosa.cat\/ca\/wp-json\/wp\/v2\/receta\/68431\/revisions\/68454"}],"wp:featuredmedia":[{"embeddable":true,"href":"https:\/\/www.sosa.cat\/ca\/wp-json\/wp\/v2\/media\/68419"}],"wp:attachment":[{"href":"https:\/\/www.sosa.cat\/ca\/wp-json\/wp\/v2\/media?parent=68431"}],"wp:term":[{"taxonomy":"autor-receta","embeddable":true,"href":"https:\/\/www.sosa.cat\/ca\/wp-json\/wp\/v2\/autor-receta?post=68431"},{"taxonomy":"receta-categorias","embeddable":true,"href":"https:\/\/www.sosa.cat\/ca\/wp-json\/wp\/v2\/receta-categorias?post=68431"},{"taxonomy":"especialidad","embeddable":true,"href":"https:\/\/www.sosa.cat\/ca\/wp-json\/wp\/v2\/especialidad?post=68431"},{"taxonomy":"tecnica-y-aplicacion","embeddable":true,"href":"https:\/\/www.sosa.cat\/ca\/wp-json\/wp\/v2\/tecnica-y-aplicacion?post=68431"}],"curies":[{"name":"wp","href":"https:\/\/api.w.org\/{rel}","templated":true}]}}