{"id":38588,"date":"2024-03-07T08:00:00","date_gmt":"2024-03-07T07:00:00","guid":{"rendered":"https:\/\/www.sosa.cat\/recetas\/gerd-pa-despecies-i-vi-negre\/"},"modified":"2026-04-22T14:26:25","modified_gmt":"2026-04-22T12:26:25","slug":"frambuesa-pan-de-especias-y-vino-tinto","status":"publish","type":"receta","link":"https:\/\/www.sosa.cat\/ca\/receptes\/frambuesa-pan-de-especias-y-vino-tinto\/","title":{"rendered":"Gerd, Pa d&#8217;Esp\u00e8cies i Vi Negre"},"content":{"rendered":"\n<p>La gastronomia \u00e9s un art multisensorial on cada plat \u00e9s una obra mestra \u00fanica que combina sabors, aromes i, en ocasions, ens sorpr\u00e8n amb una dimensi\u00f3 addicional: <strong>la textura.<\/strong><\/p>\n\n<p>En el m\u00f3n culinari contemporani, l&#8217;enfocament en les textures s&#8217;ha convertit en un element fonamental per elevar l&#8217;experi\u00e8ncia gastron\u00f2mica a nivells insospitats. Des de <em>el cruixent fins al crem\u00f3s, l&#8217;esponj\u00f3s fins al gelatin\u00f3s,<\/em> les textures no nom\u00e9s afegeixen complexitat i profunditat a un plat, sin\u00f3 que tamb\u00e9 desperten emocions i records sensorials. <\/p>\n\n<p>En aquest viatge culinari cap a l&#8217;exploraci\u00f3 de les textures, ens submergim en un univers de possibilitats on <strong>ingredients texturitzants <\/strong>es converteixen en eines imprescindibles per als xefs m\u00e9s innovadors. \u00c9s en aquesta recerca de l&#8217;excel\u00b7l\u00e8ncia que ens trobem amb un postre que desafia les convencions i desperta els sentits: el <strong><mark class=\"has-inline-color\" style=\"background-color: rgba(0, 0, 0, 0); color: #00cfab;\">Postre de Gerd, Pa d&#8217;Esp\u00e8cies i Vi Negre.<\/mark><\/strong> <\/p>\n\n<h2 class=\"wp-block-heading\">Gerd al centre de sabors<\/h2>\n\n<p>Aquest exquisit postre combina la frescor i la intensitat de la<strong> gerd <\/strong>amb el subtil aroma del pa d&#8217;esp\u00e8cies i la complexitat del vi negre. Comen\u00e7a amb un bescuit de gerd, suau i esponj\u00f3s, que es rebossa amb gerd liofilitzat en pols per afegir una textura cruixent. Acompanyant el bescuit, una cremosa barreja de pa d&#8217;esp\u00e8cies i macad\u00e0mia afegeix profunditat de sabor, mentre que el sorbet de gerd refresca el paladar amb la seva dol\u00e7or natural i refrescant. Per a un toc final, un aire de vi negre eleva el plat amb la seva eleg\u00e0ncia i sofisticaci\u00f3.  <\/p>\n","protected":false},"featured_media":38589,"template":"","meta":{"_acf_changed":false,"inline_featured_image":false},"autor-receta":[],"receta-categorias":[983,1111],"especialidad":[981,990],"tecnica-y-aplicacion":[984,989,991,994],"class_list":["post-38588","receta","type-receta","status-publish","has-post-thumbnail","hentry","receta-categorias-texturitzants","receta-categorias-liofilitzats-i-crispies","especialidad-gelateria","especialidad-pastisseria","tecnica-y-aplicacion-gelats","tecnica-y-aplicacion-cremes","tecnica-y-aplicacion-pa-de-pessic","tecnica-y-aplicacion-escumes"],"acf":[],"yoast_head":"<!-- This site is optimized with the Yoast SEO plugin v27.4 - https:\/\/yoast.com\/product\/yoast-seo-wordpress\/ -->\n<title>Gerd, Pa d&#039;Esp\u00e8cies i Vi Negre - Sosa<\/title>\n<meta name=\"description\" content=\"Aquest exquisit postre combina la frescor i la intensitat del gerd amb el subtil aroma del pa d&#039;esp\u00e8cies i la complexitat del vi negre.\" \/>\n<meta name=\"robots\" content=\"index, follow, max-snippet:-1, max-image-preview:large, max-video-preview:-1\" \/>\n<link rel=\"canonical\" href=\"https:\/\/www.sosa.cat\/ca\/receptes\/frambuesa-pan-de-especias-y-vino-tinto\/\" \/>\n<meta property=\"og:locale\" content=\"ca_ES\" \/>\n<meta property=\"og:type\" content=\"article\" \/>\n<meta property=\"og:title\" content=\"Gerd, Pa d&#039;Esp\u00e8cies i Vi Negre - Sosa\" \/>\n<meta property=\"og:description\" content=\"Aquest exquisit postre combina la frescor i la intensitat del gerd amb el subtil aroma del pa d&#039;esp\u00e8cies i la complexitat del vi negre.\" \/>\n<meta property=\"og:url\" content=\"https:\/\/www.sosa.cat\/ca\/receptes\/frambuesa-pan-de-especias-y-vino-tinto\/\" \/>\n<meta property=\"og:site_name\" content=\"Sosa\" \/>\n<meta property=\"article:publisher\" content=\"https:\/\/www.facebook.com\/SosaIngredients\/\" \/>\n<meta property=\"article:modified_time\" content=\"2026-04-22T12:26:25+00:00\" \/>\n<meta property=\"og:image\" content=\"https:\/\/www.sosa.cat\/wp-content\/uploads\/2025\/01\/frambuesa-aire-especies-sosa.png\" \/>\n\t<meta property=\"og:image:width\" content=\"600\" \/>\n\t<meta property=\"og:image:height\" content=\"600\" \/>\n\t<meta property=\"og:image:type\" content=\"image\/png\" \/>\n<meta name=\"twitter:card\" content=\"summary_large_image\" \/>\n<meta name=\"twitter:label1\" content=\"Temps estimat de lectura\" \/>\n\t<meta name=\"twitter:data1\" content=\"1 minut\" \/>\n<script type=\"application\/ld+json\" class=\"yoast-schema-graph\">{\"@context\":\"https:\\\/\\\/schema.org\",\"@graph\":[{\"@type\":\"WebPage\",\"@id\":\"https:\\\/\\\/www.sosa.cat\\\/ca\\\/receptes\\\/frambuesa-pan-de-especias-y-vino-tinto\\\/\",\"url\":\"https:\\\/\\\/www.sosa.cat\\\/ca\\\/receptes\\\/frambuesa-pan-de-especias-y-vino-tinto\\\/\",\"name\":\"Gerd, Pa d'Esp\u00e8cies i Vi Negre - Sosa\",\"isPartOf\":{\"@id\":\"https:\\\/\\\/www.sosa.cat\\\/ca\\\/#website\"},\"primaryImageOfPage\":{\"@id\":\"https:\\\/\\\/www.sosa.cat\\\/ca\\\/receptes\\\/frambuesa-pan-de-especias-y-vino-tinto\\\/#primaryimage\"},\"image\":{\"@id\":\"https:\\\/\\\/www.sosa.cat\\\/ca\\\/receptes\\\/frambuesa-pan-de-especias-y-vino-tinto\\\/#primaryimage\"},\"thumbnailUrl\":\"https:\\\/\\\/www.sosa.cat\\\/wp-content\\\/uploads\\\/2025\\\/01\\\/frambuesa-aire-especies-sosa.png\",\"datePublished\":\"2024-03-07T07:00:00+00:00\",\"dateModified\":\"2026-04-22T12:26:25+00:00\",\"description\":\"Aquest exquisit postre combina la frescor i la intensitat del gerd amb el subtil aroma del pa d'esp\u00e8cies i la complexitat del vi negre.\",\"breadcrumb\":{\"@id\":\"https:\\\/\\\/www.sosa.cat\\\/ca\\\/receptes\\\/frambuesa-pan-de-especias-y-vino-tinto\\\/#breadcrumb\"},\"inLanguage\":\"ca\",\"potentialAction\":[{\"@type\":\"ReadAction\",\"target\":[\"https:\\\/\\\/www.sosa.cat\\\/ca\\\/receptes\\\/frambuesa-pan-de-especias-y-vino-tinto\\\/\"]}]},{\"@type\":\"ImageObject\",\"inLanguage\":\"ca\",\"@id\":\"https:\\\/\\\/www.sosa.cat\\\/ca\\\/receptes\\\/frambuesa-pan-de-especias-y-vino-tinto\\\/#primaryimage\",\"url\":\"https:\\\/\\\/www.sosa.cat\\\/wp-content\\\/uploads\\\/2025\\\/01\\\/frambuesa-aire-especies-sosa.png\",\"contentUrl\":\"https:\\\/\\\/www.sosa.cat\\\/wp-content\\\/uploads\\\/2025\\\/01\\\/frambuesa-aire-especies-sosa.png\",\"width\":600,\"height\":600},{\"@type\":\"BreadcrumbList\",\"@id\":\"https:\\\/\\\/www.sosa.cat\\\/ca\\\/receptes\\\/frambuesa-pan-de-especias-y-vino-tinto\\\/#breadcrumb\",\"itemListElement\":[{\"@type\":\"ListItem\",\"position\":1,\"name\":\"Inici\",\"item\":\"https:\\\/\\\/www.sosa.cat\\\/ca\\\/inici\\\/\"},{\"@type\":\"ListItem\",\"position\":2,\"name\":\"Receptes\",\"item\":\"https:\\\/\\\/www.sosa.cat\\\/ca\\\/receptes\\\/\"},{\"@type\":\"ListItem\",\"position\":3,\"name\":\"Texturitzants\",\"item\":\"https:\\\/\\\/www.sosa.cat\\\/ca\\\/receta-categorias\\\/texturitzants\\\/\"},{\"@type\":\"ListItem\",\"position\":4,\"name\":\"Gerd, Pa d&#8217;Esp\u00e8cies i Vi Negre\"}]},{\"@type\":\"WebSite\",\"@id\":\"https:\\\/\\\/www.sosa.cat\\\/ca\\\/#website\",\"url\":\"https:\\\/\\\/www.sosa.cat\\\/ca\\\/\",\"name\":\"Sosa Ingredients\",\"description\":\"\",\"publisher\":{\"@id\":\"https:\\\/\\\/www.sosa.cat\\\/ca\\\/#organization\"},\"potentialAction\":[{\"@type\":\"SearchAction\",\"target\":{\"@type\":\"EntryPoint\",\"urlTemplate\":\"https:\\\/\\\/www.sosa.cat\\\/ca\\\/?s={search_term_string}\"},\"query-input\":{\"@type\":\"PropertyValueSpecification\",\"valueRequired\":true,\"valueName\":\"search_term_string\"}}],\"inLanguage\":\"ca\"},{\"@type\":\"Organization\",\"@id\":\"https:\\\/\\\/www.sosa.cat\\\/ca\\\/#organization\",\"name\":\"SOSA\",\"url\":\"https:\\\/\\\/www.sosa.cat\\\/ca\\\/\",\"logo\":{\"@type\":\"ImageObject\",\"inLanguage\":\"ca\",\"@id\":\"https:\\\/\\\/www.sosa.cat\\\/ca\\\/#\\\/schema\\\/logo\\\/image\\\/\",\"url\":\"https:\\\/\\\/www.sosa.cat\\\/wp-content\\\/uploads\\\/2024\\\/11\\\/logo_sosa_big.png\",\"contentUrl\":\"https:\\\/\\\/www.sosa.cat\\\/wp-content\\\/uploads\\\/2024\\\/11\\\/logo_sosa_big.png\",\"width\":258,\"height\":260,\"caption\":\"SOSA\"},\"image\":{\"@id\":\"https:\\\/\\\/www.sosa.cat\\\/ca\\\/#\\\/schema\\\/logo\\\/image\\\/\"},\"sameAs\":[\"https:\\\/\\\/www.facebook.com\\\/SosaIngredients\\\/\",\"https:\\\/\\\/www.instagram.com\\\/sosaingredients\\\/\",\"https:\\\/\\\/www.youtube.com\\\/SosaIngredients\",\"https:\\\/\\\/www.linkedin.com\\\/company\\\/sosa-ingredients\\\/\"]}]}<\/script>\n<!-- \/ Yoast SEO plugin. -->","yoast_head_json":{"title":"Gerd, Pa d'Esp\u00e8cies i Vi Negre - Sosa","description":"Aquest exquisit postre combina la frescor i la intensitat del gerd amb el subtil aroma del pa d'esp\u00e8cies i la complexitat del vi negre.","robots":{"index":"index","follow":"follow","max-snippet":"max-snippet:-1","max-image-preview":"max-image-preview:large","max-video-preview":"max-video-preview:-1"},"canonical":"https:\/\/www.sosa.cat\/ca\/receptes\/frambuesa-pan-de-especias-y-vino-tinto\/","og_locale":"ca_ES","og_type":"article","og_title":"Gerd, Pa d'Esp\u00e8cies i Vi Negre - Sosa","og_description":"Aquest exquisit postre combina la frescor i la intensitat del gerd amb el subtil aroma del pa d'esp\u00e8cies i la complexitat del vi negre.","og_url":"https:\/\/www.sosa.cat\/ca\/receptes\/frambuesa-pan-de-especias-y-vino-tinto\/","og_site_name":"Sosa","article_publisher":"https:\/\/www.facebook.com\/SosaIngredients\/","article_modified_time":"2026-04-22T12:26:25+00:00","og_image":[{"width":600,"height":600,"url":"https:\/\/www.sosa.cat\/wp-content\/uploads\/2025\/01\/frambuesa-aire-especies-sosa.png","type":"image\/png"}],"twitter_card":"summary_large_image","twitter_misc":{"Temps estimat de lectura":"1 minut"},"schema":{"@context":"https:\/\/schema.org","@graph":[{"@type":"WebPage","@id":"https:\/\/www.sosa.cat\/ca\/receptes\/frambuesa-pan-de-especias-y-vino-tinto\/","url":"https:\/\/www.sosa.cat\/ca\/receptes\/frambuesa-pan-de-especias-y-vino-tinto\/","name":"Gerd, Pa d'Esp\u00e8cies i Vi Negre - Sosa","isPartOf":{"@id":"https:\/\/www.sosa.cat\/ca\/#website"},"primaryImageOfPage":{"@id":"https:\/\/www.sosa.cat\/ca\/receptes\/frambuesa-pan-de-especias-y-vino-tinto\/#primaryimage"},"image":{"@id":"https:\/\/www.sosa.cat\/ca\/receptes\/frambuesa-pan-de-especias-y-vino-tinto\/#primaryimage"},"thumbnailUrl":"https:\/\/www.sosa.cat\/wp-content\/uploads\/2025\/01\/frambuesa-aire-especies-sosa.png","datePublished":"2024-03-07T07:00:00+00:00","dateModified":"2026-04-22T12:26:25+00:00","description":"Aquest exquisit postre combina la frescor i la intensitat del gerd amb el subtil aroma del pa d'esp\u00e8cies i la complexitat del vi negre.","breadcrumb":{"@id":"https:\/\/www.sosa.cat\/ca\/receptes\/frambuesa-pan-de-especias-y-vino-tinto\/#breadcrumb"},"inLanguage":"ca","potentialAction":[{"@type":"ReadAction","target":["https:\/\/www.sosa.cat\/ca\/receptes\/frambuesa-pan-de-especias-y-vino-tinto\/"]}]},{"@type":"ImageObject","inLanguage":"ca","@id":"https:\/\/www.sosa.cat\/ca\/receptes\/frambuesa-pan-de-especias-y-vino-tinto\/#primaryimage","url":"https:\/\/www.sosa.cat\/wp-content\/uploads\/2025\/01\/frambuesa-aire-especies-sosa.png","contentUrl":"https:\/\/www.sosa.cat\/wp-content\/uploads\/2025\/01\/frambuesa-aire-especies-sosa.png","width":600,"height":600},{"@type":"BreadcrumbList","@id":"https:\/\/www.sosa.cat\/ca\/receptes\/frambuesa-pan-de-especias-y-vino-tinto\/#breadcrumb","itemListElement":[{"@type":"ListItem","position":1,"name":"Inici","item":"https:\/\/www.sosa.cat\/ca\/inici\/"},{"@type":"ListItem","position":2,"name":"Receptes","item":"https:\/\/www.sosa.cat\/ca\/receptes\/"},{"@type":"ListItem","position":3,"name":"Texturitzants","item":"https:\/\/www.sosa.cat\/ca\/receta-categorias\/texturitzants\/"},{"@type":"ListItem","position":4,"name":"Gerd, Pa d&#8217;Esp\u00e8cies i Vi Negre"}]},{"@type":"WebSite","@id":"https:\/\/www.sosa.cat\/ca\/#website","url":"https:\/\/www.sosa.cat\/ca\/","name":"Sosa Ingredients","description":"","publisher":{"@id":"https:\/\/www.sosa.cat\/ca\/#organization"},"potentialAction":[{"@type":"SearchAction","target":{"@type":"EntryPoint","urlTemplate":"https:\/\/www.sosa.cat\/ca\/?s={search_term_string}"},"query-input":{"@type":"PropertyValueSpecification","valueRequired":true,"valueName":"search_term_string"}}],"inLanguage":"ca"},{"@type":"Organization","@id":"https:\/\/www.sosa.cat\/ca\/#organization","name":"SOSA","url":"https:\/\/www.sosa.cat\/ca\/","logo":{"@type":"ImageObject","inLanguage":"ca","@id":"https:\/\/www.sosa.cat\/ca\/#\/schema\/logo\/image\/","url":"https:\/\/www.sosa.cat\/wp-content\/uploads\/2024\/11\/logo_sosa_big.png","contentUrl":"https:\/\/www.sosa.cat\/wp-content\/uploads\/2024\/11\/logo_sosa_big.png","width":258,"height":260,"caption":"SOSA"},"image":{"@id":"https:\/\/www.sosa.cat\/ca\/#\/schema\/logo\/image\/"},"sameAs":["https:\/\/www.facebook.com\/SosaIngredients\/","https:\/\/www.instagram.com\/sosaingredients\/","https:\/\/www.youtube.com\/SosaIngredients","https:\/\/www.linkedin.com\/company\/sosa-ingredients\/"]}]}},"_links":{"self":[{"href":"https:\/\/www.sosa.cat\/ca\/wp-json\/wp\/v2\/receta\/38588","targetHints":{"allow":["GET"]}}],"collection":[{"href":"https:\/\/www.sosa.cat\/ca\/wp-json\/wp\/v2\/receta"}],"about":[{"href":"https:\/\/www.sosa.cat\/ca\/wp-json\/wp\/v2\/types\/receta"}],"version-history":[{"count":1,"href":"https:\/\/www.sosa.cat\/ca\/wp-json\/wp\/v2\/receta\/38588\/revisions"}],"predecessor-version":[{"id":67446,"href":"https:\/\/www.sosa.cat\/ca\/wp-json\/wp\/v2\/receta\/38588\/revisions\/67446"}],"wp:featuredmedia":[{"embeddable":true,"href":"https:\/\/www.sosa.cat\/ca\/wp-json\/wp\/v2\/media\/38589"}],"wp:attachment":[{"href":"https:\/\/www.sosa.cat\/ca\/wp-json\/wp\/v2\/media?parent=38588"}],"wp:term":[{"taxonomy":"autor-receta","embeddable":true,"href":"https:\/\/www.sosa.cat\/ca\/wp-json\/wp\/v2\/autor-receta?post=38588"},{"taxonomy":"receta-categorias","embeddable":true,"href":"https:\/\/www.sosa.cat\/ca\/wp-json\/wp\/v2\/receta-categorias?post=38588"},{"taxonomy":"especialidad","embeddable":true,"href":"https:\/\/www.sosa.cat\/ca\/wp-json\/wp\/v2\/especialidad?post=38588"},{"taxonomy":"tecnica-y-aplicacion","embeddable":true,"href":"https:\/\/www.sosa.cat\/ca\/wp-json\/wp\/v2\/tecnica-y-aplicacion?post=38588"}],"curies":[{"name":"wp","href":"https:\/\/api.w.org\/{rel}","templated":true}]}}