{"id":38567,"date":"2024-09-23T05:00:00","date_gmt":"2024-09-23T03:00:00","guid":{"rendered":"https:\/\/www.sosa.cat\/recetas\/substitut-vegetal-de-la-mantega-versio-dura\/"},"modified":"2026-04-22T14:33:12","modified_gmt":"2026-04-22T12:33:12","slug":"sustituto-vegetal-de-la-mantequilla","status":"publish","type":"receta","link":"https:\/\/www.sosa.cat\/ca\/receptes\/sustituto-vegetal-de-la-mantequilla\/","title":{"rendered":"Substitut Vegetal de la Mantega &#8211; versi\u00f3 dura"},"content":{"rendered":"\n<p>En el m\u00f3n de la pastisseria, la innovaci\u00f3 \u00e9s essencial per satisfer les creixents demandes dels consumidors, especialment aquells que busquen alternatives als productes lactis a causa d&#8217;intoler\u00e0ncies o prefer\u00e8ncies diet\u00e8tiques. <strong>La pastisseria vegetal<\/strong> s&#8217;est\u00e0 convertint en una tend\u00e8ncia en auge, oferint opcions delicioses i accessibles per a tothom. Avui et presentem la nostra recepta de <strong>Mantega Vegetal,<\/strong> una alternativa perfecta per a aquells que volen gaudir de la rebosteria sense comprometre el sabor ni la textura. <\/p>\n\n<p>Aquesta recepta incorpora dos texturitzants excepcionals: <strong>Natur Emul i Sojawhip,<\/strong> que garanteixen una emulsi\u00f3 perfecta i una consist\u00e8ncia cremosa, ideal per a qualsevol creaci\u00f3 pastissera.<\/p>\n\n<h2 class=\"wp-block-heading\">Mantega vegetal versi\u00f3 dura<\/h2>\n\n<p>A m\u00e9s de la <strong><a href=\"https:\/\/www.sosa.cat\/ca\/receptes\/mantequilla-vegetal\/\" target=\"_blank\" rel=\"noreferrer noopener\">versi\u00f3 tova,<\/a><\/strong> oferim la Mantega Vegetal en la seva versi\u00f3 dura, dissenyada per a aplicacions que requereixen m\u00e9s fermesa i estabilitat. Aquesta variant \u00e9s ideal per a receptes que necessiten una estructura m\u00e9s s\u00f2lida, com <strong>masses laminades<\/strong> o farciments que han de mantenir la seva forma. La mantega vegetal versi\u00f3 dura conserva el gust i la textura de la versi\u00f3 tova, mentre proporciona la resist\u00e8ncia necess\u00e0ria per a t\u00e8cniques de pastisseria m\u00e9s exigents. Amb aquesta opci\u00f3, podeu ampliar encara m\u00e9s els vostres horitzons culinaris, experimentant amb receptes que requereixen precisi\u00f3 i control sense comprometre la qualitat ni el gust.<\/p>\n","protected":false},"featured_media":38568,"template":"","meta":{"_acf_changed":false,"inline_featured_image":false},"autor-receta":[],"receta-categorias":[983],"especialidad":[982,990],"tecnica-y-aplicacion":[],"class_list":["post-38567","receta","type-receta","status-publish","has-post-thumbnail","hentry","receta-categorias-texturitzants","especialidad-restauracio","especialidad-pastisseria"],"acf":[],"yoast_head":"<!-- This site is optimized with the Yoast SEO plugin v27.4 - https:\/\/yoast.com\/product\/yoast-seo-wordpress\/ -->\n<title>Substitut Vegetal de la Mantega - versi\u00f3 dura - Sosa<\/title>\n<meta name=\"description\" content=\"Oferim la Mantega Vegetal en la seva versi\u00f3 dura, dissenyada per a aplicacions que requereixen m\u00e9s fermesa i estabilitat.\" \/>\n<meta name=\"robots\" content=\"index, follow, max-snippet:-1, max-image-preview:large, max-video-preview:-1\" \/>\n<link rel=\"canonical\" href=\"https:\/\/www.sosa.cat\/ca\/receptes\/sustituto-vegetal-de-la-mantequilla\/\" \/>\n<meta property=\"og:locale\" content=\"ca_ES\" \/>\n<meta property=\"og:type\" content=\"article\" \/>\n<meta property=\"og:title\" content=\"Substitut Vegetal de la Mantega - versi\u00f3 dura - Sosa\" \/>\n<meta property=\"og:description\" content=\"Oferim la Mantega Vegetal en la seva versi\u00f3 dura, dissenyada per a aplicacions que requereixen m\u00e9s fermesa i estabilitat.\" \/>\n<meta property=\"og:url\" content=\"https:\/\/www.sosa.cat\/ca\/receptes\/sustituto-vegetal-de-la-mantequilla\/\" \/>\n<meta property=\"og:site_name\" content=\"Sosa\" \/>\n<meta property=\"article:publisher\" content=\"https:\/\/www.facebook.com\/SosaIngredients\/\" \/>\n<meta property=\"article:modified_time\" content=\"2026-04-22T12:33:12+00:00\" \/>\n<meta property=\"og:image\" content=\"https:\/\/www.sosa.cat\/wp-content\/uploads\/2021\/09\/mantequilla-vegetal-dura-sosa.png\" \/>\n\t<meta property=\"og:image:width\" content=\"1080\" \/>\n\t<meta property=\"og:image:height\" content=\"1080\" \/>\n\t<meta property=\"og:image:type\" content=\"image\/png\" \/>\n<meta name=\"twitter:card\" content=\"summary_large_image\" \/>\n<meta name=\"twitter:label1\" content=\"Temps estimat de lectura\" \/>\n\t<meta name=\"twitter:data1\" content=\"1 minut\" \/>\n<script type=\"application\/ld+json\" class=\"yoast-schema-graph\">{\"@context\":\"https:\\\/\\\/schema.org\",\"@graph\":[{\"@type\":\"WebPage\",\"@id\":\"https:\\\/\\\/www.sosa.cat\\\/ca\\\/receptes\\\/sustituto-vegetal-de-la-mantequilla\\\/\",\"url\":\"https:\\\/\\\/www.sosa.cat\\\/ca\\\/receptes\\\/sustituto-vegetal-de-la-mantequilla\\\/\",\"name\":\"Substitut Vegetal de la Mantega - versi\u00f3 dura - Sosa\",\"isPartOf\":{\"@id\":\"https:\\\/\\\/www.sosa.cat\\\/ca\\\/#website\"},\"primaryImageOfPage\":{\"@id\":\"https:\\\/\\\/www.sosa.cat\\\/ca\\\/receptes\\\/sustituto-vegetal-de-la-mantequilla\\\/#primaryimage\"},\"image\":{\"@id\":\"https:\\\/\\\/www.sosa.cat\\\/ca\\\/receptes\\\/sustituto-vegetal-de-la-mantequilla\\\/#primaryimage\"},\"thumbnailUrl\":\"https:\\\/\\\/www.sosa.cat\\\/wp-content\\\/uploads\\\/2021\\\/09\\\/mantequilla-vegetal-dura-sosa.png\",\"datePublished\":\"2024-09-23T03:00:00+00:00\",\"dateModified\":\"2026-04-22T12:33:12+00:00\",\"description\":\"Oferim la Mantega Vegetal en la seva versi\u00f3 dura, dissenyada per a aplicacions que requereixen m\u00e9s fermesa i estabilitat.\",\"breadcrumb\":{\"@id\":\"https:\\\/\\\/www.sosa.cat\\\/ca\\\/receptes\\\/sustituto-vegetal-de-la-mantequilla\\\/#breadcrumb\"},\"inLanguage\":\"ca\",\"potentialAction\":[{\"@type\":\"ReadAction\",\"target\":[\"https:\\\/\\\/www.sosa.cat\\\/ca\\\/receptes\\\/sustituto-vegetal-de-la-mantequilla\\\/\"]}]},{\"@type\":\"ImageObject\",\"inLanguage\":\"ca\",\"@id\":\"https:\\\/\\\/www.sosa.cat\\\/ca\\\/receptes\\\/sustituto-vegetal-de-la-mantequilla\\\/#primaryimage\",\"url\":\"https:\\\/\\\/www.sosa.cat\\\/wp-content\\\/uploads\\\/2021\\\/09\\\/mantequilla-vegetal-dura-sosa.png\",\"contentUrl\":\"https:\\\/\\\/www.sosa.cat\\\/wp-content\\\/uploads\\\/2021\\\/09\\\/mantequilla-vegetal-dura-sosa.png\",\"width\":1080,\"height\":1080},{\"@type\":\"BreadcrumbList\",\"@id\":\"https:\\\/\\\/www.sosa.cat\\\/ca\\\/receptes\\\/sustituto-vegetal-de-la-mantequilla\\\/#breadcrumb\",\"itemListElement\":[{\"@type\":\"ListItem\",\"position\":1,\"name\":\"Inici\",\"item\":\"https:\\\/\\\/www.sosa.cat\\\/ca\\\/inici\\\/\"},{\"@type\":\"ListItem\",\"position\":2,\"name\":\"Receptes\",\"item\":\"https:\\\/\\\/www.sosa.cat\\\/ca\\\/receptes\\\/\"},{\"@type\":\"ListItem\",\"position\":3,\"name\":\"Texturitzants\",\"item\":\"https:\\\/\\\/www.sosa.cat\\\/ca\\\/receta-categorias\\\/texturitzants\\\/\"},{\"@type\":\"ListItem\",\"position\":4,\"name\":\"Substitut Vegetal de la Mantega &#8211; versi\u00f3 dura\"}]},{\"@type\":\"WebSite\",\"@id\":\"https:\\\/\\\/www.sosa.cat\\\/ca\\\/#website\",\"url\":\"https:\\\/\\\/www.sosa.cat\\\/ca\\\/\",\"name\":\"Sosa Ingredients\",\"description\":\"\",\"publisher\":{\"@id\":\"https:\\\/\\\/www.sosa.cat\\\/ca\\\/#organization\"},\"potentialAction\":[{\"@type\":\"SearchAction\",\"target\":{\"@type\":\"EntryPoint\",\"urlTemplate\":\"https:\\\/\\\/www.sosa.cat\\\/ca\\\/?s={search_term_string}\"},\"query-input\":{\"@type\":\"PropertyValueSpecification\",\"valueRequired\":true,\"valueName\":\"search_term_string\"}}],\"inLanguage\":\"ca\"},{\"@type\":\"Organization\",\"@id\":\"https:\\\/\\\/www.sosa.cat\\\/ca\\\/#organization\",\"name\":\"SOSA\",\"url\":\"https:\\\/\\\/www.sosa.cat\\\/ca\\\/\",\"logo\":{\"@type\":\"ImageObject\",\"inLanguage\":\"ca\",\"@id\":\"https:\\\/\\\/www.sosa.cat\\\/ca\\\/#\\\/schema\\\/logo\\\/image\\\/\",\"url\":\"https:\\\/\\\/www.sosa.cat\\\/wp-content\\\/uploads\\\/2024\\\/11\\\/logo_sosa_big.png\",\"contentUrl\":\"https:\\\/\\\/www.sosa.cat\\\/wp-content\\\/uploads\\\/2024\\\/11\\\/logo_sosa_big.png\",\"width\":258,\"height\":260,\"caption\":\"SOSA\"},\"image\":{\"@id\":\"https:\\\/\\\/www.sosa.cat\\\/ca\\\/#\\\/schema\\\/logo\\\/image\\\/\"},\"sameAs\":[\"https:\\\/\\\/www.facebook.com\\\/SosaIngredients\\\/\",\"https:\\\/\\\/www.instagram.com\\\/sosaingredients\\\/\",\"https:\\\/\\\/www.youtube.com\\\/SosaIngredients\",\"https:\\\/\\\/www.linkedin.com\\\/company\\\/sosa-ingredients\\\/\"]}]}<\/script>\n<!-- \/ Yoast SEO plugin. -->","yoast_head_json":{"title":"Substitut Vegetal de la Mantega - versi\u00f3 dura - Sosa","description":"Oferim la Mantega Vegetal en la seva versi\u00f3 dura, dissenyada per a aplicacions que requereixen m\u00e9s fermesa i estabilitat.","robots":{"index":"index","follow":"follow","max-snippet":"max-snippet:-1","max-image-preview":"max-image-preview:large","max-video-preview":"max-video-preview:-1"},"canonical":"https:\/\/www.sosa.cat\/ca\/receptes\/sustituto-vegetal-de-la-mantequilla\/","og_locale":"ca_ES","og_type":"article","og_title":"Substitut Vegetal de la Mantega - versi\u00f3 dura - Sosa","og_description":"Oferim la Mantega Vegetal en la seva versi\u00f3 dura, dissenyada per a aplicacions que requereixen m\u00e9s fermesa i estabilitat.","og_url":"https:\/\/www.sosa.cat\/ca\/receptes\/sustituto-vegetal-de-la-mantequilla\/","og_site_name":"Sosa","article_publisher":"https:\/\/www.facebook.com\/SosaIngredients\/","article_modified_time":"2026-04-22T12:33:12+00:00","og_image":[{"width":1080,"height":1080,"url":"https:\/\/www.sosa.cat\/wp-content\/uploads\/2021\/09\/mantequilla-vegetal-dura-sosa.png","type":"image\/png"}],"twitter_card":"summary_large_image","twitter_misc":{"Temps estimat de lectura":"1 minut"},"schema":{"@context":"https:\/\/schema.org","@graph":[{"@type":"WebPage","@id":"https:\/\/www.sosa.cat\/ca\/receptes\/sustituto-vegetal-de-la-mantequilla\/","url":"https:\/\/www.sosa.cat\/ca\/receptes\/sustituto-vegetal-de-la-mantequilla\/","name":"Substitut Vegetal de la Mantega - versi\u00f3 dura - Sosa","isPartOf":{"@id":"https:\/\/www.sosa.cat\/ca\/#website"},"primaryImageOfPage":{"@id":"https:\/\/www.sosa.cat\/ca\/receptes\/sustituto-vegetal-de-la-mantequilla\/#primaryimage"},"image":{"@id":"https:\/\/www.sosa.cat\/ca\/receptes\/sustituto-vegetal-de-la-mantequilla\/#primaryimage"},"thumbnailUrl":"https:\/\/www.sosa.cat\/wp-content\/uploads\/2021\/09\/mantequilla-vegetal-dura-sosa.png","datePublished":"2024-09-23T03:00:00+00:00","dateModified":"2026-04-22T12:33:12+00:00","description":"Oferim la Mantega Vegetal en la seva versi\u00f3 dura, dissenyada per a aplicacions que requereixen m\u00e9s fermesa i estabilitat.","breadcrumb":{"@id":"https:\/\/www.sosa.cat\/ca\/receptes\/sustituto-vegetal-de-la-mantequilla\/#breadcrumb"},"inLanguage":"ca","potentialAction":[{"@type":"ReadAction","target":["https:\/\/www.sosa.cat\/ca\/receptes\/sustituto-vegetal-de-la-mantequilla\/"]}]},{"@type":"ImageObject","inLanguage":"ca","@id":"https:\/\/www.sosa.cat\/ca\/receptes\/sustituto-vegetal-de-la-mantequilla\/#primaryimage","url":"https:\/\/www.sosa.cat\/wp-content\/uploads\/2021\/09\/mantequilla-vegetal-dura-sosa.png","contentUrl":"https:\/\/www.sosa.cat\/wp-content\/uploads\/2021\/09\/mantequilla-vegetal-dura-sosa.png","width":1080,"height":1080},{"@type":"BreadcrumbList","@id":"https:\/\/www.sosa.cat\/ca\/receptes\/sustituto-vegetal-de-la-mantequilla\/#breadcrumb","itemListElement":[{"@type":"ListItem","position":1,"name":"Inici","item":"https:\/\/www.sosa.cat\/ca\/inici\/"},{"@type":"ListItem","position":2,"name":"Receptes","item":"https:\/\/www.sosa.cat\/ca\/receptes\/"},{"@type":"ListItem","position":3,"name":"Texturitzants","item":"https:\/\/www.sosa.cat\/ca\/receta-categorias\/texturitzants\/"},{"@type":"ListItem","position":4,"name":"Substitut Vegetal de la Mantega &#8211; versi\u00f3 dura"}]},{"@type":"WebSite","@id":"https:\/\/www.sosa.cat\/ca\/#website","url":"https:\/\/www.sosa.cat\/ca\/","name":"Sosa Ingredients","description":"","publisher":{"@id":"https:\/\/www.sosa.cat\/ca\/#organization"},"potentialAction":[{"@type":"SearchAction","target":{"@type":"EntryPoint","urlTemplate":"https:\/\/www.sosa.cat\/ca\/?s={search_term_string}"},"query-input":{"@type":"PropertyValueSpecification","valueRequired":true,"valueName":"search_term_string"}}],"inLanguage":"ca"},{"@type":"Organization","@id":"https:\/\/www.sosa.cat\/ca\/#organization","name":"SOSA","url":"https:\/\/www.sosa.cat\/ca\/","logo":{"@type":"ImageObject","inLanguage":"ca","@id":"https:\/\/www.sosa.cat\/ca\/#\/schema\/logo\/image\/","url":"https:\/\/www.sosa.cat\/wp-content\/uploads\/2024\/11\/logo_sosa_big.png","contentUrl":"https:\/\/www.sosa.cat\/wp-content\/uploads\/2024\/11\/logo_sosa_big.png","width":258,"height":260,"caption":"SOSA"},"image":{"@id":"https:\/\/www.sosa.cat\/ca\/#\/schema\/logo\/image\/"},"sameAs":["https:\/\/www.facebook.com\/SosaIngredients\/","https:\/\/www.instagram.com\/sosaingredients\/","https:\/\/www.youtube.com\/SosaIngredients","https:\/\/www.linkedin.com\/company\/sosa-ingredients\/"]}]}},"_links":{"self":[{"href":"https:\/\/www.sosa.cat\/ca\/wp-json\/wp\/v2\/receta\/38567","targetHints":{"allow":["GET"]}}],"collection":[{"href":"https:\/\/www.sosa.cat\/ca\/wp-json\/wp\/v2\/receta"}],"about":[{"href":"https:\/\/www.sosa.cat\/ca\/wp-json\/wp\/v2\/types\/receta"}],"version-history":[{"count":3,"href":"https:\/\/www.sosa.cat\/ca\/wp-json\/wp\/v2\/receta\/38567\/revisions"}],"predecessor-version":[{"id":68162,"href":"https:\/\/www.sosa.cat\/ca\/wp-json\/wp\/v2\/receta\/38567\/revisions\/68162"}],"wp:featuredmedia":[{"embeddable":true,"href":"https:\/\/www.sosa.cat\/ca\/wp-json\/wp\/v2\/media\/38568"}],"wp:attachment":[{"href":"https:\/\/www.sosa.cat\/ca\/wp-json\/wp\/v2\/media?parent=38567"}],"wp:term":[{"taxonomy":"autor-receta","embeddable":true,"href":"https:\/\/www.sosa.cat\/ca\/wp-json\/wp\/v2\/autor-receta?post=38567"},{"taxonomy":"receta-categorias","embeddable":true,"href":"https:\/\/www.sosa.cat\/ca\/wp-json\/wp\/v2\/receta-categorias?post=38567"},{"taxonomy":"especialidad","embeddable":true,"href":"https:\/\/www.sosa.cat\/ca\/wp-json\/wp\/v2\/especialidad?post=38567"},{"taxonomy":"tecnica-y-aplicacion","embeddable":true,"href":"https:\/\/www.sosa.cat\/ca\/wp-json\/wp\/v2\/tecnica-y-aplicacion?post=38567"}],"curies":[{"name":"wp","href":"https:\/\/api.w.org\/{rel}","templated":true}]}}