{"id":38532,"date":"2024-04-18T08:00:00","date_gmt":"2024-04-18T06:00:00","guid":{"rendered":"https:\/\/www.sosa.cat\/recetas\/ganache-muntada-dopalys-pera-i-vainilla\/"},"modified":"2026-04-22T14:27:13","modified_gmt":"2026-04-22T12:27:13","slug":"ganache-montada-pera-vainilla","status":"publish","type":"receta","link":"https:\/\/www.sosa.cat\/ca\/receptes\/ganache-montada-pera-vainilla\/","title":{"rendered":"Ganache Muntada d&#8217;Opalys, Pera i Vainilla"},"content":{"rendered":"\n<p><br\/>Dins de l&#8217;alta pastisseria, assolir un equilibri harmoni\u00f3s entre sabors i sucres \u00e9s fonamental per elevar una creaci\u00f3 a l&#8217;excel\u00b7l\u00e8ncia. A la nostra recepta <strong>\u201cGanache muntada d&#8217;Opalys, Pera i Vainilla\u201d,<\/strong> cada element s&#8217;ha seleccionat meticulosament per contribuir a aquesta simfonia de sabors equilibrats.  La ganache muntada d&#8217;Opalys, amb la seva suavitat cremosa i delicat sabor a xocolata blanca, es fusiona amb la dol\u00e7or subtil de la pera i la profunditat arom\u00e0tica de la vainilla, creant una experi\u00e8ncia gustativa sublim.<\/p>\n\n<p>En la recerca d&#8217;ingredients de qualitat que realcin la nostra creaci\u00f3, hem optat per la <strong><a href=\"https:\/\/www.norohy.es\/productos-derivados-de-la-vainilla\/pasta-de-vainas-de-vainilla-2\/\" target=\"_blank\" rel=\"noreferrer noopener\">Pasta de Vainilla de Norohy,<\/a><\/strong> la puresa i intensitat arom\u00e0tica de la qual realcen cada nota de vainilla en les nostres postres. A m\u00e9s, els Pralin\u00e9s de Pecan, elaborats amb l&#8217;exquisida <strong>Nou pecan de Sosa,<\/strong> aporten una textura cruixent i un sabor torrat que complementa perfectament la suavitat del ganache i la frescor del gel de pera.<\/p>\n\n<p>Per mantenir l&#8217;equilibri entre dol\u00e7or i sabor, hem utilitzat el <strong><a href=\"https:\/\/www.adamance.es\/productos\/pera-williams-verde\/\" target=\"_blank\" rel=\"noreferrer noopener\">Pure de pera Adamance<\/a><\/strong> en l&#8217;elaboraci\u00f3 del gel de pera, assegurant aix\u00ed un resultat pur i aut\u00e8ntic, sense la necessitat d&#8217;afegir quantitats excessives de sucre. A m\u00e9s, en seleccionar <strong><mark class=\"has-inline-color\" style=\"background-color: rgba(0, 0, 0, 0); color: #00cfab;\">texturitzants<\/mark><\/strong> adequats, <strong>podem potenciar els sabors sense augmentar la quantitat de sucre,<\/strong> permetent que cada ingredient brilli amb la seva pr\u00f2pia ess\u00e8ncia.<\/p>\n\n<p>En aquesta recepta avan\u00e7ada, cada component s&#8217;integra amb precisi\u00f3 per crear una experi\u00e8ncia gastron\u00f2mica que delecta els sentits i ressalta la import\u00e0ncia de mantenir un equilibri perfecte entre sabors i sucres.<\/p>\n","protected":false},"featured_media":38533,"template":"","meta":{"_acf_changed":false,"inline_featured_image":false},"autor-receta":[],"receta-categorias":[983,1000],"especialidad":[990],"tecnica-y-aplicacion":[989,991],"class_list":["post-38532","receta","type-receta","status-publish","has-post-thumbnail","hentry","receta-categorias-texturitzants","receta-categorias-confitats","especialidad-pastisseria","tecnica-y-aplicacion-cremes","tecnica-y-aplicacion-pa-de-pessic"],"acf":[],"yoast_head":"<!-- This site is optimized with the Yoast SEO plugin v27.4 - https:\/\/yoast.com\/product\/yoast-seo-wordpress\/ -->\n<title>Ganache Muntada d&#039;Opalys, Pera i Vainilla - Sosa<\/title>\n<meta name=\"description\" content=\"A la nostra recepta \u201cGanache muntada d&#039;Opalys, Pera i Vainilla\u201d, cada element s&#039;ha seleccionat meticulosament per contribuir a aquesta simfonia de sabors equilibrats.\" \/>\n<meta name=\"robots\" content=\"index, follow, max-snippet:-1, max-image-preview:large, max-video-preview:-1\" \/>\n<link rel=\"canonical\" href=\"https:\/\/www.sosa.cat\/ca\/receptes\/ganache-montada-pera-vainilla\/\" \/>\n<meta property=\"og:locale\" content=\"ca_ES\" \/>\n<meta property=\"og:type\" content=\"article\" \/>\n<meta property=\"og:title\" content=\"Ganache Muntada d&#039;Opalys, Pera i Vainilla - Sosa\" \/>\n<meta property=\"og:description\" content=\"A la nostra recepta \u201cGanache muntada d&#039;Opalys, Pera i Vainilla\u201d, cada element s&#039;ha seleccionat meticulosament per contribuir a aquesta simfonia de sabors equilibrats.\" \/>\n<meta property=\"og:url\" content=\"https:\/\/www.sosa.cat\/ca\/receptes\/ganache-montada-pera-vainilla\/\" \/>\n<meta property=\"og:site_name\" content=\"Sosa\" \/>\n<meta property=\"article:publisher\" content=\"https:\/\/www.facebook.com\/SosaIngredients\/\" \/>\n<meta property=\"article:modified_time\" content=\"2026-04-22T12:27:13+00:00\" \/>\n<meta property=\"og:image\" content=\"https:\/\/www.sosa.cat\/wp-content\/uploads\/2025\/01\/Ganache-montada-opalys-pera-vainilla-sosa.png\" \/>\n\t<meta property=\"og:image:width\" content=\"600\" \/>\n\t<meta property=\"og:image:height\" content=\"600\" \/>\n\t<meta property=\"og:image:type\" content=\"image\/png\" \/>\n<meta name=\"twitter:card\" content=\"summary_large_image\" \/>\n<meta name=\"twitter:label1\" content=\"Temps estimat de lectura\" \/>\n\t<meta name=\"twitter:data1\" content=\"1 minut\" \/>\n<script type=\"application\/ld+json\" class=\"yoast-schema-graph\">{\"@context\":\"https:\\\/\\\/schema.org\",\"@graph\":[{\"@type\":\"WebPage\",\"@id\":\"https:\\\/\\\/www.sosa.cat\\\/ca\\\/receptes\\\/ganache-montada-pera-vainilla\\\/\",\"url\":\"https:\\\/\\\/www.sosa.cat\\\/ca\\\/receptes\\\/ganache-montada-pera-vainilla\\\/\",\"name\":\"Ganache Muntada d'Opalys, Pera i Vainilla - Sosa\",\"isPartOf\":{\"@id\":\"https:\\\/\\\/www.sosa.cat\\\/ca\\\/#website\"},\"primaryImageOfPage\":{\"@id\":\"https:\\\/\\\/www.sosa.cat\\\/ca\\\/receptes\\\/ganache-montada-pera-vainilla\\\/#primaryimage\"},\"image\":{\"@id\":\"https:\\\/\\\/www.sosa.cat\\\/ca\\\/receptes\\\/ganache-montada-pera-vainilla\\\/#primaryimage\"},\"thumbnailUrl\":\"https:\\\/\\\/www.sosa.cat\\\/wp-content\\\/uploads\\\/2025\\\/01\\\/Ganache-montada-opalys-pera-vainilla-sosa.png\",\"datePublished\":\"2024-04-18T06:00:00+00:00\",\"dateModified\":\"2026-04-22T12:27:13+00:00\",\"description\":\"A la nostra recepta \u201cGanache muntada d'Opalys, Pera i Vainilla\u201d, cada element s'ha seleccionat meticulosament per contribuir a aquesta simfonia de sabors equilibrats.\",\"breadcrumb\":{\"@id\":\"https:\\\/\\\/www.sosa.cat\\\/ca\\\/receptes\\\/ganache-montada-pera-vainilla\\\/#breadcrumb\"},\"inLanguage\":\"ca\",\"potentialAction\":[{\"@type\":\"ReadAction\",\"target\":[\"https:\\\/\\\/www.sosa.cat\\\/ca\\\/receptes\\\/ganache-montada-pera-vainilla\\\/\"]}]},{\"@type\":\"ImageObject\",\"inLanguage\":\"ca\",\"@id\":\"https:\\\/\\\/www.sosa.cat\\\/ca\\\/receptes\\\/ganache-montada-pera-vainilla\\\/#primaryimage\",\"url\":\"https:\\\/\\\/www.sosa.cat\\\/wp-content\\\/uploads\\\/2025\\\/01\\\/Ganache-montada-opalys-pera-vainilla-sosa.png\",\"contentUrl\":\"https:\\\/\\\/www.sosa.cat\\\/wp-content\\\/uploads\\\/2025\\\/01\\\/Ganache-montada-opalys-pera-vainilla-sosa.png\",\"width\":600,\"height\":600},{\"@type\":\"BreadcrumbList\",\"@id\":\"https:\\\/\\\/www.sosa.cat\\\/ca\\\/receptes\\\/ganache-montada-pera-vainilla\\\/#breadcrumb\",\"itemListElement\":[{\"@type\":\"ListItem\",\"position\":1,\"name\":\"Inici\",\"item\":\"https:\\\/\\\/www.sosa.cat\\\/ca\\\/inici\\\/\"},{\"@type\":\"ListItem\",\"position\":2,\"name\":\"Receptes\",\"item\":\"https:\\\/\\\/www.sosa.cat\\\/ca\\\/receptes\\\/\"},{\"@type\":\"ListItem\",\"position\":3,\"name\":\"Texturitzants\",\"item\":\"https:\\\/\\\/www.sosa.cat\\\/ca\\\/receta-categorias\\\/texturitzants\\\/\"},{\"@type\":\"ListItem\",\"position\":4,\"name\":\"Ganache Muntada d&#8217;Opalys, Pera i Vainilla\"}]},{\"@type\":\"WebSite\",\"@id\":\"https:\\\/\\\/www.sosa.cat\\\/ca\\\/#website\",\"url\":\"https:\\\/\\\/www.sosa.cat\\\/ca\\\/\",\"name\":\"Sosa Ingredients\",\"description\":\"\",\"publisher\":{\"@id\":\"https:\\\/\\\/www.sosa.cat\\\/ca\\\/#organization\"},\"potentialAction\":[{\"@type\":\"SearchAction\",\"target\":{\"@type\":\"EntryPoint\",\"urlTemplate\":\"https:\\\/\\\/www.sosa.cat\\\/ca\\\/?s={search_term_string}\"},\"query-input\":{\"@type\":\"PropertyValueSpecification\",\"valueRequired\":true,\"valueName\":\"search_term_string\"}}],\"inLanguage\":\"ca\"},{\"@type\":\"Organization\",\"@id\":\"https:\\\/\\\/www.sosa.cat\\\/ca\\\/#organization\",\"name\":\"SOSA\",\"url\":\"https:\\\/\\\/www.sosa.cat\\\/ca\\\/\",\"logo\":{\"@type\":\"ImageObject\",\"inLanguage\":\"ca\",\"@id\":\"https:\\\/\\\/www.sosa.cat\\\/ca\\\/#\\\/schema\\\/logo\\\/image\\\/\",\"url\":\"https:\\\/\\\/www.sosa.cat\\\/wp-content\\\/uploads\\\/2024\\\/11\\\/logo_sosa_big.png\",\"contentUrl\":\"https:\\\/\\\/www.sosa.cat\\\/wp-content\\\/uploads\\\/2024\\\/11\\\/logo_sosa_big.png\",\"width\":258,\"height\":260,\"caption\":\"SOSA\"},\"image\":{\"@id\":\"https:\\\/\\\/www.sosa.cat\\\/ca\\\/#\\\/schema\\\/logo\\\/image\\\/\"},\"sameAs\":[\"https:\\\/\\\/www.facebook.com\\\/SosaIngredients\\\/\",\"https:\\\/\\\/www.instagram.com\\\/sosaingredients\\\/\",\"https:\\\/\\\/www.youtube.com\\\/SosaIngredients\",\"https:\\\/\\\/www.linkedin.com\\\/company\\\/sosa-ingredients\\\/\"]}]}<\/script>\n<!-- \/ Yoast SEO plugin. -->","yoast_head_json":{"title":"Ganache Muntada d'Opalys, Pera i Vainilla - Sosa","description":"A la nostra recepta \u201cGanache muntada d'Opalys, Pera i Vainilla\u201d, cada element s'ha seleccionat meticulosament per contribuir a aquesta simfonia de sabors equilibrats.","robots":{"index":"index","follow":"follow","max-snippet":"max-snippet:-1","max-image-preview":"max-image-preview:large","max-video-preview":"max-video-preview:-1"},"canonical":"https:\/\/www.sosa.cat\/ca\/receptes\/ganache-montada-pera-vainilla\/","og_locale":"ca_ES","og_type":"article","og_title":"Ganache Muntada d'Opalys, Pera i Vainilla - Sosa","og_description":"A la nostra recepta \u201cGanache muntada d'Opalys, Pera i Vainilla\u201d, cada element s'ha seleccionat meticulosament per contribuir a aquesta simfonia de sabors equilibrats.","og_url":"https:\/\/www.sosa.cat\/ca\/receptes\/ganache-montada-pera-vainilla\/","og_site_name":"Sosa","article_publisher":"https:\/\/www.facebook.com\/SosaIngredients\/","article_modified_time":"2026-04-22T12:27:13+00:00","og_image":[{"width":600,"height":600,"url":"https:\/\/www.sosa.cat\/wp-content\/uploads\/2025\/01\/Ganache-montada-opalys-pera-vainilla-sosa.png","type":"image\/png"}],"twitter_card":"summary_large_image","twitter_misc":{"Temps estimat de lectura":"1 minut"},"schema":{"@context":"https:\/\/schema.org","@graph":[{"@type":"WebPage","@id":"https:\/\/www.sosa.cat\/ca\/receptes\/ganache-montada-pera-vainilla\/","url":"https:\/\/www.sosa.cat\/ca\/receptes\/ganache-montada-pera-vainilla\/","name":"Ganache Muntada d'Opalys, Pera i Vainilla - Sosa","isPartOf":{"@id":"https:\/\/www.sosa.cat\/ca\/#website"},"primaryImageOfPage":{"@id":"https:\/\/www.sosa.cat\/ca\/receptes\/ganache-montada-pera-vainilla\/#primaryimage"},"image":{"@id":"https:\/\/www.sosa.cat\/ca\/receptes\/ganache-montada-pera-vainilla\/#primaryimage"},"thumbnailUrl":"https:\/\/www.sosa.cat\/wp-content\/uploads\/2025\/01\/Ganache-montada-opalys-pera-vainilla-sosa.png","datePublished":"2024-04-18T06:00:00+00:00","dateModified":"2026-04-22T12:27:13+00:00","description":"A la nostra recepta \u201cGanache muntada d'Opalys, Pera i Vainilla\u201d, cada element s'ha seleccionat meticulosament per contribuir a aquesta simfonia de sabors equilibrats.","breadcrumb":{"@id":"https:\/\/www.sosa.cat\/ca\/receptes\/ganache-montada-pera-vainilla\/#breadcrumb"},"inLanguage":"ca","potentialAction":[{"@type":"ReadAction","target":["https:\/\/www.sosa.cat\/ca\/receptes\/ganache-montada-pera-vainilla\/"]}]},{"@type":"ImageObject","inLanguage":"ca","@id":"https:\/\/www.sosa.cat\/ca\/receptes\/ganache-montada-pera-vainilla\/#primaryimage","url":"https:\/\/www.sosa.cat\/wp-content\/uploads\/2025\/01\/Ganache-montada-opalys-pera-vainilla-sosa.png","contentUrl":"https:\/\/www.sosa.cat\/wp-content\/uploads\/2025\/01\/Ganache-montada-opalys-pera-vainilla-sosa.png","width":600,"height":600},{"@type":"BreadcrumbList","@id":"https:\/\/www.sosa.cat\/ca\/receptes\/ganache-montada-pera-vainilla\/#breadcrumb","itemListElement":[{"@type":"ListItem","position":1,"name":"Inici","item":"https:\/\/www.sosa.cat\/ca\/inici\/"},{"@type":"ListItem","position":2,"name":"Receptes","item":"https:\/\/www.sosa.cat\/ca\/receptes\/"},{"@type":"ListItem","position":3,"name":"Texturitzants","item":"https:\/\/www.sosa.cat\/ca\/receta-categorias\/texturitzants\/"},{"@type":"ListItem","position":4,"name":"Ganache Muntada d&#8217;Opalys, Pera i Vainilla"}]},{"@type":"WebSite","@id":"https:\/\/www.sosa.cat\/ca\/#website","url":"https:\/\/www.sosa.cat\/ca\/","name":"Sosa Ingredients","description":"","publisher":{"@id":"https:\/\/www.sosa.cat\/ca\/#organization"},"potentialAction":[{"@type":"SearchAction","target":{"@type":"EntryPoint","urlTemplate":"https:\/\/www.sosa.cat\/ca\/?s={search_term_string}"},"query-input":{"@type":"PropertyValueSpecification","valueRequired":true,"valueName":"search_term_string"}}],"inLanguage":"ca"},{"@type":"Organization","@id":"https:\/\/www.sosa.cat\/ca\/#organization","name":"SOSA","url":"https:\/\/www.sosa.cat\/ca\/","logo":{"@type":"ImageObject","inLanguage":"ca","@id":"https:\/\/www.sosa.cat\/ca\/#\/schema\/logo\/image\/","url":"https:\/\/www.sosa.cat\/wp-content\/uploads\/2024\/11\/logo_sosa_big.png","contentUrl":"https:\/\/www.sosa.cat\/wp-content\/uploads\/2024\/11\/logo_sosa_big.png","width":258,"height":260,"caption":"SOSA"},"image":{"@id":"https:\/\/www.sosa.cat\/ca\/#\/schema\/logo\/image\/"},"sameAs":["https:\/\/www.facebook.com\/SosaIngredients\/","https:\/\/www.instagram.com\/sosaingredients\/","https:\/\/www.youtube.com\/SosaIngredients","https:\/\/www.linkedin.com\/company\/sosa-ingredients\/"]}]}},"_links":{"self":[{"href":"https:\/\/www.sosa.cat\/ca\/wp-json\/wp\/v2\/receta\/38532","targetHints":{"allow":["GET"]}}],"collection":[{"href":"https:\/\/www.sosa.cat\/ca\/wp-json\/wp\/v2\/receta"}],"about":[{"href":"https:\/\/www.sosa.cat\/ca\/wp-json\/wp\/v2\/types\/receta"}],"version-history":[{"count":1,"href":"https:\/\/www.sosa.cat\/ca\/wp-json\/wp\/v2\/receta\/38532\/revisions"}],"predecessor-version":[{"id":67433,"href":"https:\/\/www.sosa.cat\/ca\/wp-json\/wp\/v2\/receta\/38532\/revisions\/67433"}],"wp:featuredmedia":[{"embeddable":true,"href":"https:\/\/www.sosa.cat\/ca\/wp-json\/wp\/v2\/media\/38533"}],"wp:attachment":[{"href":"https:\/\/www.sosa.cat\/ca\/wp-json\/wp\/v2\/media?parent=38532"}],"wp:term":[{"taxonomy":"autor-receta","embeddable":true,"href":"https:\/\/www.sosa.cat\/ca\/wp-json\/wp\/v2\/autor-receta?post=38532"},{"taxonomy":"receta-categorias","embeddable":true,"href":"https:\/\/www.sosa.cat\/ca\/wp-json\/wp\/v2\/receta-categorias?post=38532"},{"taxonomy":"especialidad","embeddable":true,"href":"https:\/\/www.sosa.cat\/ca\/wp-json\/wp\/v2\/especialidad?post=38532"},{"taxonomy":"tecnica-y-aplicacion","embeddable":true,"href":"https:\/\/www.sosa.cat\/ca\/wp-json\/wp\/v2\/tecnica-y-aplicacion?post=38532"}],"curies":[{"name":"wp","href":"https:\/\/api.w.org\/{rel}","templated":true}]}}